{"id":10777,"date":"2025-06-29T22:51:35","date_gmt":"2025-06-29T20:51:35","guid":{"rendered":"https:\/\/www.orpheus-magazin.de\/?page_id=10777"},"modified":"2025-06-30T17:23:50","modified_gmt":"2025-06-30T15:23:50","slug":"rezensionen-04-2025","status":"publish","type":"page","link":"https:\/\/www.orpheus-magazin.de\/de\/rezensionen-04-2025\/","title":{"rendered":"Rezensionen 04\/2025"},"content":{"rendered":"<p class=\"has-text-align-center\">Eine Auswahl an Premierenkritiken, einige davon nur hier online.<br>Zus\u00e4tzlich finden Sie 29 weitere Rezensionen exklusiv in unserer <a href=\"https:\/\/www.orpheus-magazin.de\/de\/ausgabe-04-2025\/\">Printausgabe Juli\/August 2025<\/a>.<\/p>\n\n\n\n<div style=\"height:50px\" aria-hidden=\"true\" class=\"wp-block-spacer\"><\/div>\n\n\n<ul class=\"wp-block-latest-posts__list wp-block-latest-posts\"><li><div class=\"wp-block-latest-posts__featured-image alignleft\"><a href=\"https:\/\/www.orpheus-magazin.de\/de\/2025\/06\/24\/wiesbaden-die-schoepfung\/\" aria-label=\"Das gro\u00dfe Krabbeln\"><img fetchpriority=\"high\" decoding=\"async\" width=\"300\" height=\"169\" src=\"https:\/\/www.orpheus-magazin.de\/wp-content\/uploads\/2025\/06\/FSG_Staatstheater-Wiesbaden_Die-Schoepfung-c-EikeWalkenhorst-300x169.jpg\" class=\"attachment-medium size-medium wp-post-image\" alt=\"Schau mal, was da krabbelt: Insekten im Komposthaufen (Foto Eike Walkenhorst)\" style=\"\" srcset=\"https:\/\/www.orpheus-magazin.de\/wp-content\/uploads\/2025\/06\/FSG_Staatstheater-Wiesbaden_Die-Schoepfung-c-EikeWalkenhorst-300x169.jpg 300w, https:\/\/www.orpheus-magazin.de\/wp-content\/uploads\/2025\/06\/FSG_Staatstheater-Wiesbaden_Die-Schoepfung-c-EikeWalkenhorst-1024x577.jpg 1024w, https:\/\/www.orpheus-magazin.de\/wp-content\/uploads\/2025\/06\/FSG_Staatstheater-Wiesbaden_Die-Schoepfung-c-EikeWalkenhorst-768x433.jpg 768w, https:\/\/www.orpheus-magazin.de\/wp-content\/uploads\/2025\/06\/FSG_Staatstheater-Wiesbaden_Die-Schoepfung-c-EikeWalkenhorst-500x282.jpg 500w, https:\/\/www.orpheus-magazin.de\/wp-content\/uploads\/2025\/06\/FSG_Staatstheater-Wiesbaden_Die-Schoepfung-c-EikeWalkenhorst-800x451.jpg 800w, https:\/\/www.orpheus-magazin.de\/wp-content\/uploads\/2025\/06\/FSG_Staatstheater-Wiesbaden_Die-Schoepfung-c-EikeWalkenhorst-1280x721.jpg 1280w, https:\/\/www.orpheus-magazin.de\/wp-content\/uploads\/2025\/06\/FSG_Staatstheater-Wiesbaden_Die-Schoepfung-c-EikeWalkenhorst-870x490.jpg 870w, https:\/\/www.orpheus-magazin.de\/wp-content\/uploads\/2025\/06\/FSG_Staatstheater-Wiesbaden_Die-Schoepfung-c-EikeWalkenhorst-600x338.jpg 600w, https:\/\/www.orpheus-magazin.de\/wp-content\/uploads\/2025\/06\/FSG_Staatstheater-Wiesbaden_Die-Schoepfung-c-EikeWalkenhorst.jpg 1500w\" sizes=\"(max-width: 300px) 100vw, 300px\" loading=\"eager\" \/><\/a><\/div><a class=\"wp-block-latest-posts__post-title\" href=\"https:\/\/www.orpheus-magazin.de\/de\/2025\/06\/24\/wiesbaden-die-schoepfung\/\">Das gro\u00dfe Krabbeln<\/a><div class=\"wp-block-latest-posts__post-excerpt\"><span class=\"location\"> Wiesbaden \/ Staatstheater Wiesbaden (Juni 2025)<\/span><\/br> Haydns \u201eSch\u00f6pfung\u201c wird kompostiert<\/div><\/li>\n<li><div class=\"wp-block-latest-posts__featured-image alignleft\"><a href=\"https:\/\/www.orpheus-magazin.de\/de\/2025\/06\/23\/graz-das-verwunschene-glueck\/\" aria-label=\"Ambition und Illusion\"><img decoding=\"async\" width=\"300\" height=\"169\" src=\"https:\/\/www.orpheus-magazin.de\/wp-content\/uploads\/2025\/06\/FSG_Graz_Das-verwunschene-Glueck-c-Nikola-Milatovic-300x169.jpg\" class=\"attachment-medium size-medium wp-post-image\" alt=\"Kunterbunte Wiederbelebung (Foto Nikola Milatovic)\" style=\"\" srcset=\"https:\/\/www.orpheus-magazin.de\/wp-content\/uploads\/2025\/06\/FSG_Graz_Das-verwunschene-Glueck-c-Nikola-Milatovic-300x169.jpg 300w, https:\/\/www.orpheus-magazin.de\/wp-content\/uploads\/2025\/06\/FSG_Graz_Das-verwunschene-Glueck-c-Nikola-Milatovic-1024x576.jpg 1024w, https:\/\/www.orpheus-magazin.de\/wp-content\/uploads\/2025\/06\/FSG_Graz_Das-verwunschene-Glueck-c-Nikola-Milatovic-768x432.jpg 768w, https:\/\/www.orpheus-magazin.de\/wp-content\/uploads\/2025\/06\/FSG_Graz_Das-verwunschene-Glueck-c-Nikola-Milatovic-500x281.jpg 500w, https:\/\/www.orpheus-magazin.de\/wp-content\/uploads\/2025\/06\/FSG_Graz_Das-verwunschene-Glueck-c-Nikola-Milatovic-800x450.jpg 800w, https:\/\/www.orpheus-magazin.de\/wp-content\/uploads\/2025\/06\/FSG_Graz_Das-verwunschene-Glueck-c-Nikola-Milatovic-1280x720.jpg 1280w, https:\/\/www.orpheus-magazin.de\/wp-content\/uploads\/2025\/06\/FSG_Graz_Das-verwunschene-Glueck-c-Nikola-Milatovic-870x490.jpg 870w, https:\/\/www.orpheus-magazin.de\/wp-content\/uploads\/2025\/06\/FSG_Graz_Das-verwunschene-Glueck-c-Nikola-Milatovic-600x338.jpg 600w, https:\/\/www.orpheus-magazin.de\/wp-content\/uploads\/2025\/06\/FSG_Graz_Das-verwunschene-Glueck-c-Nikola-Milatovic.jpg 1500w\" sizes=\"(max-width: 300px) 100vw, 300px\" loading=\"eager\" \/><\/a><\/div><a class=\"wp-block-latest-posts__post-title\" href=\"https:\/\/www.orpheus-magazin.de\/de\/2025\/06\/23\/graz-das-verwunschene-glueck\/\">Ambition und Illusion<\/a><div class=\"wp-block-latest-posts__post-excerpt\"><span class=\"location\">Graz Styriarte (Juni 2025)<\/span><\/br> Allegorische Wirkmacht, Tanz und Puppen f\u00fcr Draghis \u201eDas verwunschene Gl\u00fcck\u201c<\/div><\/li>\n<li><div class=\"wp-block-latest-posts__featured-image alignleft\"><a href=\"https:\/\/www.orpheus-magazin.de\/de\/2025\/06\/09\/halle-agrippina\/\" aria-label=\"Intrigen in Las Vegas\"><img decoding=\"async\" width=\"300\" height=\"169\" src=\"https:\/\/www.orpheus-magazin.de\/wp-content\/uploads\/2025\/06\/1_FAV_Oper-Halle_Agrippina-c-Matthias-Horn-300x169.jpg\" class=\"attachment-medium size-medium wp-post-image\" alt=\"Freude am R\u00e4nkespiel: Agrippina (Romelia Lichtenstein) und ihr Sohn Nerone (Leandro Marziotte) (Foto Matthias Horn)\" style=\"\" srcset=\"https:\/\/www.orpheus-magazin.de\/wp-content\/uploads\/2025\/06\/1_FAV_Oper-Halle_Agrippina-c-Matthias-Horn-300x169.jpg 300w, https:\/\/www.orpheus-magazin.de\/wp-content\/uploads\/2025\/06\/1_FAV_Oper-Halle_Agrippina-c-Matthias-Horn-1024x576.jpg 1024w, https:\/\/www.orpheus-magazin.de\/wp-content\/uploads\/2025\/06\/1_FAV_Oper-Halle_Agrippina-c-Matthias-Horn-768x432.jpg 768w, https:\/\/www.orpheus-magazin.de\/wp-content\/uploads\/2025\/06\/1_FAV_Oper-Halle_Agrippina-c-Matthias-Horn-500x281.jpg 500w, https:\/\/www.orpheus-magazin.de\/wp-content\/uploads\/2025\/06\/1_FAV_Oper-Halle_Agrippina-c-Matthias-Horn-800x450.jpg 800w, https:\/\/www.orpheus-magazin.de\/wp-content\/uploads\/2025\/06\/1_FAV_Oper-Halle_Agrippina-c-Matthias-Horn-1280x720.jpg 1280w, https:\/\/www.orpheus-magazin.de\/wp-content\/uploads\/2025\/06\/1_FAV_Oper-Halle_Agrippina-c-Matthias-Horn-870x490.jpg 870w, https:\/\/www.orpheus-magazin.de\/wp-content\/uploads\/2025\/06\/1_FAV_Oper-Halle_Agrippina-c-Matthias-Horn-600x338.jpg 600w, https:\/\/www.orpheus-magazin.de\/wp-content\/uploads\/2025\/06\/1_FAV_Oper-Halle_Agrippina-c-Matthias-Horn.jpg 1500w\" sizes=\"(max-width: 300px) 100vw, 300px\" loading=\"eager\" \/><\/a><\/div><a class=\"wp-block-latest-posts__post-title\" href=\"https:\/\/www.orpheus-magazin.de\/de\/2025\/06\/09\/halle-agrippina\/\">Intrigen in Las Vegas<\/a><div class=\"wp-block-latest-posts__post-excerpt\"><span class=\"location\"> Halle\/ H\u00e4ndel-Festspiele und Oper Halle (Juni 2025)<\/span><\/br> H\u00e4ndels \u201eAgrippina\u201c in der Gegenwart <\/div><\/li>\n<li><div class=\"wp-block-latest-posts__featured-image alignleft\"><a href=\"https:\/\/www.orpheus-magazin.de\/de\/2025\/06\/08\/salzburg-hotel-metamorphosis\/\" aria-label=\"Einchecken im Hotel\"><img decoding=\"async\" width=\"300\" height=\"169\" src=\"https:\/\/www.orpheus-magazin.de\/wp-content\/uploads\/2025\/06\/Salzburg_Hotel-Metamorphosis-c-SF_Monika-Rittershaus-300x169.jpg\" class=\"attachment-medium size-medium wp-post-image\" alt=\"Lea Desandre (Echo) und Nadezhda Karyazina (Juno) (Foto SF\/Monika Rittershaus)\" style=\"\" srcset=\"https:\/\/www.orpheus-magazin.de\/wp-content\/uploads\/2025\/06\/Salzburg_Hotel-Metamorphosis-c-SF_Monika-Rittershaus-300x169.jpg 300w, https:\/\/www.orpheus-magazin.de\/wp-content\/uploads\/2025\/06\/Salzburg_Hotel-Metamorphosis-c-SF_Monika-Rittershaus-1024x576.jpg 1024w, https:\/\/www.orpheus-magazin.de\/wp-content\/uploads\/2025\/06\/Salzburg_Hotel-Metamorphosis-c-SF_Monika-Rittershaus-768x432.jpg 768w, https:\/\/www.orpheus-magazin.de\/wp-content\/uploads\/2025\/06\/Salzburg_Hotel-Metamorphosis-c-SF_Monika-Rittershaus-500x281.jpg 500w, https:\/\/www.orpheus-magazin.de\/wp-content\/uploads\/2025\/06\/Salzburg_Hotel-Metamorphosis-c-SF_Monika-Rittershaus-800x450.jpg 800w, https:\/\/www.orpheus-magazin.de\/wp-content\/uploads\/2025\/06\/Salzburg_Hotel-Metamorphosis-c-SF_Monika-Rittershaus-1280x720.jpg 1280w, https:\/\/www.orpheus-magazin.de\/wp-content\/uploads\/2025\/06\/Salzburg_Hotel-Metamorphosis-c-SF_Monika-Rittershaus-870x490.jpg 870w, https:\/\/www.orpheus-magazin.de\/wp-content\/uploads\/2025\/06\/Salzburg_Hotel-Metamorphosis-c-SF_Monika-Rittershaus-600x338.jpg 600w, https:\/\/www.orpheus-magazin.de\/wp-content\/uploads\/2025\/06\/Salzburg_Hotel-Metamorphosis-c-SF_Monika-Rittershaus.jpg 1500w\" sizes=\"(max-width: 300px) 100vw, 300px\" loading=\"eager\" \/><\/a><\/div><a class=\"wp-block-latest-posts__post-title\" href=\"https:\/\/www.orpheus-magazin.de\/de\/2025\/06\/08\/salzburg-hotel-metamorphosis\/\">Einchecken im Hotel<\/a><div class=\"wp-block-latest-posts__post-excerpt\"><span class=\"location\">Salzburg \/ Salzburger Festspiele Pfingsten (Juni 2025)<\/span><\/br> &#8230; mit Vivaldi und Ovid<\/div><\/li>\n<li><div class=\"wp-block-latest-posts__featured-image alignleft\"><a href=\"https:\/\/www.orpheus-magazin.de\/de\/2025\/05\/27\/erl-passionsspiele-erl-2025\/\" aria-label=\"Spiegel der Welt\"><img decoding=\"async\" width=\"300\" height=\"169\" src=\"https:\/\/www.orpheus-magazin.de\/wp-content\/uploads\/2025\/06\/1_FAV_Passionsspielhaus-Erl_Passionsspiele-Erl-c-Xiomara-Bender-300x169.jpg\" class=\"attachment-medium size-medium wp-post-image\" alt=\"Christoph Esterl als Jesus-Darsteller (Foto Xiomara Bender\/Passionsspiele Erl)\" style=\"\" srcset=\"https:\/\/www.orpheus-magazin.de\/wp-content\/uploads\/2025\/06\/1_FAV_Passionsspielhaus-Erl_Passionsspiele-Erl-c-Xiomara-Bender-300x169.jpg 300w, https:\/\/www.orpheus-magazin.de\/wp-content\/uploads\/2025\/06\/1_FAV_Passionsspielhaus-Erl_Passionsspiele-Erl-c-Xiomara-Bender-1024x576.jpg 1024w, https:\/\/www.orpheus-magazin.de\/wp-content\/uploads\/2025\/06\/1_FAV_Passionsspielhaus-Erl_Passionsspiele-Erl-c-Xiomara-Bender-768x432.jpg 768w, https:\/\/www.orpheus-magazin.de\/wp-content\/uploads\/2025\/06\/1_FAV_Passionsspielhaus-Erl_Passionsspiele-Erl-c-Xiomara-Bender-500x281.jpg 500w, https:\/\/www.orpheus-magazin.de\/wp-content\/uploads\/2025\/06\/1_FAV_Passionsspielhaus-Erl_Passionsspiele-Erl-c-Xiomara-Bender-800x450.jpg 800w, https:\/\/www.orpheus-magazin.de\/wp-content\/uploads\/2025\/06\/1_FAV_Passionsspielhaus-Erl_Passionsspiele-Erl-c-Xiomara-Bender-1280x720.jpg 1280w, https:\/\/www.orpheus-magazin.de\/wp-content\/uploads\/2025\/06\/1_FAV_Passionsspielhaus-Erl_Passionsspiele-Erl-c-Xiomara-Bender-870x490.jpg 870w, https:\/\/www.orpheus-magazin.de\/wp-content\/uploads\/2025\/06\/1_FAV_Passionsspielhaus-Erl_Passionsspiele-Erl-c-Xiomara-Bender-600x338.jpg 600w, https:\/\/www.orpheus-magazin.de\/wp-content\/uploads\/2025\/06\/1_FAV_Passionsspielhaus-Erl_Passionsspiele-Erl-c-Xiomara-Bender.jpg 1500w\" sizes=\"(max-width: 300px) 100vw, 300px\" loading=\"eager\" \/><\/a><\/div><a class=\"wp-block-latest-posts__post-title\" href=\"https:\/\/www.orpheus-magazin.de\/de\/2025\/05\/27\/erl-passionsspiele-erl-2025\/\">Spiegel der Welt<\/a><div class=\"wp-block-latest-posts__post-excerpt\"><span class=\"location\">Erl \/ Passionsspiele Erl (Mai 2025)<\/span><\/br> Martin Leutgebs Passionserz\u00e4hlung mit Musik von Christian Kolonovits<\/div><\/li>\n<li><div class=\"wp-block-latest-posts__featured-image alignleft\"><a href=\"https:\/\/www.orpheus-magazin.de\/de\/2025\/05\/26\/erfurt-jim-knopf-und-die-wilde-13\/\" aria-label=\"Auf gro\u00dfer Fahrt zur Erkenntnis\"><img decoding=\"async\" width=\"300\" height=\"169\" src=\"https:\/\/www.orpheus-magazin.de\/wp-content\/uploads\/2025\/06\/2_Theater-Erfurt_Jim-Knopf-und-die-Wilde-13-c-Lutz-Edelhoff-300x169.jpg\" class=\"attachment-medium size-medium wp-post-image\" alt=\"Candela Gotelli (Prinzessin Li Si) und Marlene Ga\u00dfner (Jim) (Foto Lutz Edelhoff)\" style=\"\" srcset=\"https:\/\/www.orpheus-magazin.de\/wp-content\/uploads\/2025\/06\/2_Theater-Erfurt_Jim-Knopf-und-die-Wilde-13-c-Lutz-Edelhoff-300x169.jpg 300w, https:\/\/www.orpheus-magazin.de\/wp-content\/uploads\/2025\/06\/2_Theater-Erfurt_Jim-Knopf-und-die-Wilde-13-c-Lutz-Edelhoff-1024x576.jpg 1024w, https:\/\/www.orpheus-magazin.de\/wp-content\/uploads\/2025\/06\/2_Theater-Erfurt_Jim-Knopf-und-die-Wilde-13-c-Lutz-Edelhoff-768x432.jpg 768w, https:\/\/www.orpheus-magazin.de\/wp-content\/uploads\/2025\/06\/2_Theater-Erfurt_Jim-Knopf-und-die-Wilde-13-c-Lutz-Edelhoff-500x281.jpg 500w, https:\/\/www.orpheus-magazin.de\/wp-content\/uploads\/2025\/06\/2_Theater-Erfurt_Jim-Knopf-und-die-Wilde-13-c-Lutz-Edelhoff-800x450.jpg 800w, https:\/\/www.orpheus-magazin.de\/wp-content\/uploads\/2025\/06\/2_Theater-Erfurt_Jim-Knopf-und-die-Wilde-13-c-Lutz-Edelhoff-1280x720.jpg 1280w, https:\/\/www.orpheus-magazin.de\/wp-content\/uploads\/2025\/06\/2_Theater-Erfurt_Jim-Knopf-und-die-Wilde-13-c-Lutz-Edelhoff-870x490.jpg 870w, https:\/\/www.orpheus-magazin.de\/wp-content\/uploads\/2025\/06\/2_Theater-Erfurt_Jim-Knopf-und-die-Wilde-13-c-Lutz-Edelhoff-600x338.jpg 600w, https:\/\/www.orpheus-magazin.de\/wp-content\/uploads\/2025\/06\/2_Theater-Erfurt_Jim-Knopf-und-die-Wilde-13-c-Lutz-Edelhoff.jpg 1500w\" sizes=\"(max-width: 300px) 100vw, 300px\" loading=\"eager\" \/><\/a><\/div><a class=\"wp-block-latest-posts__post-title\" href=\"https:\/\/www.orpheus-magazin.de\/de\/2025\/05\/26\/erfurt-jim-knopf-und-die-wilde-13\/\">Auf gro\u00dfer Fahrt zur Erkenntnis<\/a><div class=\"wp-block-latest-posts__post-excerpt\"><span class=\"location\">Erfurt \/ Theater Erfurt (Mai 2025)<\/span><\/br> \u201eJim Knopf und die Wilde 13\u201c fantasievoll in Szene gesetzt<\/div><\/li>\n<li><div class=\"wp-block-latest-posts__featured-image alignleft\"><a href=\"https:\/\/www.orpheus-magazin.de\/de\/2025\/05\/19\/augsburg-un-ballo-in-maschera\/\" aria-label=\"Leben und Tod sind Kunst\"><img decoding=\"async\" width=\"300\" height=\"169\" src=\"https:\/\/www.orpheus-magazin.de\/wp-content\/uploads\/2025\/06\/1_FAV_Augsburg_Un-ballo-in-maschera-c-Jan-Pieter-Fuhr-300x169.jpg\" class=\"attachment-medium size-medium wp-post-image\" alt=\"Max Jota als Riccardo mit den Schwingen von Pegasus (Foto Jan-Pieter Fuhr)\" style=\"\" srcset=\"https:\/\/www.orpheus-magazin.de\/wp-content\/uploads\/2025\/06\/1_FAV_Augsburg_Un-ballo-in-maschera-c-Jan-Pieter-Fuhr-300x169.jpg 300w, https:\/\/www.orpheus-magazin.de\/wp-content\/uploads\/2025\/06\/1_FAV_Augsburg_Un-ballo-in-maschera-c-Jan-Pieter-Fuhr-1024x577.jpg 1024w, https:\/\/www.orpheus-magazin.de\/wp-content\/uploads\/2025\/06\/1_FAV_Augsburg_Un-ballo-in-maschera-c-Jan-Pieter-Fuhr-768x433.jpg 768w, https:\/\/www.orpheus-magazin.de\/wp-content\/uploads\/2025\/06\/1_FAV_Augsburg_Un-ballo-in-maschera-c-Jan-Pieter-Fuhr-500x282.jpg 500w, https:\/\/www.orpheus-magazin.de\/wp-content\/uploads\/2025\/06\/1_FAV_Augsburg_Un-ballo-in-maschera-c-Jan-Pieter-Fuhr-800x451.jpg 800w, https:\/\/www.orpheus-magazin.de\/wp-content\/uploads\/2025\/06\/1_FAV_Augsburg_Un-ballo-in-maschera-c-Jan-Pieter-Fuhr-1280x721.jpg 1280w, https:\/\/www.orpheus-magazin.de\/wp-content\/uploads\/2025\/06\/1_FAV_Augsburg_Un-ballo-in-maschera-c-Jan-Pieter-Fuhr-870x490.jpg 870w, https:\/\/www.orpheus-magazin.de\/wp-content\/uploads\/2025\/06\/1_FAV_Augsburg_Un-ballo-in-maschera-c-Jan-Pieter-Fuhr-600x338.jpg 600w, https:\/\/www.orpheus-magazin.de\/wp-content\/uploads\/2025\/06\/1_FAV_Augsburg_Un-ballo-in-maschera-c-Jan-Pieter-Fuhr.jpg 1500w\" sizes=\"(max-width: 300px) 100vw, 300px\" loading=\"eager\" \/><\/a><\/div><a class=\"wp-block-latest-posts__post-title\" href=\"https:\/\/www.orpheus-magazin.de\/de\/2025\/05\/19\/augsburg-un-ballo-in-maschera\/\">Leben und Tod sind Kunst<\/a><div class=\"wp-block-latest-posts__post-excerpt\"><span class=\"location\">Augsburg \/ Staatstheater Augsburg (Mai 2025)<\/span><\/br> Verdis \u201eMaskenball\u201c als verkl\u00e4rende Selbstinszenierung<\/div><\/li>\n<li><div class=\"wp-block-latest-posts__featured-image alignleft\"><a href=\"https:\/\/www.orpheus-magazin.de\/de\/2025\/05\/12\/passau_lulu\/\" aria-label=\"Ende gut, alle tot!\"><img decoding=\"async\" width=\"300\" height=\"169\" src=\"https:\/\/www.orpheus-magazin.de\/wp-content\/uploads\/2025\/06\/17_Landestheater-Niederbayern_Lulu-c-Peter-Litvai-300x169.jpg\" class=\"attachment-medium size-medium wp-post-image\" alt=\"Rettungslos verfallen (Foto Landestheater Niederbayern\/Peter Litvai)\" style=\"\" srcset=\"https:\/\/www.orpheus-magazin.de\/wp-content\/uploads\/2025\/06\/17_Landestheater-Niederbayern_Lulu-c-Peter-Litvai-300x169.jpg 300w, https:\/\/www.orpheus-magazin.de\/wp-content\/uploads\/2025\/06\/17_Landestheater-Niederbayern_Lulu-c-Peter-Litvai-1024x576.jpg 1024w, https:\/\/www.orpheus-magazin.de\/wp-content\/uploads\/2025\/06\/17_Landestheater-Niederbayern_Lulu-c-Peter-Litvai-768x432.jpg 768w, https:\/\/www.orpheus-magazin.de\/wp-content\/uploads\/2025\/06\/17_Landestheater-Niederbayern_Lulu-c-Peter-Litvai-500x281.jpg 500w, https:\/\/www.orpheus-magazin.de\/wp-content\/uploads\/2025\/06\/17_Landestheater-Niederbayern_Lulu-c-Peter-Litvai-800x450.jpg 800w, https:\/\/www.orpheus-magazin.de\/wp-content\/uploads\/2025\/06\/17_Landestheater-Niederbayern_Lulu-c-Peter-Litvai-1280x720.jpg 1280w, https:\/\/www.orpheus-magazin.de\/wp-content\/uploads\/2025\/06\/17_Landestheater-Niederbayern_Lulu-c-Peter-Litvai-870x490.jpg 870w, https:\/\/www.orpheus-magazin.de\/wp-content\/uploads\/2025\/06\/17_Landestheater-Niederbayern_Lulu-c-Peter-Litvai-600x338.jpg 600w, https:\/\/www.orpheus-magazin.de\/wp-content\/uploads\/2025\/06\/17_Landestheater-Niederbayern_Lulu-c-Peter-Litvai.jpg 1500w\" sizes=\"(max-width: 300px) 100vw, 300px\" loading=\"eager\" \/><\/a><\/div><a class=\"wp-block-latest-posts__post-title\" href=\"https:\/\/www.orpheus-magazin.de\/de\/2025\/05\/12\/passau_lulu\/\">Ende gut, alle tot!<\/a><div class=\"wp-block-latest-posts__post-excerpt\"><span class=\"location\"> Passau \/ Landestheater Niederbayern (Mai 2025)<\/span><\/br> Alban Bergs \u201eLulu\u201c als Projektionsfl\u00e4che<\/div><\/li>\n<li><div class=\"wp-block-latest-posts__featured-image alignleft\"><a href=\"https:\/\/www.orpheus-magazin.de\/de\/2025\/05\/07\/london-die-walkuere\/\" aria-label=\"Die Urmutter wacht\"><img decoding=\"async\" width=\"300\" height=\"169\" src=\"https:\/\/www.orpheus-magazin.de\/wp-content\/uploads\/2025\/05\/Royal-Opera-House_Die-Walkuere-c-Monika-Rittershaus-300x169.jpg\" class=\"attachment-medium size-medium wp-post-image\" alt=\"Wotan (Christopher Maltman) w\u00fctet gegen Br\u00fcnnhilde (Elisabet Strid), die Walk\u00fcren-Schwestern k\u00f6nnen nur zusehen (Foto Monika Rittershaus)\" style=\"\" srcset=\"https:\/\/www.orpheus-magazin.de\/wp-content\/uploads\/2025\/05\/Royal-Opera-House_Die-Walkuere-c-Monika-Rittershaus-300x169.jpg 300w, https:\/\/www.orpheus-magazin.de\/wp-content\/uploads\/2025\/05\/Royal-Opera-House_Die-Walkuere-c-Monika-Rittershaus-1024x576.jpg 1024w, https:\/\/www.orpheus-magazin.de\/wp-content\/uploads\/2025\/05\/Royal-Opera-House_Die-Walkuere-c-Monika-Rittershaus-768x432.jpg 768w, https:\/\/www.orpheus-magazin.de\/wp-content\/uploads\/2025\/05\/Royal-Opera-House_Die-Walkuere-c-Monika-Rittershaus-500x281.jpg 500w, https:\/\/www.orpheus-magazin.de\/wp-content\/uploads\/2025\/05\/Royal-Opera-House_Die-Walkuere-c-Monika-Rittershaus-800x450.jpg 800w, https:\/\/www.orpheus-magazin.de\/wp-content\/uploads\/2025\/05\/Royal-Opera-House_Die-Walkuere-c-Monika-Rittershaus-1280x720.jpg 1280w, https:\/\/www.orpheus-magazin.de\/wp-content\/uploads\/2025\/05\/Royal-Opera-House_Die-Walkuere-c-Monika-Rittershaus-870x490.jpg 870w, https:\/\/www.orpheus-magazin.de\/wp-content\/uploads\/2025\/05\/Royal-Opera-House_Die-Walkuere-c-Monika-Rittershaus-600x338.jpg 600w, https:\/\/www.orpheus-magazin.de\/wp-content\/uploads\/2025\/05\/Royal-Opera-House_Die-Walkuere-c-Monika-Rittershaus.jpg 1500w\" sizes=\"(max-width: 300px) 100vw, 300px\" loading=\"eager\" \/><\/a><\/div><a class=\"wp-block-latest-posts__post-title\" href=\"https:\/\/www.orpheus-magazin.de\/de\/2025\/05\/07\/london-die-walkuere\/\">Die Urmutter wacht<\/a><div class=\"wp-block-latest-posts__post-excerpt\"><span class=\"location\">London \/ Royal Opera House (Mai 2025)<\/span><\/br> Barrie Kosky und Antonio Pappano schmieden ihren \u201eRing\u201c weiter<\/div><\/li>\n<li><div class=\"wp-block-latest-posts__featured-image alignleft\"><a href=\"https:\/\/www.orpheus-magazin.de\/de\/2025\/05\/05\/hof-the-brothers\/\" aria-label=\"Urgeschichte und Apokalypse\"><img decoding=\"async\" width=\"300\" height=\"169\" src=\"https:\/\/www.orpheus-magazin.de\/wp-content\/uploads\/2025\/06\/1_FAV_Theater-Hof_Der-juengste-Tag-ist-jetzt-c-Harald-Dietz-300x169.jpg\" class=\"attachment-medium size-medium wp-post-image\" alt=\"Ein Antikriegs-Memorandum ohne die direkte Darstellung von Krieg (Foto H. Dietz Fotografie)\" style=\"\" srcset=\"https:\/\/www.orpheus-magazin.de\/wp-content\/uploads\/2025\/06\/1_FAV_Theater-Hof_Der-juengste-Tag-ist-jetzt-c-Harald-Dietz-300x169.jpg 300w, https:\/\/www.orpheus-magazin.de\/wp-content\/uploads\/2025\/06\/1_FAV_Theater-Hof_Der-juengste-Tag-ist-jetzt-c-Harald-Dietz-1024x577.jpg 1024w, https:\/\/www.orpheus-magazin.de\/wp-content\/uploads\/2025\/06\/1_FAV_Theater-Hof_Der-juengste-Tag-ist-jetzt-c-Harald-Dietz-768x433.jpg 768w, https:\/\/www.orpheus-magazin.de\/wp-content\/uploads\/2025\/06\/1_FAV_Theater-Hof_Der-juengste-Tag-ist-jetzt-c-Harald-Dietz-500x282.jpg 500w, https:\/\/www.orpheus-magazin.de\/wp-content\/uploads\/2025\/06\/1_FAV_Theater-Hof_Der-juengste-Tag-ist-jetzt-c-Harald-Dietz-800x451.jpg 800w, https:\/\/www.orpheus-magazin.de\/wp-content\/uploads\/2025\/06\/1_FAV_Theater-Hof_Der-juengste-Tag-ist-jetzt-c-Harald-Dietz-1280x721.jpg 1280w, https:\/\/www.orpheus-magazin.de\/wp-content\/uploads\/2025\/06\/1_FAV_Theater-Hof_Der-juengste-Tag-ist-jetzt-c-Harald-Dietz-870x490.jpg 870w, https:\/\/www.orpheus-magazin.de\/wp-content\/uploads\/2025\/06\/1_FAV_Theater-Hof_Der-juengste-Tag-ist-jetzt-c-Harald-Dietz-600x338.jpg 600w, https:\/\/www.orpheus-magazin.de\/wp-content\/uploads\/2025\/06\/1_FAV_Theater-Hof_Der-juengste-Tag-ist-jetzt-c-Harald-Dietz.jpg 1500w\" sizes=\"(max-width: 300px) 100vw, 300px\" loading=\"eager\" \/><\/a><\/div><a class=\"wp-block-latest-posts__post-title\" href=\"https:\/\/www.orpheus-magazin.de\/de\/2025\/05\/05\/hof-the-brothers\/\">Urgeschichte und Apokalypse<\/a><div class=\"wp-block-latest-posts__post-excerpt\"><span class=\"location\">Hof \/ Theater Hof (Mai 2025)<\/span><\/br> Auf der Raumb\u00fchne erf\u00fcllen sich private und kollektive Schicksale<\/div><\/li>\n<li><div class=\"wp-block-latest-posts__featured-image alignleft\"><a href=\"https:\/\/www.orpheus-magazin.de\/de\/2025\/05\/05\/wiesbaden-les-pecheurs-du-perles\/\" aria-label=\"Erstarrte Erinnerungen\"><img decoding=\"async\" width=\"300\" height=\"169\" src=\"https:\/\/www.orpheus-magazin.de\/wp-content\/uploads\/2025\/06\/1_FAV_Staatstheater-Wiesbaden_Les-pecheurs-de-perles-c-Elke-Walkenhorst-300x169.jpg\" class=\"attachment-medium size-medium wp-post-image\" alt=\"Sp\u00e4tes Liebesgl\u00fcck auf erstarrter Flut: Marc Laho (Nadir) und Elena Tsallagova (L\u00e9\u00efla) (Bild: Eike Walkenhorst)\" style=\"\" srcset=\"https:\/\/www.orpheus-magazin.de\/wp-content\/uploads\/2025\/06\/1_FAV_Staatstheater-Wiesbaden_Les-pecheurs-de-perles-c-Elke-Walkenhorst-300x169.jpg 300w, https:\/\/www.orpheus-magazin.de\/wp-content\/uploads\/2025\/06\/1_FAV_Staatstheater-Wiesbaden_Les-pecheurs-de-perles-c-Elke-Walkenhorst-1024x577.jpg 1024w, https:\/\/www.orpheus-magazin.de\/wp-content\/uploads\/2025\/06\/1_FAV_Staatstheater-Wiesbaden_Les-pecheurs-de-perles-c-Elke-Walkenhorst-768x433.jpg 768w, https:\/\/www.orpheus-magazin.de\/wp-content\/uploads\/2025\/06\/1_FAV_Staatstheater-Wiesbaden_Les-pecheurs-de-perles-c-Elke-Walkenhorst-500x282.jpg 500w, https:\/\/www.orpheus-magazin.de\/wp-content\/uploads\/2025\/06\/1_FAV_Staatstheater-Wiesbaden_Les-pecheurs-de-perles-c-Elke-Walkenhorst-800x451.jpg 800w, https:\/\/www.orpheus-magazin.de\/wp-content\/uploads\/2025\/06\/1_FAV_Staatstheater-Wiesbaden_Les-pecheurs-de-perles-c-Elke-Walkenhorst-1280x721.jpg 1280w, https:\/\/www.orpheus-magazin.de\/wp-content\/uploads\/2025\/06\/1_FAV_Staatstheater-Wiesbaden_Les-pecheurs-de-perles-c-Elke-Walkenhorst-870x490.jpg 870w, https:\/\/www.orpheus-magazin.de\/wp-content\/uploads\/2025\/06\/1_FAV_Staatstheater-Wiesbaden_Les-pecheurs-de-perles-c-Elke-Walkenhorst-600x338.jpg 600w, https:\/\/www.orpheus-magazin.de\/wp-content\/uploads\/2025\/06\/1_FAV_Staatstheater-Wiesbaden_Les-pecheurs-de-perles-c-Elke-Walkenhorst.jpg 1500w\" sizes=\"(max-width: 300px) 100vw, 300px\" loading=\"eager\" \/><\/a><\/div><a class=\"wp-block-latest-posts__post-title\" href=\"https:\/\/www.orpheus-magazin.de\/de\/2025\/05\/05\/wiesbaden-les-pecheurs-du-perles\/\">Erstarrte Erinnerungen<\/a><div class=\"wp-block-latest-posts__post-excerpt\"><span class=\"location\">Wiesbaden \/ Staatstheater Wiesbaden (Mai 2025)<\/span><\/br> Bizets \u201ePerlenfischer\u201c im Seniorenheim<\/div><\/li>\n<li><div class=\"wp-block-latest-posts__featured-image alignleft\"><a href=\"https:\/\/www.orpheus-magazin.de\/de\/2025\/05\/02\/salzburg-il-mondo-alla-rovescia\/\" aria-label=\"Die Welt steht Kopf\"><img decoding=\"async\" width=\"300\" height=\"169\" src=\"https:\/\/www.orpheus-magazin.de\/wp-content\/uploads\/2025\/06\/21_Salzburger-Landestheater_Il-mondo-alla-rovescia-c-SLT_Tobias-Witzgall-300x169.jpg\" class=\"attachment-medium size-medium wp-post-image\" alt=\"George Humpreys (Il Conte) und Daniele Macciantelli (La Generala) (Foto SLT\/Tobias Witzgall)\" style=\"\" srcset=\"https:\/\/www.orpheus-magazin.de\/wp-content\/uploads\/2025\/06\/21_Salzburger-Landestheater_Il-mondo-alla-rovescia-c-SLT_Tobias-Witzgall-300x169.jpg 300w, https:\/\/www.orpheus-magazin.de\/wp-content\/uploads\/2025\/06\/21_Salzburger-Landestheater_Il-mondo-alla-rovescia-c-SLT_Tobias-Witzgall-1024x577.jpg 1024w, https:\/\/www.orpheus-magazin.de\/wp-content\/uploads\/2025\/06\/21_Salzburger-Landestheater_Il-mondo-alla-rovescia-c-SLT_Tobias-Witzgall-768x433.jpg 768w, https:\/\/www.orpheus-magazin.de\/wp-content\/uploads\/2025\/06\/21_Salzburger-Landestheater_Il-mondo-alla-rovescia-c-SLT_Tobias-Witzgall-500x282.jpg 500w, https:\/\/www.orpheus-magazin.de\/wp-content\/uploads\/2025\/06\/21_Salzburger-Landestheater_Il-mondo-alla-rovescia-c-SLT_Tobias-Witzgall-800x451.jpg 800w, https:\/\/www.orpheus-magazin.de\/wp-content\/uploads\/2025\/06\/21_Salzburger-Landestheater_Il-mondo-alla-rovescia-c-SLT_Tobias-Witzgall-1280x721.jpg 1280w, https:\/\/www.orpheus-magazin.de\/wp-content\/uploads\/2025\/06\/21_Salzburger-Landestheater_Il-mondo-alla-rovescia-c-SLT_Tobias-Witzgall-870x490.jpg 870w, https:\/\/www.orpheus-magazin.de\/wp-content\/uploads\/2025\/06\/21_Salzburger-Landestheater_Il-mondo-alla-rovescia-c-SLT_Tobias-Witzgall-600x338.jpg 600w, https:\/\/www.orpheus-magazin.de\/wp-content\/uploads\/2025\/06\/21_Salzburger-Landestheater_Il-mondo-alla-rovescia-c-SLT_Tobias-Witzgall.jpg 1500w\" sizes=\"(max-width: 300px) 100vw, 300px\" loading=\"eager\" \/><\/a><\/div><a class=\"wp-block-latest-posts__post-title\" href=\"https:\/\/www.orpheus-magazin.de\/de\/2025\/05\/02\/salzburg-il-mondo-alla-rovescia\/\">Die Welt steht Kopf<\/a><div class=\"wp-block-latest-posts__post-excerpt\"><span class=\"location\"> Salzburg \/ Salzburger Landestheater (April 2025)<\/span><\/br> Wiederentdeckung von Antonio Salieris \u201eIl mondo alla rovescia\u201c<\/div><\/li>\n<li><div class=\"wp-block-latest-posts__featured-image alignleft\"><a href=\"https:\/\/www.orpheus-magazin.de\/de\/2025\/04\/29\/berlin-don-giovanni-requiem\/\" aria-label=\"Zwischen Leben und Tod\"><img decoding=\"async\" width=\"300\" height=\"169\" src=\"https:\/\/www.orpheus-magazin.de\/wp-content\/uploads\/2025\/06\/8_Komische-Oper_Don-Giovanni_Requiem-c-Frol-Podlesnyi-300x169.jpg\" class=\"attachment-medium size-medium wp-post-image\" alt=\"Erinnerung oder Vision? (Foto Frol Podlesnyi)\" style=\"\" srcset=\"https:\/\/www.orpheus-magazin.de\/wp-content\/uploads\/2025\/06\/8_Komische-Oper_Don-Giovanni_Requiem-c-Frol-Podlesnyi-300x169.jpg 300w, https:\/\/www.orpheus-magazin.de\/wp-content\/uploads\/2025\/06\/8_Komische-Oper_Don-Giovanni_Requiem-c-Frol-Podlesnyi-1024x577.jpg 1024w, https:\/\/www.orpheus-magazin.de\/wp-content\/uploads\/2025\/06\/8_Komische-Oper_Don-Giovanni_Requiem-c-Frol-Podlesnyi-768x433.jpg 768w, https:\/\/www.orpheus-magazin.de\/wp-content\/uploads\/2025\/06\/8_Komische-Oper_Don-Giovanni_Requiem-c-Frol-Podlesnyi-500x282.jpg 500w, https:\/\/www.orpheus-magazin.de\/wp-content\/uploads\/2025\/06\/8_Komische-Oper_Don-Giovanni_Requiem-c-Frol-Podlesnyi-800x451.jpg 800w, https:\/\/www.orpheus-magazin.de\/wp-content\/uploads\/2025\/06\/8_Komische-Oper_Don-Giovanni_Requiem-c-Frol-Podlesnyi-1280x721.jpg 1280w, https:\/\/www.orpheus-magazin.de\/wp-content\/uploads\/2025\/06\/8_Komische-Oper_Don-Giovanni_Requiem-c-Frol-Podlesnyi-870x490.jpg 870w, https:\/\/www.orpheus-magazin.de\/wp-content\/uploads\/2025\/06\/8_Komische-Oper_Don-Giovanni_Requiem-c-Frol-Podlesnyi-600x338.jpg 600w, https:\/\/www.orpheus-magazin.de\/wp-content\/uploads\/2025\/06\/8_Komische-Oper_Don-Giovanni_Requiem-c-Frol-Podlesnyi.jpg 1500w\" sizes=\"(max-width: 300px) 100vw, 300px\" loading=\"eager\" \/><\/a><\/div><a class=\"wp-block-latest-posts__post-title\" href=\"https:\/\/www.orpheus-magazin.de\/de\/2025\/04\/29\/berlin-don-giovanni-requiem\/\">Zwischen Leben und Tod<\/a><div class=\"wp-block-latest-posts__post-excerpt\"><span class=\"location\"> Berlin \/ Komische Oper Berlin (April 2025)<\/span><\/br> Serebrennikov beschlie\u00dft mit \u201eDon Giovanni\u201c seine Mozart\/Da-Ponte-Trilogie<\/div><\/li>\n<li><div class=\"wp-block-latest-posts__featured-image alignleft\"><a href=\"https:\/\/www.orpheus-magazin.de\/de\/2025\/04\/25\/amsterdam-die-frau-ohne-schatten\/\" aria-label=\"Ohne Ultraschall-Befund\"><img decoding=\"async\" width=\"300\" height=\"169\" src=\"https:\/\/www.orpheus-magazin.de\/wp-content\/uploads\/2025\/06\/26_Nationale-Opera-and-Ballet_Die-Frau-ohne-Schatten-c-Dutch-National-Opera_Ruth-Walz-300x169.jpg\" class=\"attachment-medium size-medium wp-post-image\" alt=\"Bedeutungsschwangerer \u201eScience-Fiction-Thriller\u201c (Foto Dutch National Opera \/ Ruth Walz)\" style=\"\" srcset=\"https:\/\/www.orpheus-magazin.de\/wp-content\/uploads\/2025\/06\/26_Nationale-Opera-and-Ballet_Die-Frau-ohne-Schatten-c-Dutch-National-Opera_Ruth-Walz-300x169.jpg 300w, https:\/\/www.orpheus-magazin.de\/wp-content\/uploads\/2025\/06\/26_Nationale-Opera-and-Ballet_Die-Frau-ohne-Schatten-c-Dutch-National-Opera_Ruth-Walz-1024x577.jpg 1024w, https:\/\/www.orpheus-magazin.de\/wp-content\/uploads\/2025\/06\/26_Nationale-Opera-and-Ballet_Die-Frau-ohne-Schatten-c-Dutch-National-Opera_Ruth-Walz-768x433.jpg 768w, https:\/\/www.orpheus-magazin.de\/wp-content\/uploads\/2025\/06\/26_Nationale-Opera-and-Ballet_Die-Frau-ohne-Schatten-c-Dutch-National-Opera_Ruth-Walz-500x282.jpg 500w, https:\/\/www.orpheus-magazin.de\/wp-content\/uploads\/2025\/06\/26_Nationale-Opera-and-Ballet_Die-Frau-ohne-Schatten-c-Dutch-National-Opera_Ruth-Walz-800x451.jpg 800w, https:\/\/www.orpheus-magazin.de\/wp-content\/uploads\/2025\/06\/26_Nationale-Opera-and-Ballet_Die-Frau-ohne-Schatten-c-Dutch-National-Opera_Ruth-Walz-1280x721.jpg 1280w, https:\/\/www.orpheus-magazin.de\/wp-content\/uploads\/2025\/06\/26_Nationale-Opera-and-Ballet_Die-Frau-ohne-Schatten-c-Dutch-National-Opera_Ruth-Walz-870x490.jpg 870w, https:\/\/www.orpheus-magazin.de\/wp-content\/uploads\/2025\/06\/26_Nationale-Opera-and-Ballet_Die-Frau-ohne-Schatten-c-Dutch-National-Opera_Ruth-Walz-600x338.jpg 600w, https:\/\/www.orpheus-magazin.de\/wp-content\/uploads\/2025\/06\/26_Nationale-Opera-and-Ballet_Die-Frau-ohne-Schatten-c-Dutch-National-Opera_Ruth-Walz.jpg 1500w\" sizes=\"(max-width: 300px) 100vw, 300px\" loading=\"eager\" \/><\/a><\/div><a class=\"wp-block-latest-posts__post-title\" href=\"https:\/\/www.orpheus-magazin.de\/de\/2025\/04\/25\/amsterdam-die-frau-ohne-schatten\/\">Ohne Ultraschall-Befund<\/a><div class=\"wp-block-latest-posts__post-excerpt\"><span class=\"location\">Amsterdam \/ Nationale Opera &#038; Ballet (April 2025)<\/span><\/br> Heillos vertrackte Regie und gl\u00e4nzende musikalische Ausleuchtung f\u00fcr \u201eDie Frau ohne Schatten\u201c<\/div><\/li>\n<li><div class=\"wp-block-latest-posts__featured-image alignleft\"><a href=\"https:\/\/www.orpheus-magazin.de\/de\/2025\/04\/21\/erl-parsifal\/\" aria-label=\"Ab ins kalte (?) Wasser!\"><img decoding=\"async\" width=\"300\" height=\"169\" src=\"https:\/\/www.orpheus-magazin.de\/wp-content\/uploads\/2025\/04\/Tiroler-Festspiele-Erl_Parsifal-c-Xiomara-Bender-300x169.jpg\" class=\"attachment-medium size-medium wp-post-image\" alt=\"Kundry (Irene Roberts) und Parsifal (Jonas Kaufmann) (Foto Xiomara Bender)\" style=\"\" srcset=\"https:\/\/www.orpheus-magazin.de\/wp-content\/uploads\/2025\/04\/Tiroler-Festspiele-Erl_Parsifal-c-Xiomara-Bender-300x169.jpg 300w, https:\/\/www.orpheus-magazin.de\/wp-content\/uploads\/2025\/04\/Tiroler-Festspiele-Erl_Parsifal-c-Xiomara-Bender-1024x576.jpg 1024w, https:\/\/www.orpheus-magazin.de\/wp-content\/uploads\/2025\/04\/Tiroler-Festspiele-Erl_Parsifal-c-Xiomara-Bender-768x432.jpg 768w, https:\/\/www.orpheus-magazin.de\/wp-content\/uploads\/2025\/04\/Tiroler-Festspiele-Erl_Parsifal-c-Xiomara-Bender-500x281.jpg 500w, https:\/\/www.orpheus-magazin.de\/wp-content\/uploads\/2025\/04\/Tiroler-Festspiele-Erl_Parsifal-c-Xiomara-Bender-800x450.jpg 800w, https:\/\/www.orpheus-magazin.de\/wp-content\/uploads\/2025\/04\/Tiroler-Festspiele-Erl_Parsifal-c-Xiomara-Bender-1280x720.jpg 1280w, https:\/\/www.orpheus-magazin.de\/wp-content\/uploads\/2025\/04\/Tiroler-Festspiele-Erl_Parsifal-c-Xiomara-Bender-870x490.jpg 870w, https:\/\/www.orpheus-magazin.de\/wp-content\/uploads\/2025\/04\/Tiroler-Festspiele-Erl_Parsifal-c-Xiomara-Bender-600x338.jpg 600w, https:\/\/www.orpheus-magazin.de\/wp-content\/uploads\/2025\/04\/Tiroler-Festspiele-Erl_Parsifal-c-Xiomara-Bender.jpg 1500w\" sizes=\"(max-width: 300px) 100vw, 300px\" loading=\"eager\" \/><\/a><\/div><a class=\"wp-block-latest-posts__post-title\" href=\"https:\/\/www.orpheus-magazin.de\/de\/2025\/04\/21\/erl-parsifal\/\">Ab ins kalte (?) Wasser!<\/a><div class=\"wp-block-latest-posts__post-excerpt\"><span class=\"location\">Erl \/ Tiroler Festspiele Erl (April 2025)<\/span><\/br> Wagners \u201eParsifal\u201c im Zeichen der Musik<\/div><\/li>\n<\/ul>\n\n\n<div style=\"height:80px\" aria-hidden=\"true\" class=\"wp-block-spacer\"><\/div>\n\n\n\n<div class=\"wp-block-media-text alignwide is-vertically-aligned-center is-stacked-on-mobile has-background\" style=\"background-color:#f6f6f6;grid-template-columns:22% auto\"><figure class=\"wp-block-media-text__media\"><img decoding=\"async\" width=\"850\" height=\"1000\" src=\"https:\/\/www.orpheus-magazin.de\/wp-content\/uploads\/2025\/06\/Heft_Bestellbox_2025-04_s.jpg\" alt=\"\" class=\"wp-image-10774 size-full\" srcset=\"https:\/\/www.orpheus-magazin.de\/wp-content\/uploads\/2025\/06\/Heft_Bestellbox_2025-04_s.jpg 850w, https:\/\/www.orpheus-magazin.de\/wp-content\/uploads\/2025\/06\/Heft_Bestellbox_2025-04_s-255x300.jpg 255w, https:\/\/www.orpheus-magazin.de\/wp-content\/uploads\/2025\/06\/Heft_Bestellbox_2025-04_s-768x904.jpg 768w, https:\/\/www.orpheus-magazin.de\/wp-content\/uploads\/2025\/06\/Heft_Bestellbox_2025-04_s-500x588.jpg 500w, https:\/\/www.orpheus-magazin.de\/wp-content\/uploads\/2025\/06\/Heft_Bestellbox_2025-04_s-800x941.jpg 800w, https:\/\/www.orpheus-magazin.de\/wp-content\/uploads\/2025\/06\/Heft_Bestellbox_2025-04_s-600x706.jpg 600w\" sizes=\"(max-width: 850px) 100vw, 850px\" \/><\/figure><div class=\"wp-block-media-text__content\">\n<div style=\"height:10px\" aria-hidden=\"true\" class=\"wp-block-spacer\"><\/div>\n\n\n\n<p style=\"font-size:24px\"><strong>Unsere Ausgabe Juli\/August 2025 online bestellen<\/strong><\/p>\n\n\n\n<p>Bequem in Ihren Briefkasten oder als PDF zum Sofort-Download<\/p>\n\n\n\n<p><strong><a href=\"https:\/\/www.orpheus-magazin.de\/de\/product\/print-ausgabe-04-2025\/\" target=\"_blank\" rel=\"noreferrer noopener\">Print-Ausgabe bestellen<\/a><\/strong> | <strong><a href=\"https:\/\/www.orpheus-magazin.de\/de\/product\/pdf-ausgabe-04-2025\/\" target=\"_blank\" rel=\"noreferrer noopener\">PDF-Ausgabe bestellen<\/a><\/strong><\/p>\n<\/div><\/div>\n\n\n\n<div style=\"height:100px\" aria-hidden=\"true\" class=\"wp-block-spacer\"><\/div>","protected":false},"excerpt":{"rendered":"<p>Eine Auswahl an Premierenkritiken, einige davon nur hier online.Zus\u00e4tzlich finden Sie 29 weitere Rezensionen exklusiv in unserer Printausgabe Juli\/August 2025.<\/p>","protected":false},"author":14,"featured_media":0,"parent":0,"menu_order":0,"comment_status":"closed","ping_status":"closed","template":"","meta":{"tpgb_global_settings":"","_editorskit_title_hidden":false,"_editorskit_reading_time":0,"_editorskit_is_block_options_detached":false,"_editorskit_block_options_position":"{}","_eb_attr":"","footnotes":""},"class_list":["post-10777","page","type-page","status-publish","hentry"],"tpgb_featured_images":null,"tpgb_post_meta_info":{"get_date":"29. Juni 2025","get_modified_date":"30. Juni 2025","author_name":"Silvia Murauer","author_url":"https:\/\/www.orpheus-magazin.de\/de\/author\/mailsilviamurauer-de\/","author_email":"mail@silviamurauer.de","author_website":"","author_description":"","author_facebook":"","author_twitter":"","author_instagram":"","author_role":["administrator"],"author_firstname":"Silvia","author_lastname":"Murauer","user_login":"mail@silviamurauer.de","author_avatar":"<img alt='' src='https:\/\/secure.gravatar.com\/avatar\/f621fd74b09e85b40b2840fd83e82293b9a74c7122761b5607082e36ece1f9d0?s=200&#038;d=mm&#038;r=g' srcset='https:\/\/secure.gravatar.com\/avatar\/f621fd74b09e85b40b2840fd83e82293b9a74c7122761b5607082e36ece1f9d0?s=400&#038;d=mm&#038;r=g 2x' class='avatar avatar-200 photo' height='200' width='200' decoding='async'\/>","author_avatar_url":"https:\/\/secure.gravatar.com\/avatar\/f621fd74b09e85b40b2840fd83e82293b9a74c7122761b5607082e36ece1f9d0?s=96&d=mm&r=g","comment_count":0,"post_likes":0,"post_views":0},"tpgb_post_category":[],"_links":{"self":[{"href":"https:\/\/www.orpheus-magazin.de\/de\/wp-json\/wp\/v2\/pages\/10777","targetHints":{"allow":["GET"]}}],"collection":[{"href":"https:\/\/www.orpheus-magazin.de\/de\/wp-json\/wp\/v2\/pages"}],"about":[{"href":"https:\/\/www.orpheus-magazin.de\/de\/wp-json\/wp\/v2\/types\/page"}],"author":[{"embeddable":true,"href":"https:\/\/www.orpheus-magazin.de\/de\/wp-json\/wp\/v2\/users\/14"}],"replies":[{"embeddable":true,"href":"https:\/\/www.orpheus-magazin.de\/de\/wp-json\/wp\/v2\/comments?post=10777"}],"version-history":[{"count":0,"href":"https:\/\/www.orpheus-magazin.de\/de\/wp-json\/wp\/v2\/pages\/10777\/revisions"}],"wp:attachment":[{"href":"https:\/\/www.orpheus-magazin.de\/de\/wp-json\/wp\/v2\/media?parent=10777"}],"curies":[{"name":"wp","href":"https:\/\/api.w.org\/{rel}","templated":true}]}}