{"id":4003,"date":"2021-01-02T15:07:27","date_gmt":"2021-01-02T14:07:27","guid":{"rendered":"https:\/\/www.orpheus-magazin.de\/?page_id=4003"},"modified":"2021-01-02T15:15:33","modified_gmt":"2021-01-02T14:15:33","slug":"rezensionen-06-2020","status":"publish","type":"page","link":"https:\/\/www.orpheus-magazin.de\/de\/rezensionen-06-2020\/","title":{"rendered":"Rezensionen 06\/2020"},"content":{"rendered":"<ul class=\"wp-block-latest-posts__list alignwide wp-block-latest-posts\"><li><div class=\"wp-block-latest-posts__featured-image alignleft\"><a href=\"https:\/\/www.orpheus-magazin.de\/de\/2020\/11\/02\/willkommen-bienvenue-welcome\/\" aria-label=\"Willkommen, Bienvenue, Welcome!\"><img fetchpriority=\"high\" decoding=\"async\" width=\"1200\" height=\"674\" src=\"https:\/\/www.orpheus-magazin.de\/wp-content\/uploads\/2021\/01\/FSG_Weimar_Cabaret-6530_cabaret-112_foto_candy_welz-e1609604166325-1200x674.jpg\" class=\"attachment-medium size-medium wp-post-image\" alt=\"\" style=\"\" srcset=\"https:\/\/www.orpheus-magazin.de\/wp-content\/uploads\/2021\/01\/FSG_Weimar_Cabaret-6530_cabaret-112_foto_candy_welz-e1609604166325-1200x674.jpg 1200w, https:\/\/www.orpheus-magazin.de\/wp-content\/uploads\/2021\/01\/FSG_Weimar_Cabaret-6530_cabaret-112_foto_candy_welz-e1609604166325-600x337.jpg 600w, https:\/\/www.orpheus-magazin.de\/wp-content\/uploads\/2021\/01\/FSG_Weimar_Cabaret-6530_cabaret-112_foto_candy_welz-e1609604166325-768x432.jpg 768w, https:\/\/www.orpheus-magazin.de\/wp-content\/uploads\/2021\/01\/FSG_Weimar_Cabaret-6530_cabaret-112_foto_candy_welz-e1609604166325-1024x575.jpg 1024w, https:\/\/www.orpheus-magazin.de\/wp-content\/uploads\/2021\/01\/FSG_Weimar_Cabaret-6530_cabaret-112_foto_candy_welz-e1609604166325-18x10.jpg 18w, https:\/\/www.orpheus-magazin.de\/wp-content\/uploads\/2021\/01\/FSG_Weimar_Cabaret-6530_cabaret-112_foto_candy_welz-e1609604166325-870x489.jpg 870w, https:\/\/www.orpheus-magazin.de\/wp-content\/uploads\/2021\/01\/FSG_Weimar_Cabaret-6530_cabaret-112_foto_candy_welz-e1609604166325-60x34.jpg 60w, https:\/\/www.orpheus-magazin.de\/wp-content\/uploads\/2021\/01\/FSG_Weimar_Cabaret-6530_cabaret-112_foto_candy_welz-e1609604166325.jpg 1500w\" sizes=\"(max-width: 1200px) 100vw, 1200px\" loading=\"eager\" \/><\/a><\/div><a class=\"wp-block-latest-posts__post-title\" href=\"https:\/\/www.orpheus-magazin.de\/de\/2020\/11\/02\/willkommen-bienvenue-welcome\/\">Willkommen, Bienvenue, Welcome!<\/a><div class=\"wp-block-latest-posts__post-excerpt\"><span class=\"location\">Weimar \/ Deutsches Nationaltheater Weimar (Oktober 2020)<\/span><\/br> Tanz auf dem Vulkan im \u201eCabaret\u201c<\/div><\/li>\n<li><div class=\"wp-block-latest-posts__featured-image alignleft\"><a href=\"https:\/\/www.orpheus-magazin.de\/de\/2020\/11\/02\/orfeo-reloaded\/\" aria-label=\"\u201eL\u2019Orfeo\u201c reloaded\"><img decoding=\"async\" width=\"1200\" height=\"674\" src=\"https:\/\/www.orpheus-magazin.de\/wp-content\/uploads\/2021\/01\/FSG_Nuernberg_LOrfeo-StaatstheaterNuernberg_2020_21_Oper_Lorfeo_298_c_LudwigOlah-e1609603746400-1200x674.jpg\" class=\"attachment-medium size-medium wp-post-image\" alt=\"\" style=\"\" srcset=\"https:\/\/www.orpheus-magazin.de\/wp-content\/uploads\/2021\/01\/FSG_Nuernberg_LOrfeo-StaatstheaterNuernberg_2020_21_Oper_Lorfeo_298_c_LudwigOlah-e1609603746400-1200x674.jpg 1200w, https:\/\/www.orpheus-magazin.de\/wp-content\/uploads\/2021\/01\/FSG_Nuernberg_LOrfeo-StaatstheaterNuernberg_2020_21_Oper_Lorfeo_298_c_LudwigOlah-e1609603746400-600x337.jpg 600w, https:\/\/www.orpheus-magazin.de\/wp-content\/uploads\/2021\/01\/FSG_Nuernberg_LOrfeo-StaatstheaterNuernberg_2020_21_Oper_Lorfeo_298_c_LudwigOlah-e1609603746400-768x432.jpg 768w, https:\/\/www.orpheus-magazin.de\/wp-content\/uploads\/2021\/01\/FSG_Nuernberg_LOrfeo-StaatstheaterNuernberg_2020_21_Oper_Lorfeo_298_c_LudwigOlah-e1609603746400-1024x575.jpg 1024w, https:\/\/www.orpheus-magazin.de\/wp-content\/uploads\/2021\/01\/FSG_Nuernberg_LOrfeo-StaatstheaterNuernberg_2020_21_Oper_Lorfeo_298_c_LudwigOlah-e1609603746400-18x10.jpg 18w, https:\/\/www.orpheus-magazin.de\/wp-content\/uploads\/2021\/01\/FSG_Nuernberg_LOrfeo-StaatstheaterNuernberg_2020_21_Oper_Lorfeo_298_c_LudwigOlah-e1609603746400-870x489.jpg 870w, https:\/\/www.orpheus-magazin.de\/wp-content\/uploads\/2021\/01\/FSG_Nuernberg_LOrfeo-StaatstheaterNuernberg_2020_21_Oper_Lorfeo_298_c_LudwigOlah-e1609603746400-60x34.jpg 60w, https:\/\/www.orpheus-magazin.de\/wp-content\/uploads\/2021\/01\/FSG_Nuernberg_LOrfeo-StaatstheaterNuernberg_2020_21_Oper_Lorfeo_298_c_LudwigOlah-e1609603746400.jpg 1500w\" sizes=\"(max-width: 1200px) 100vw, 1200px\" loading=\"eager\" \/><\/a><\/div><a class=\"wp-block-latest-posts__post-title\" href=\"https:\/\/www.orpheus-magazin.de\/de\/2020\/11\/02\/orfeo-reloaded\/\">\u201eL\u2019Orfeo\u201c reloaded<\/a><div class=\"wp-block-latest-posts__post-excerpt\"><span class=\"location\">N\u00fcrnberg \/ Staatstheater N\u00fcrnberg (Oktober 2020)<\/span><\/br> Versuch eines Br\u00fcckenschlags mit Monteverdis Meisterwerk<\/div><\/li>\n<li><div class=\"wp-block-latest-posts__featured-image alignleft\"><a href=\"https:\/\/www.orpheus-magazin.de\/de\/2020\/11\/02\/schwaechelnde-traeume-vom-glueck\/\" aria-label=\"Schw\u00e4chelnde Tr\u00e4ume vom Gl\u00fcck\"><img decoding=\"async\" width=\"1200\" height=\"674\" src=\"https:\/\/www.orpheus-magazin.de\/wp-content\/uploads\/2021\/01\/FSG_Muenchen_Eugen-Onegin-1601032938_xx_l10a6032eugenonegintkpcopychristianpogozach-e1609603360332-1200x674.jpg\" class=\"attachment-medium size-medium wp-post-image\" alt=\"\" style=\"\" srcset=\"https:\/\/www.orpheus-magazin.de\/wp-content\/uploads\/2021\/01\/FSG_Muenchen_Eugen-Onegin-1601032938_xx_l10a6032eugenonegintkpcopychristianpogozach-e1609603360332-1200x674.jpg 1200w, https:\/\/www.orpheus-magazin.de\/wp-content\/uploads\/2021\/01\/FSG_Muenchen_Eugen-Onegin-1601032938_xx_l10a6032eugenonegintkpcopychristianpogozach-e1609603360332-600x337.jpg 600w, https:\/\/www.orpheus-magazin.de\/wp-content\/uploads\/2021\/01\/FSG_Muenchen_Eugen-Onegin-1601032938_xx_l10a6032eugenonegintkpcopychristianpogozach-e1609603360332-768x432.jpg 768w, https:\/\/www.orpheus-magazin.de\/wp-content\/uploads\/2021\/01\/FSG_Muenchen_Eugen-Onegin-1601032938_xx_l10a6032eugenonegintkpcopychristianpogozach-e1609603360332-1024x575.jpg 1024w, https:\/\/www.orpheus-magazin.de\/wp-content\/uploads\/2021\/01\/FSG_Muenchen_Eugen-Onegin-1601032938_xx_l10a6032eugenonegintkpcopychristianpogozach-e1609603360332-18x10.jpg 18w, https:\/\/www.orpheus-magazin.de\/wp-content\/uploads\/2021\/01\/FSG_Muenchen_Eugen-Onegin-1601032938_xx_l10a6032eugenonegintkpcopychristianpogozach-e1609603360332-870x489.jpg 870w, https:\/\/www.orpheus-magazin.de\/wp-content\/uploads\/2021\/01\/FSG_Muenchen_Eugen-Onegin-1601032938_xx_l10a6032eugenonegintkpcopychristianpogozach-e1609603360332-60x34.jpg 60w, https:\/\/www.orpheus-magazin.de\/wp-content\/uploads\/2021\/01\/FSG_Muenchen_Eugen-Onegin-1601032938_xx_l10a6032eugenonegintkpcopychristianpogozach-e1609603360332.jpg 1500w\" sizes=\"(max-width: 1200px) 100vw, 1200px\" loading=\"eager\" \/><\/a><\/div><a class=\"wp-block-latest-posts__post-title\" href=\"https:\/\/www.orpheus-magazin.de\/de\/2020\/11\/02\/schwaechelnde-traeume-vom-glueck\/\">Schw\u00e4chelnde Tr\u00e4ume vom Gl\u00fcck<\/a><div class=\"wp-block-latest-posts__post-excerpt\"><span class=\"location\">M\u00fcnchen \/ G\u00e4rtnerplatztheater (Oktober 2020)<\/span><\/br> M\u00fcnchen wagt einen kammermusikalischen \u201eEugen Onegin\u201c<\/div><\/li>\n<li><div class=\"wp-block-latest-posts__featured-image alignleft\"><a href=\"https:\/\/www.orpheus-magazin.de\/de\/2020\/11\/02\/medea-reflexionen\/\" aria-label=\"Medea.Reflexionen\"><img decoding=\"async\" width=\"1200\" height=\"674\" src=\"https:\/\/www.orpheus-magazin.de\/wp-content\/uploads\/2021\/01\/FSG_Halle-Saale_Teseo-teseo_ffw7615-c-Theater-Oper-und-Orchester-GmbH-Falk-Wenzel-e1609601578633-1200x674.jpg\" class=\"attachment-medium size-medium wp-post-image\" alt=\"\" style=\"\" srcset=\"https:\/\/www.orpheus-magazin.de\/wp-content\/uploads\/2021\/01\/FSG_Halle-Saale_Teseo-teseo_ffw7615-c-Theater-Oper-und-Orchester-GmbH-Falk-Wenzel-e1609601578633-1200x674.jpg 1200w, https:\/\/www.orpheus-magazin.de\/wp-content\/uploads\/2021\/01\/FSG_Halle-Saale_Teseo-teseo_ffw7615-c-Theater-Oper-und-Orchester-GmbH-Falk-Wenzel-e1609601578633-600x337.jpg 600w, https:\/\/www.orpheus-magazin.de\/wp-content\/uploads\/2021\/01\/FSG_Halle-Saale_Teseo-teseo_ffw7615-c-Theater-Oper-und-Orchester-GmbH-Falk-Wenzel-e1609601578633-768x432.jpg 768w, https:\/\/www.orpheus-magazin.de\/wp-content\/uploads\/2021\/01\/FSG_Halle-Saale_Teseo-teseo_ffw7615-c-Theater-Oper-und-Orchester-GmbH-Falk-Wenzel-e1609601578633-1024x575.jpg 1024w, https:\/\/www.orpheus-magazin.de\/wp-content\/uploads\/2021\/01\/FSG_Halle-Saale_Teseo-teseo_ffw7615-c-Theater-Oper-und-Orchester-GmbH-Falk-Wenzel-e1609601578633-18x10.jpg 18w, https:\/\/www.orpheus-magazin.de\/wp-content\/uploads\/2021\/01\/FSG_Halle-Saale_Teseo-teseo_ffw7615-c-Theater-Oper-und-Orchester-GmbH-Falk-Wenzel-e1609601578633-870x489.jpg 870w, https:\/\/www.orpheus-magazin.de\/wp-content\/uploads\/2021\/01\/FSG_Halle-Saale_Teseo-teseo_ffw7615-c-Theater-Oper-und-Orchester-GmbH-Falk-Wenzel-e1609601578633-60x34.jpg 60w, https:\/\/www.orpheus-magazin.de\/wp-content\/uploads\/2021\/01\/FSG_Halle-Saale_Teseo-teseo_ffw7615-c-Theater-Oper-und-Orchester-GmbH-Falk-Wenzel-e1609601578633.jpg 1500w\" sizes=\"(max-width: 1200px) 100vw, 1200px\" loading=\"eager\" \/><\/a><\/div><a class=\"wp-block-latest-posts__post-title\" href=\"https:\/\/www.orpheus-magazin.de\/de\/2020\/11\/02\/medea-reflexionen\/\">Medea.Reflexionen<\/a><div class=\"wp-block-latest-posts__post-excerpt\"><span class=\"location\">Halle (Saale) \/ Oper Halle (Oktober 2020)<\/span><\/br> Martin G. Berger inszeniert eigene Version von H\u00e4ndels \u201eTeseo\u201c<\/div><\/li>\n<li><div class=\"wp-block-latest-posts__featured-image alignleft\"><a href=\"https:\/\/www.orpheus-magazin.de\/de\/2020\/11\/02\/heiterer-goldregen\/\" aria-label=\"Heiterer Goldregen\"><img decoding=\"async\" width=\"1200\" height=\"674\" src=\"https:\/\/www.orpheus-magazin.de\/wp-content\/uploads\/2021\/01\/FSG_Halberstadt_Die-lustigen-Weiber-von-Windsor-Lustige-Weiber-Behringer-02-c-Ray-Behringer-e1609600369407-1200x674.jpg\" class=\"attachment-medium size-medium wp-post-image\" alt=\"\" style=\"\" srcset=\"https:\/\/www.orpheus-magazin.de\/wp-content\/uploads\/2021\/01\/FSG_Halberstadt_Die-lustigen-Weiber-von-Windsor-Lustige-Weiber-Behringer-02-c-Ray-Behringer-e1609600369407-1200x674.jpg 1200w, https:\/\/www.orpheus-magazin.de\/wp-content\/uploads\/2021\/01\/FSG_Halberstadt_Die-lustigen-Weiber-von-Windsor-Lustige-Weiber-Behringer-02-c-Ray-Behringer-e1609600369407-600x337.jpg 600w, https:\/\/www.orpheus-magazin.de\/wp-content\/uploads\/2021\/01\/FSG_Halberstadt_Die-lustigen-Weiber-von-Windsor-Lustige-Weiber-Behringer-02-c-Ray-Behringer-e1609600369407-768x432.jpg 768w, https:\/\/www.orpheus-magazin.de\/wp-content\/uploads\/2021\/01\/FSG_Halberstadt_Die-lustigen-Weiber-von-Windsor-Lustige-Weiber-Behringer-02-c-Ray-Behringer-e1609600369407-1024x575.jpg 1024w, https:\/\/www.orpheus-magazin.de\/wp-content\/uploads\/2021\/01\/FSG_Halberstadt_Die-lustigen-Weiber-von-Windsor-Lustige-Weiber-Behringer-02-c-Ray-Behringer-e1609600369407-18x10.jpg 18w, https:\/\/www.orpheus-magazin.de\/wp-content\/uploads\/2021\/01\/FSG_Halberstadt_Die-lustigen-Weiber-von-Windsor-Lustige-Weiber-Behringer-02-c-Ray-Behringer-e1609600369407-870x489.jpg 870w, https:\/\/www.orpheus-magazin.de\/wp-content\/uploads\/2021\/01\/FSG_Halberstadt_Die-lustigen-Weiber-von-Windsor-Lustige-Weiber-Behringer-02-c-Ray-Behringer-e1609600369407-60x34.jpg 60w, https:\/\/www.orpheus-magazin.de\/wp-content\/uploads\/2021\/01\/FSG_Halberstadt_Die-lustigen-Weiber-von-Windsor-Lustige-Weiber-Behringer-02-c-Ray-Behringer-e1609600369407.jpg 1500w\" sizes=\"(max-width: 1200px) 100vw, 1200px\" loading=\"eager\" \/><\/a><\/div><a class=\"wp-block-latest-posts__post-title\" href=\"https:\/\/www.orpheus-magazin.de\/de\/2020\/11\/02\/heiterer-goldregen\/\">Heiterer Goldregen<\/a><div class=\"wp-block-latest-posts__post-excerpt\"><span class=\"location\">Halberstadt \/ Nordharzer St\u00e4dtebundtheater (Oktober 2020)<\/span><\/br> \u201eDie lustigen Weiber von Windsor\u201c erobern die Herzen<\/div><\/li>\n<li><div class=\"wp-block-latest-posts__featured-image alignleft\"><a href=\"https:\/\/www.orpheus-magazin.de\/de\/2020\/11\/02\/wenn-das-leben-kein-ende-nimmt\/\" aria-label=\"Wenn das Leben kein Ende nimmt\"><img decoding=\"async\" width=\"1200\" height=\"674\" src=\"https:\/\/www.orpheus-magazin.de\/wp-content\/uploads\/2021\/01\/FSG_Duesseldorf_Der-Kaiser-von-Atlantis_08_FOTO_HansJoergMichel-e1609597949663-1200x674.jpg\" class=\"attachment-medium size-medium wp-post-image\" alt=\"\" style=\"\" srcset=\"https:\/\/www.orpheus-magazin.de\/wp-content\/uploads\/2021\/01\/FSG_Duesseldorf_Der-Kaiser-von-Atlantis_08_FOTO_HansJoergMichel-e1609597949663-1200x674.jpg 1200w, https:\/\/www.orpheus-magazin.de\/wp-content\/uploads\/2021\/01\/FSG_Duesseldorf_Der-Kaiser-von-Atlantis_08_FOTO_HansJoergMichel-e1609597949663-600x337.jpg 600w, https:\/\/www.orpheus-magazin.de\/wp-content\/uploads\/2021\/01\/FSG_Duesseldorf_Der-Kaiser-von-Atlantis_08_FOTO_HansJoergMichel-e1609597949663-768x432.jpg 768w, https:\/\/www.orpheus-magazin.de\/wp-content\/uploads\/2021\/01\/FSG_Duesseldorf_Der-Kaiser-von-Atlantis_08_FOTO_HansJoergMichel-e1609597949663-1024x575.jpg 1024w, https:\/\/www.orpheus-magazin.de\/wp-content\/uploads\/2021\/01\/FSG_Duesseldorf_Der-Kaiser-von-Atlantis_08_FOTO_HansJoergMichel-e1609597949663-18x10.jpg 18w, https:\/\/www.orpheus-magazin.de\/wp-content\/uploads\/2021\/01\/FSG_Duesseldorf_Der-Kaiser-von-Atlantis_08_FOTO_HansJoergMichel-e1609597949663-870x489.jpg 870w, https:\/\/www.orpheus-magazin.de\/wp-content\/uploads\/2021\/01\/FSG_Duesseldorf_Der-Kaiser-von-Atlantis_08_FOTO_HansJoergMichel-e1609597949663-60x34.jpg 60w, https:\/\/www.orpheus-magazin.de\/wp-content\/uploads\/2021\/01\/FSG_Duesseldorf_Der-Kaiser-von-Atlantis_08_FOTO_HansJoergMichel-e1609597949663.jpg 1500w\" sizes=\"(max-width: 1200px) 100vw, 1200px\" loading=\"eager\" \/><\/a><\/div><a class=\"wp-block-latest-posts__post-title\" href=\"https:\/\/www.orpheus-magazin.de\/de\/2020\/11\/02\/wenn-das-leben-kein-ende-nimmt\/\">Wenn das Leben kein Ende nimmt<\/a><div class=\"wp-block-latest-posts__post-excerpt\"><span class=\"location\">D\u00fcsseldorf \/ Deutsche Oper am Rhein (Oktober 2020)<\/span><\/br> \u201eDer Kaiser von Atlantis\u201c aktueller denn je<\/div><\/li>\n<li><div class=\"wp-block-latest-posts__featured-image alignleft\"><a href=\"https:\/\/www.orpheus-magazin.de\/de\/2020\/11\/02\/hygienisch-einwandfrei\/\" aria-label=\"Hygienisch einwandfrei\"><img decoding=\"async\" width=\"1200\" height=\"674\" src=\"https:\/\/www.orpheus-magazin.de\/wp-content\/uploads\/2021\/01\/FSG_Braunschweig_Fidelio-1-c-Bjoern-Hickmann-stage-picture-e1609597027856-1200x674.jpg\" class=\"attachment-medium size-medium wp-post-image\" alt=\"\" style=\"\" srcset=\"https:\/\/www.orpheus-magazin.de\/wp-content\/uploads\/2021\/01\/FSG_Braunschweig_Fidelio-1-c-Bjoern-Hickmann-stage-picture-e1609597027856-1200x674.jpg 1200w, https:\/\/www.orpheus-magazin.de\/wp-content\/uploads\/2021\/01\/FSG_Braunschweig_Fidelio-1-c-Bjoern-Hickmann-stage-picture-e1609597027856-600x337.jpg 600w, https:\/\/www.orpheus-magazin.de\/wp-content\/uploads\/2021\/01\/FSG_Braunschweig_Fidelio-1-c-Bjoern-Hickmann-stage-picture-e1609597027856-768x432.jpg 768w, https:\/\/www.orpheus-magazin.de\/wp-content\/uploads\/2021\/01\/FSG_Braunschweig_Fidelio-1-c-Bjoern-Hickmann-stage-picture-e1609597027856-1024x575.jpg 1024w, https:\/\/www.orpheus-magazin.de\/wp-content\/uploads\/2021\/01\/FSG_Braunschweig_Fidelio-1-c-Bjoern-Hickmann-stage-picture-e1609597027856-18x10.jpg 18w, https:\/\/www.orpheus-magazin.de\/wp-content\/uploads\/2021\/01\/FSG_Braunschweig_Fidelio-1-c-Bjoern-Hickmann-stage-picture-e1609597027856-870x489.jpg 870w, https:\/\/www.orpheus-magazin.de\/wp-content\/uploads\/2021\/01\/FSG_Braunschweig_Fidelio-1-c-Bjoern-Hickmann-stage-picture-e1609597027856-60x34.jpg 60w, https:\/\/www.orpheus-magazin.de\/wp-content\/uploads\/2021\/01\/FSG_Braunschweig_Fidelio-1-c-Bjoern-Hickmann-stage-picture-e1609597027856.jpg 1500w\" sizes=\"(max-width: 1200px) 100vw, 1200px\" loading=\"eager\" \/><\/a><\/div><a class=\"wp-block-latest-posts__post-title\" href=\"https:\/\/www.orpheus-magazin.de\/de\/2020\/11\/02\/hygienisch-einwandfrei\/\">Hygienisch einwandfrei<\/a><div class=\"wp-block-latest-posts__post-excerpt\"><span class=\"location\">Braunschweig \/ Staatstheater Braunschweig (Oktober 2020)<\/span><\/br> \u201eFidelio\u201c in blasser Regie und dubioser Instrumentation<\/div><\/li>\n<li><div class=\"wp-block-latest-posts__featured-image alignleft\"><a href=\"https:\/\/www.orpheus-magazin.de\/de\/2020\/11\/02\/wenn-es-aristokraten-langweilig-wird\/\" aria-label=\"Wenn es Aristokraten langweilig wird\"><img decoding=\"async\" width=\"1200\" height=\"674\" src=\"https:\/\/www.orpheus-magazin.de\/wp-content\/uploads\/2021\/01\/FSG_Berlin_Quartett-quartett_311-c-Monika-Rittershaus-e1609584742747-1200x674.jpg\" class=\"attachment-medium size-medium wp-post-image\" alt=\"\" style=\"\" srcset=\"https:\/\/www.orpheus-magazin.de\/wp-content\/uploads\/2021\/01\/FSG_Berlin_Quartett-quartett_311-c-Monika-Rittershaus-e1609584742747-1200x674.jpg 1200w, https:\/\/www.orpheus-magazin.de\/wp-content\/uploads\/2021\/01\/FSG_Berlin_Quartett-quartett_311-c-Monika-Rittershaus-e1609584742747-600x337.jpg 600w, https:\/\/www.orpheus-magazin.de\/wp-content\/uploads\/2021\/01\/FSG_Berlin_Quartett-quartett_311-c-Monika-Rittershaus-e1609584742747-768x431.jpg 768w, https:\/\/www.orpheus-magazin.de\/wp-content\/uploads\/2021\/01\/FSG_Berlin_Quartett-quartett_311-c-Monika-Rittershaus-e1609584742747-1024x575.jpg 1024w, https:\/\/www.orpheus-magazin.de\/wp-content\/uploads\/2021\/01\/FSG_Berlin_Quartett-quartett_311-c-Monika-Rittershaus-e1609584742747-18x10.jpg 18w, https:\/\/www.orpheus-magazin.de\/wp-content\/uploads\/2021\/01\/FSG_Berlin_Quartett-quartett_311-c-Monika-Rittershaus-e1609584742747-870x488.jpg 870w, https:\/\/www.orpheus-magazin.de\/wp-content\/uploads\/2021\/01\/FSG_Berlin_Quartett-quartett_311-c-Monika-Rittershaus-e1609584742747-60x34.jpg 60w, https:\/\/www.orpheus-magazin.de\/wp-content\/uploads\/2021\/01\/FSG_Berlin_Quartett-quartett_311-c-Monika-Rittershaus-e1609584742747.jpg 1500w\" sizes=\"(max-width: 1200px) 100vw, 1200px\" loading=\"eager\" \/><\/a><\/div><a class=\"wp-block-latest-posts__post-title\" href=\"https:\/\/www.orpheus-magazin.de\/de\/2020\/11\/02\/wenn-es-aristokraten-langweilig-wird\/\">Wenn es Aristokraten langweilig wird<\/a><div class=\"wp-block-latest-posts__post-excerpt\"><span class=\"location\">Berlin \/ Staatsoper Unter den Linden (Oktober 2020)<\/span><\/br> Gef\u00e4hrliche Liebschaften in Luca Francesconis \u201eQuartett\u201c<\/div><\/li>\n<li><div class=\"wp-block-latest-posts__featured-image alignleft\"><a href=\"https:\/\/www.orpheus-magazin.de\/de\/2020\/11\/01\/placido-der-grosse\/\" aria-label=\"Pl\u00e1cido der Gro\u00dfe\"><img decoding=\"async\" width=\"1200\" height=\"675\" src=\"https:\/\/www.orpheus-magazin.de\/wp-content\/uploads\/2021\/01\/FSG_Wien_Simon-Boccanegra-01_Simon_Boccanegra_132004_DOMINGO-c-Wiener-Staatsoper-Michael-Poehn-e1609605977956-1200x675.jpg\" class=\"attachment-medium size-medium wp-post-image\" alt=\"\" style=\"\" srcset=\"https:\/\/www.orpheus-magazin.de\/wp-content\/uploads\/2021\/01\/FSG_Wien_Simon-Boccanegra-01_Simon_Boccanegra_132004_DOMINGO-c-Wiener-Staatsoper-Michael-Poehn-e1609605977956-1200x675.jpg 1200w, https:\/\/www.orpheus-magazin.de\/wp-content\/uploads\/2021\/01\/FSG_Wien_Simon-Boccanegra-01_Simon_Boccanegra_132004_DOMINGO-c-Wiener-Staatsoper-Michael-Poehn-e1609605977956-18x10.jpg 18w, https:\/\/www.orpheus-magazin.de\/wp-content\/uploads\/2021\/01\/FSG_Wien_Simon-Boccanegra-01_Simon_Boccanegra_132004_DOMINGO-c-Wiener-Staatsoper-Michael-Poehn-e1609605977956-60x34.jpg 60w, https:\/\/www.orpheus-magazin.de\/wp-content\/uploads\/2021\/01\/FSG_Wien_Simon-Boccanegra-01_Simon_Boccanegra_132004_DOMINGO-c-Wiener-Staatsoper-Michael-Poehn-e1609605977956-768x432.jpg 768w, https:\/\/www.orpheus-magazin.de\/wp-content\/uploads\/2021\/01\/FSG_Wien_Simon-Boccanegra-01_Simon_Boccanegra_132004_DOMINGO-c-Wiener-Staatsoper-Michael-Poehn-e1609605977956-1024x576.jpg 1024w, https:\/\/www.orpheus-magazin.de\/wp-content\/uploads\/2021\/01\/FSG_Wien_Simon-Boccanegra-01_Simon_Boccanegra_132004_DOMINGO-c-Wiener-Staatsoper-Michael-Poehn-e1609605977956-870x490.jpg 870w, https:\/\/www.orpheus-magazin.de\/wp-content\/uploads\/2021\/01\/FSG_Wien_Simon-Boccanegra-01_Simon_Boccanegra_132004_DOMINGO-c-Wiener-Staatsoper-Michael-Poehn-e1609605977956-600x338.jpg 600w, https:\/\/www.orpheus-magazin.de\/wp-content\/uploads\/2021\/01\/FSG_Wien_Simon-Boccanegra-01_Simon_Boccanegra_132004_DOMINGO-c-Wiener-Staatsoper-Michael-Poehn-e1609605977956-500x281.jpg 500w, https:\/\/www.orpheus-magazin.de\/wp-content\/uploads\/2021\/01\/FSG_Wien_Simon-Boccanegra-01_Simon_Boccanegra_132004_DOMINGO-c-Wiener-Staatsoper-Michael-Poehn-e1609605977956-800x450.jpg 800w, https:\/\/www.orpheus-magazin.de\/wp-content\/uploads\/2021\/01\/FSG_Wien_Simon-Boccanegra-01_Simon_Boccanegra_132004_DOMINGO-c-Wiener-Staatsoper-Michael-Poehn-e1609605977956-1280x720.jpg 1280w, https:\/\/www.orpheus-magazin.de\/wp-content\/uploads\/2021\/01\/FSG_Wien_Simon-Boccanegra-01_Simon_Boccanegra_132004_DOMINGO-c-Wiener-Staatsoper-Michael-Poehn-e1609605977956.jpg 1498w\" sizes=\"(max-width: 1200px) 100vw, 1200px\" loading=\"eager\" \/><\/a><\/div><a class=\"wp-block-latest-posts__post-title\" href=\"https:\/\/www.orpheus-magazin.de\/de\/2020\/11\/01\/placido-der-grosse\/\">Pl\u00e1cido der Gro\u00dfe<\/a><div class=\"wp-block-latest-posts__post-excerpt\"><span class=\"location\">Wien \/ Wiener Staatsoper (September 2020)<\/span><\/br> Ein wohltuend Corona-befreiter \u201eSimon Boccanegra\u201c<\/div><\/li>\n<li><div class=\"wp-block-latest-posts__featured-image alignleft\"><a href=\"https:\/\/www.orpheus-magazin.de\/de\/2020\/11\/01\/neue-aera-mit-mut-zum-risiko\/\" aria-label=\"Neue\u00a0\u00c4ra mit Mut zum Risiko\"><img decoding=\"async\" width=\"300\" height=\"169\" src=\"https:\/\/www.orpheus-magazin.de\/wp-content\/uploads\/2020\/11\/rezension_orph06_madame_butterfly_wien-e1606819207299-300x169.jpg\" class=\"attachment-medium size-medium wp-post-image\" alt=\"Foto Wiener Staatsoper \/ Michael P\u00f6hn\" style=\"\" srcset=\"https:\/\/www.orpheus-magazin.de\/wp-content\/uploads\/2020\/11\/rezension_orph06_madame_butterfly_wien-e1606819207299-300x169.jpg 300w, https:\/\/www.orpheus-magazin.de\/wp-content\/uploads\/2020\/11\/rezension_orph06_madame_butterfly_wien-e1606819207299-768x432.jpg 768w, https:\/\/www.orpheus-magazin.de\/wp-content\/uploads\/2020\/11\/rezension_orph06_madame_butterfly_wien-e1606819207299-18x10.jpg 18w, https:\/\/www.orpheus-magazin.de\/wp-content\/uploads\/2020\/11\/rezension_orph06_madame_butterfly_wien-e1606819207299-870x489.jpg 870w, https:\/\/www.orpheus-magazin.de\/wp-content\/uploads\/2020\/11\/rezension_orph06_madame_butterfly_wien-e1606819207299-60x34.jpg 60w, https:\/\/www.orpheus-magazin.de\/wp-content\/uploads\/2020\/11\/rezension_orph06_madame_butterfly_wien-e1606819207299-600x338.jpg 600w, https:\/\/www.orpheus-magazin.de\/wp-content\/uploads\/2020\/11\/rezension_orph06_madame_butterfly_wien-e1606819207299.jpg 878w\" sizes=\"(max-width: 300px) 100vw, 300px\" loading=\"eager\" \/><\/a><\/div><a class=\"wp-block-latest-posts__post-title\" href=\"https:\/\/www.orpheus-magazin.de\/de\/2020\/11\/01\/neue-aera-mit-mut-zum-risiko\/\">Neue\u00a0\u00c4ra mit Mut zum Risiko<\/a><div class=\"wp-block-latest-posts__post-excerpt\"><span class=\"location\">Wien \/ Wiener Staatsoper (September 2020)<\/span><\/br>\nZur Er\u00f6ffnung eine farbenpr\u00e4chtige und ber\u00fchrende \u201eMadama Butterfly\u201c<\/div><\/li>\n<li><div class=\"wp-block-latest-posts__featured-image alignleft\"><a href=\"https:\/\/www.orpheus-magazin.de\/de\/2020\/11\/01\/politische-wirren-im-suedseeparadies\/\" aria-label=\"Politische Wirren im S\u00fcdseeparadies\"><img decoding=\"async\" width=\"1200\" height=\"674\" src=\"https:\/\/www.orpheus-magazin.de\/wp-content\/uploads\/2021\/01\/FSG_Salzburg_Die-Blume-von-Hawaii-1600422936_9_hazelmcbainalexanderhuettnerundensemble_sl1_3357-c-Anna-Maria-Loeffelberger-e1609605627820-1200x674.jpg\" class=\"attachment-medium size-medium wp-post-image\" alt=\"\" style=\"\" srcset=\"https:\/\/www.orpheus-magazin.de\/wp-content\/uploads\/2021\/01\/FSG_Salzburg_Die-Blume-von-Hawaii-1600422936_9_hazelmcbainalexanderhuettnerundensemble_sl1_3357-c-Anna-Maria-Loeffelberger-e1609605627820-1200x674.jpg 1200w, https:\/\/www.orpheus-magazin.de\/wp-content\/uploads\/2021\/01\/FSG_Salzburg_Die-Blume-von-Hawaii-1600422936_9_hazelmcbainalexanderhuettnerundensemble_sl1_3357-c-Anna-Maria-Loeffelberger-e1609605627820-18x10.jpg 18w, https:\/\/www.orpheus-magazin.de\/wp-content\/uploads\/2021\/01\/FSG_Salzburg_Die-Blume-von-Hawaii-1600422936_9_hazelmcbainalexanderhuettnerundensemble_sl1_3357-c-Anna-Maria-Loeffelberger-e1609605627820-60x34.jpg 60w, https:\/\/www.orpheus-magazin.de\/wp-content\/uploads\/2021\/01\/FSG_Salzburg_Die-Blume-von-Hawaii-1600422936_9_hazelmcbainalexanderhuettnerundensemble_sl1_3357-c-Anna-Maria-Loeffelberger-e1609605627820-768x432.jpg 768w, https:\/\/www.orpheus-magazin.de\/wp-content\/uploads\/2021\/01\/FSG_Salzburg_Die-Blume-von-Hawaii-1600422936_9_hazelmcbainalexanderhuettnerundensemble_sl1_3357-c-Anna-Maria-Loeffelberger-e1609605627820-1024x575.jpg 1024w, https:\/\/www.orpheus-magazin.de\/wp-content\/uploads\/2021\/01\/FSG_Salzburg_Die-Blume-von-Hawaii-1600422936_9_hazelmcbainalexanderhuettnerundensemble_sl1_3357-c-Anna-Maria-Loeffelberger-e1609605627820-870x489.jpg 870w, https:\/\/www.orpheus-magazin.de\/wp-content\/uploads\/2021\/01\/FSG_Salzburg_Die-Blume-von-Hawaii-1600422936_9_hazelmcbainalexanderhuettnerundensemble_sl1_3357-c-Anna-Maria-Loeffelberger-e1609605627820-600x337.jpg 600w, https:\/\/www.orpheus-magazin.de\/wp-content\/uploads\/2021\/01\/FSG_Salzburg_Die-Blume-von-Hawaii-1600422936_9_hazelmcbainalexanderhuettnerundensemble_sl1_3357-c-Anna-Maria-Loeffelberger-e1609605627820-500x281.jpg 500w, https:\/\/www.orpheus-magazin.de\/wp-content\/uploads\/2021\/01\/FSG_Salzburg_Die-Blume-von-Hawaii-1600422936_9_hazelmcbainalexanderhuettnerundensemble_sl1_3357-c-Anna-Maria-Loeffelberger-e1609605627820-800x450.jpg 800w, https:\/\/www.orpheus-magazin.de\/wp-content\/uploads\/2021\/01\/FSG_Salzburg_Die-Blume-von-Hawaii-1600422936_9_hazelmcbainalexanderhuettnerundensemble_sl1_3357-c-Anna-Maria-Loeffelberger-e1609605627820-1280x719.jpg 1280w, https:\/\/www.orpheus-magazin.de\/wp-content\/uploads\/2021\/01\/FSG_Salzburg_Die-Blume-von-Hawaii-1600422936_9_hazelmcbainalexanderhuettnerundensemble_sl1_3357-c-Anna-Maria-Loeffelberger-e1609605627820.jpg 1500w\" sizes=\"(max-width: 1200px) 100vw, 1200px\" loading=\"eager\" \/><\/a><\/div><a class=\"wp-block-latest-posts__post-title\" href=\"https:\/\/www.orpheus-magazin.de\/de\/2020\/11\/01\/politische-wirren-im-suedseeparadies\/\">Politische Wirren im S\u00fcdseeparadies<\/a><div class=\"wp-block-latest-posts__post-excerpt\"><span class=\"location\">Salzburg \/ Salzburger Landestheater (September 2020)<\/span><\/br> Paul Abrahams \u201eDie Blume von Hawaii\u201c<\/div><\/li>\n<li><div class=\"wp-block-latest-posts__featured-image alignleft\"><a href=\"https:\/\/www.orpheus-magazin.de\/de\/2020\/11\/01\/spektakulaere-normalitaet\/\" aria-label=\"Spektakul\u00e4re Normalit\u00e4t\"><img decoding=\"async\" width=\"1200\" height=\"674\" src=\"https:\/\/www.orpheus-magazin.de\/wp-content\/uploads\/2021\/01\/FSG_Wiesbaden_Le-nozze-di-Figaro-WIESBADEN-Figaro-1-c-Karl-und-Monika-Forster-e1609604892770-1200x674.jpg\" class=\"attachment-medium size-medium wp-post-image\" alt=\"\" style=\"\" srcset=\"https:\/\/www.orpheus-magazin.de\/wp-content\/uploads\/2021\/01\/FSG_Wiesbaden_Le-nozze-di-Figaro-WIESBADEN-Figaro-1-c-Karl-und-Monika-Forster-e1609604892770-1200x674.jpg 1200w, https:\/\/www.orpheus-magazin.de\/wp-content\/uploads\/2021\/01\/FSG_Wiesbaden_Le-nozze-di-Figaro-WIESBADEN-Figaro-1-c-Karl-und-Monika-Forster-e1609604892770-18x10.jpg 18w, https:\/\/www.orpheus-magazin.de\/wp-content\/uploads\/2021\/01\/FSG_Wiesbaden_Le-nozze-di-Figaro-WIESBADEN-Figaro-1-c-Karl-und-Monika-Forster-e1609604892770-60x34.jpg 60w, https:\/\/www.orpheus-magazin.de\/wp-content\/uploads\/2021\/01\/FSG_Wiesbaden_Le-nozze-di-Figaro-WIESBADEN-Figaro-1-c-Karl-und-Monika-Forster-e1609604892770-768x432.jpg 768w, https:\/\/www.orpheus-magazin.de\/wp-content\/uploads\/2021\/01\/FSG_Wiesbaden_Le-nozze-di-Figaro-WIESBADEN-Figaro-1-c-Karl-und-Monika-Forster-e1609604892770-1024x575.jpg 1024w, https:\/\/www.orpheus-magazin.de\/wp-content\/uploads\/2021\/01\/FSG_Wiesbaden_Le-nozze-di-Figaro-WIESBADEN-Figaro-1-c-Karl-und-Monika-Forster-e1609604892770-870x489.jpg 870w, https:\/\/www.orpheus-magazin.de\/wp-content\/uploads\/2021\/01\/FSG_Wiesbaden_Le-nozze-di-Figaro-WIESBADEN-Figaro-1-c-Karl-und-Monika-Forster-e1609604892770-600x337.jpg 600w, https:\/\/www.orpheus-magazin.de\/wp-content\/uploads\/2021\/01\/FSG_Wiesbaden_Le-nozze-di-Figaro-WIESBADEN-Figaro-1-c-Karl-und-Monika-Forster-e1609604892770-500x281.jpg 500w, https:\/\/www.orpheus-magazin.de\/wp-content\/uploads\/2021\/01\/FSG_Wiesbaden_Le-nozze-di-Figaro-WIESBADEN-Figaro-1-c-Karl-und-Monika-Forster-e1609604892770-800x450.jpg 800w, https:\/\/www.orpheus-magazin.de\/wp-content\/uploads\/2021\/01\/FSG_Wiesbaden_Le-nozze-di-Figaro-WIESBADEN-Figaro-1-c-Karl-und-Monika-Forster-e1609604892770-1280x719.jpg 1280w, https:\/\/www.orpheus-magazin.de\/wp-content\/uploads\/2021\/01\/FSG_Wiesbaden_Le-nozze-di-Figaro-WIESBADEN-Figaro-1-c-Karl-und-Monika-Forster-e1609604892770.jpg 1500w\" sizes=\"(max-width: 1200px) 100vw, 1200px\" loading=\"eager\" \/><\/a><\/div><a class=\"wp-block-latest-posts__post-title\" href=\"https:\/\/www.orpheus-magazin.de\/de\/2020\/11\/01\/spektakulaere-normalitaet\/\">Spektakul\u00e4re Normalit\u00e4t<\/a><div class=\"wp-block-latest-posts__post-excerpt\"><span class=\"location\">Wiesbaden \/ Hessisches Staatstheater Wiesbaden (September 2020)<\/span><\/br> Covid-19 kann \u201eFigaros Hochzeit\u201c nichts anhaben<\/div><\/li>\n<li><div class=\"wp-block-latest-posts__featured-image alignleft\"><a href=\"https:\/\/www.orpheus-magazin.de\/de\/2020\/11\/01\/opera-buffa-trotzt-corona\/\" aria-label=\"Opera buffa trotzt Corona\"><img decoding=\"async\" width=\"1200\" height=\"674\" src=\"https:\/\/www.orpheus-magazin.de\/wp-content\/uploads\/2021\/01\/FSG_Wiesbaden_Il-barbiere-di-Siviglia-Wiesbaden-Barbier-1-c-Karl-und-Monika-Forster-e1609604495760-1200x674.jpg\" class=\"attachment-medium size-medium wp-post-image\" alt=\"\" style=\"\" srcset=\"https:\/\/www.orpheus-magazin.de\/wp-content\/uploads\/2021\/01\/FSG_Wiesbaden_Il-barbiere-di-Siviglia-Wiesbaden-Barbier-1-c-Karl-und-Monika-Forster-e1609604495760-1200x674.jpg 1200w, https:\/\/www.orpheus-magazin.de\/wp-content\/uploads\/2021\/01\/FSG_Wiesbaden_Il-barbiere-di-Siviglia-Wiesbaden-Barbier-1-c-Karl-und-Monika-Forster-e1609604495760-600x337.jpg 600w, https:\/\/www.orpheus-magazin.de\/wp-content\/uploads\/2021\/01\/FSG_Wiesbaden_Il-barbiere-di-Siviglia-Wiesbaden-Barbier-1-c-Karl-und-Monika-Forster-e1609604495760-768x432.jpg 768w, https:\/\/www.orpheus-magazin.de\/wp-content\/uploads\/2021\/01\/FSG_Wiesbaden_Il-barbiere-di-Siviglia-Wiesbaden-Barbier-1-c-Karl-und-Monika-Forster-e1609604495760-1024x575.jpg 1024w, https:\/\/www.orpheus-magazin.de\/wp-content\/uploads\/2021\/01\/FSG_Wiesbaden_Il-barbiere-di-Siviglia-Wiesbaden-Barbier-1-c-Karl-und-Monika-Forster-e1609604495760-18x10.jpg 18w, https:\/\/www.orpheus-magazin.de\/wp-content\/uploads\/2021\/01\/FSG_Wiesbaden_Il-barbiere-di-Siviglia-Wiesbaden-Barbier-1-c-Karl-und-Monika-Forster-e1609604495760-870x489.jpg 870w, https:\/\/www.orpheus-magazin.de\/wp-content\/uploads\/2021\/01\/FSG_Wiesbaden_Il-barbiere-di-Siviglia-Wiesbaden-Barbier-1-c-Karl-und-Monika-Forster-e1609604495760-60x34.jpg 60w, https:\/\/www.orpheus-magazin.de\/wp-content\/uploads\/2021\/01\/FSG_Wiesbaden_Il-barbiere-di-Siviglia-Wiesbaden-Barbier-1-c-Karl-und-Monika-Forster-e1609604495760.jpg 1500w\" sizes=\"(max-width: 1200px) 100vw, 1200px\" loading=\"eager\" \/><\/a><\/div><a class=\"wp-block-latest-posts__post-title\" href=\"https:\/\/www.orpheus-magazin.de\/de\/2020\/11\/01\/opera-buffa-trotzt-corona\/\">Opera buffa trotzt Corona<\/a><div class=\"wp-block-latest-posts__post-excerpt\"><span class=\"location\">Wiesbaden \/ Hessisches Staatstheater Wiesbaden (September 2020)<\/span><\/br> Rossinis \u201eBarbier\u201c setzt die subversive Kraft des Lachens frei<\/div><\/li>\n<li><div class=\"wp-block-latest-posts__featured-image alignleft\"><a href=\"https:\/\/www.orpheus-magazin.de\/de\/2020\/11\/01\/philosophie-in-starken-bildern\/\" aria-label=\"Philosophie in starken Bildern\"><img decoding=\"async\" width=\"1200\" height=\"679\" src=\"https:\/\/www.orpheus-magazin.de\/wp-content\/uploads\/2021\/01\/FSG_Magdeburg_La-clemenza-di-Tito-08_Titus-HPO_00752-144_Emilie-Renard-Emanuele-DAguanno_c_Nilz-Boehme-e1609603025882-1200x679.jpg\" class=\"attachment-medium size-medium wp-post-image\" alt=\"\" style=\"\" srcset=\"https:\/\/www.orpheus-magazin.de\/wp-content\/uploads\/2021\/01\/FSG_Magdeburg_La-clemenza-di-Tito-08_Titus-HPO_00752-144_Emilie-Renard-Emanuele-DAguanno_c_Nilz-Boehme-e1609603025882-1200x679.jpg 1200w, https:\/\/www.orpheus-magazin.de\/wp-content\/uploads\/2021\/01\/FSG_Magdeburg_La-clemenza-di-Tito-08_Titus-HPO_00752-144_Emilie-Renard-Emanuele-DAguanno_c_Nilz-Boehme-e1609603025882-600x339.jpg 600w, https:\/\/www.orpheus-magazin.de\/wp-content\/uploads\/2021\/01\/FSG_Magdeburg_La-clemenza-di-Tito-08_Titus-HPO_00752-144_Emilie-Renard-Emanuele-DAguanno_c_Nilz-Boehme-e1609603025882-768x434.jpg 768w, https:\/\/www.orpheus-magazin.de\/wp-content\/uploads\/2021\/01\/FSG_Magdeburg_La-clemenza-di-Tito-08_Titus-HPO_00752-144_Emilie-Renard-Emanuele-DAguanno_c_Nilz-Boehme-e1609603025882-1024x579.jpg 1024w, https:\/\/www.orpheus-magazin.de\/wp-content\/uploads\/2021\/01\/FSG_Magdeburg_La-clemenza-di-Tito-08_Titus-HPO_00752-144_Emilie-Renard-Emanuele-DAguanno_c_Nilz-Boehme-e1609603025882-18x10.jpg 18w, https:\/\/www.orpheus-magazin.de\/wp-content\/uploads\/2021\/01\/FSG_Magdeburg_La-clemenza-di-Tito-08_Titus-HPO_00752-144_Emilie-Renard-Emanuele-DAguanno_c_Nilz-Boehme-e1609603025882-870x492.jpg 870w, https:\/\/www.orpheus-magazin.de\/wp-content\/uploads\/2021\/01\/FSG_Magdeburg_La-clemenza-di-Tito-08_Titus-HPO_00752-144_Emilie-Renard-Emanuele-DAguanno_c_Nilz-Boehme-e1609603025882-60x34.jpg 60w, https:\/\/www.orpheus-magazin.de\/wp-content\/uploads\/2021\/01\/FSG_Magdeburg_La-clemenza-di-Tito-08_Titus-HPO_00752-144_Emilie-Renard-Emanuele-DAguanno_c_Nilz-Boehme-e1609603025882.jpg 1499w\" sizes=\"(max-width: 1200px) 100vw, 1200px\" loading=\"eager\" \/><\/a><\/div><a class=\"wp-block-latest-posts__post-title\" href=\"https:\/\/www.orpheus-magazin.de\/de\/2020\/11\/01\/philosophie-in-starken-bildern\/\">Philosophie in starken Bildern<\/a><div class=\"wp-block-latest-posts__post-excerpt\"><span class=\"location\">Magdeburg \/ Theater Magdeburg (September 2020)<\/span><\/br> Mozarts \u201eLa clemenza di Tito\u201c in au\u00dfergew\u00f6hnlicher Ensemble-Qualit\u00e4t<\/div><\/li>\n<li><div class=\"wp-block-latest-posts__featured-image alignleft\"><a href=\"https:\/\/www.orpheus-magazin.de\/de\/2020\/11\/01\/umjubelter-corona-verdi\/\" aria-label=\"Umjubelter Corona-Verdi\"><img decoding=\"async\" width=\"1200\" height=\"674\" src=\"https:\/\/www.orpheus-magazin.de\/wp-content\/uploads\/2021\/01\/FSG_Kassel_Lultimo-sogno-Vlada-BorovkaGiordano-Luca-c-N.-Klinger-e1609602516653-1200x674.jpg\" class=\"attachment-medium size-medium wp-post-image\" alt=\"\" style=\"\" srcset=\"https:\/\/www.orpheus-magazin.de\/wp-content\/uploads\/2021\/01\/FSG_Kassel_Lultimo-sogno-Vlada-BorovkaGiordano-Luca-c-N.-Klinger-e1609602516653-1200x674.jpg 1200w, https:\/\/www.orpheus-magazin.de\/wp-content\/uploads\/2021\/01\/FSG_Kassel_Lultimo-sogno-Vlada-BorovkaGiordano-Luca-c-N.-Klinger-e1609602516653-600x337.jpg 600w, https:\/\/www.orpheus-magazin.de\/wp-content\/uploads\/2021\/01\/FSG_Kassel_Lultimo-sogno-Vlada-BorovkaGiordano-Luca-c-N.-Klinger-e1609602516653-768x432.jpg 768w, https:\/\/www.orpheus-magazin.de\/wp-content\/uploads\/2021\/01\/FSG_Kassel_Lultimo-sogno-Vlada-BorovkaGiordano-Luca-c-N.-Klinger-e1609602516653-1024x575.jpg 1024w, https:\/\/www.orpheus-magazin.de\/wp-content\/uploads\/2021\/01\/FSG_Kassel_Lultimo-sogno-Vlada-BorovkaGiordano-Luca-c-N.-Klinger-e1609602516653-18x10.jpg 18w, https:\/\/www.orpheus-magazin.de\/wp-content\/uploads\/2021\/01\/FSG_Kassel_Lultimo-sogno-Vlada-BorovkaGiordano-Luca-c-N.-Klinger-e1609602516653-870x489.jpg 870w, https:\/\/www.orpheus-magazin.de\/wp-content\/uploads\/2021\/01\/FSG_Kassel_Lultimo-sogno-Vlada-BorovkaGiordano-Luca-c-N.-Klinger-e1609602516653-60x34.jpg 60w, https:\/\/www.orpheus-magazin.de\/wp-content\/uploads\/2021\/01\/FSG_Kassel_Lultimo-sogno-Vlada-BorovkaGiordano-Luca-c-N.-Klinger-e1609602516653.jpg 1500w\" sizes=\"(max-width: 1200px) 100vw, 1200px\" loading=\"eager\" \/><\/a><\/div><a class=\"wp-block-latest-posts__post-title\" href=\"https:\/\/www.orpheus-magazin.de\/de\/2020\/11\/01\/umjubelter-corona-verdi\/\">Umjubelter Corona-Verdi<\/a><div class=\"wp-block-latest-posts__post-excerpt\"><span class=\"location\">Kassel \/ Staatstheater Kassel (September 2020)<\/span><\/br> Fiebernder Geniestreich \u201eL\u2019ultimo sogno\u201c<\/div><\/li>\n<li><div class=\"wp-block-latest-posts__featured-image alignleft\"><a href=\"https:\/\/www.orpheus-magazin.de\/de\/2020\/11\/01\/eingewickelt-ausgewickelt\/\" aria-label=\"Eingewickelt &#8211; ausgewickelt\"><img decoding=\"async\" width=\"1200\" height=\"674\" src=\"https:\/\/www.orpheus-magazin.de\/wp-content\/uploads\/2021\/01\/FSG_Hamburg_molto-agitato-HSO_molto_agitato_2020_c-Monika_Rittershaus_17_klein_1-e1609601976806-1200x674.jpg\" class=\"attachment-medium size-medium wp-post-image\" alt=\"\" style=\"\" srcset=\"https:\/\/www.orpheus-magazin.de\/wp-content\/uploads\/2021\/01\/FSG_Hamburg_molto-agitato-HSO_molto_agitato_2020_c-Monika_Rittershaus_17_klein_1-e1609601976806-1200x674.jpg 1200w, https:\/\/www.orpheus-magazin.de\/wp-content\/uploads\/2021\/01\/FSG_Hamburg_molto-agitato-HSO_molto_agitato_2020_c-Monika_Rittershaus_17_klein_1-e1609601976806-600x337.jpg 600w, https:\/\/www.orpheus-magazin.de\/wp-content\/uploads\/2021\/01\/FSG_Hamburg_molto-agitato-HSO_molto_agitato_2020_c-Monika_Rittershaus_17_klein_1-e1609601976806-768x432.jpg 768w, https:\/\/www.orpheus-magazin.de\/wp-content\/uploads\/2021\/01\/FSG_Hamburg_molto-agitato-HSO_molto_agitato_2020_c-Monika_Rittershaus_17_klein_1-e1609601976806-1024x575.jpg 1024w, https:\/\/www.orpheus-magazin.de\/wp-content\/uploads\/2021\/01\/FSG_Hamburg_molto-agitato-HSO_molto_agitato_2020_c-Monika_Rittershaus_17_klein_1-e1609601976806-18x10.jpg 18w, https:\/\/www.orpheus-magazin.de\/wp-content\/uploads\/2021\/01\/FSG_Hamburg_molto-agitato-HSO_molto_agitato_2020_c-Monika_Rittershaus_17_klein_1-e1609601976806-870x489.jpg 870w, https:\/\/www.orpheus-magazin.de\/wp-content\/uploads\/2021\/01\/FSG_Hamburg_molto-agitato-HSO_molto_agitato_2020_c-Monika_Rittershaus_17_klein_1-e1609601976806-60x34.jpg 60w, https:\/\/www.orpheus-magazin.de\/wp-content\/uploads\/2021\/01\/FSG_Hamburg_molto-agitato-HSO_molto_agitato_2020_c-Monika_Rittershaus_17_klein_1-e1609601976806.jpg 1500w\" sizes=\"(max-width: 1200px) 100vw, 1200px\" loading=\"eager\" \/><\/a><\/div><a class=\"wp-block-latest-posts__post-title\" href=\"https:\/\/www.orpheus-magazin.de\/de\/2020\/11\/01\/eingewickelt-ausgewickelt\/\">Eingewickelt &#8211; ausgewickelt<\/a><div class=\"wp-block-latest-posts__post-excerpt\"><span class=\"location\">Hamburg \/ Staatsoper Hamburg (September 2020)<\/span><\/br> Spielzeiter\u00f6ffnung mit der Collage \u201emolto agitato\u201c<\/div><\/li>\n<li><div class=\"wp-block-latest-posts__featured-image alignleft\"><a href=\"https:\/\/www.orpheus-magazin.de\/de\/2020\/11\/01\/seelensprache\/\" aria-label=\"Seelensprache\"><img decoding=\"async\" width=\"1200\" height=\"2102\" src=\"https:\/\/www.orpheus-magazin.de\/wp-content\/uploads\/2021\/01\/FSG_Frankfurt-am-Main_The-Medium-4285_themedium012_gross-c-Barbara-Aumueller-1200x2102.jpg\" class=\"attachment-medium size-medium wp-post-image\" alt=\"\" style=\"\" srcset=\"https:\/\/www.orpheus-magazin.de\/wp-content\/uploads\/2021\/01\/FSG_Frankfurt-am-Main_The-Medium-4285_themedium012_gross-c-Barbara-Aumueller-1200x2102.jpg 1200w, https:\/\/www.orpheus-magazin.de\/wp-content\/uploads\/2021\/01\/FSG_Frankfurt-am-Main_The-Medium-4285_themedium012_gross-c-Barbara-Aumueller-1169x2048.jpg 1169w, https:\/\/www.orpheus-magazin.de\/wp-content\/uploads\/2021\/01\/FSG_Frankfurt-am-Main_The-Medium-4285_themedium012_gross-c-Barbara-Aumueller-870x1524.jpg 870w, https:\/\/www.orpheus-magazin.de\/wp-content\/uploads\/2021\/01\/FSG_Frankfurt-am-Main_The-Medium-4285_themedium012_gross-c-Barbara-Aumueller-768x1345.jpg 768w, https:\/\/www.orpheus-magazin.de\/wp-content\/uploads\/2021\/01\/FSG_Frankfurt-am-Main_The-Medium-4285_themedium012_gross-c-Barbara-Aumueller-877x1536.jpg 877w, https:\/\/www.orpheus-magazin.de\/wp-content\/uploads\/2021\/01\/FSG_Frankfurt-am-Main_The-Medium-4285_themedium012_gross-c-Barbara-Aumueller-7x12.jpg 7w, https:\/\/www.orpheus-magazin.de\/wp-content\/uploads\/2021\/01\/FSG_Frankfurt-am-Main_The-Medium-4285_themedium012_gross-c-Barbara-Aumueller-60x105.jpg 60w, https:\/\/www.orpheus-magazin.de\/wp-content\/uploads\/2021\/01\/FSG_Frankfurt-am-Main_The-Medium-4285_themedium012_gross-c-Barbara-Aumueller-600x1051.jpg 600w, https:\/\/www.orpheus-magazin.de\/wp-content\/uploads\/2021\/01\/FSG_Frankfurt-am-Main_The-Medium-4285_themedium012_gross-c-Barbara-Aumueller-scaled.jpg 1462w\" sizes=\"(max-width: 1200px) 100vw, 1200px\" loading=\"eager\" \/><\/a><\/div><a class=\"wp-block-latest-posts__post-title\" href=\"https:\/\/www.orpheus-magazin.de\/de\/2020\/11\/01\/seelensprache\/\">Seelensprache<\/a><div class=\"wp-block-latest-posts__post-excerpt\"><span class=\"location\">Frankfurt am Main \/ Oper Frankfurt (September 2020)<\/span><\/br> Intelligent konzipierter Abend rund um Menottis \u201eThe Medium\u201c<\/div><\/li>\n<li><div class=\"wp-block-latest-posts__featured-image alignleft\"><a href=\"https:\/\/www.orpheus-magazin.de\/de\/2020\/11\/01\/nur-daheim-ist-auch-keine-loesung\/\" aria-label=\"Nur daheim ist auch keine L\u00f6sung\u00a0\"><img decoding=\"async\" width=\"300\" height=\"169\" src=\"https:\/\/www.orpheus-magazin.de\/wp-content\/uploads\/2020\/11\/rezension_orph06_nur_daheim_ist_auch_keine_loesung_erfurt-e1606818609467-300x169.jpg\" class=\"attachment-medium size-medium wp-post-image\" alt=\"Foto Lutz Edelhoff\" style=\"\" srcset=\"https:\/\/www.orpheus-magazin.de\/wp-content\/uploads\/2020\/11\/rezension_orph06_nur_daheim_ist_auch_keine_loesung_erfurt-e1606818609467-300x169.jpg 300w, https:\/\/www.orpheus-magazin.de\/wp-content\/uploads\/2020\/11\/rezension_orph06_nur_daheim_ist_auch_keine_loesung_erfurt-e1606818609467-768x432.jpg 768w, https:\/\/www.orpheus-magazin.de\/wp-content\/uploads\/2020\/11\/rezension_orph06_nur_daheim_ist_auch_keine_loesung_erfurt-e1606818609467-18x10.jpg 18w, https:\/\/www.orpheus-magazin.de\/wp-content\/uploads\/2020\/11\/rezension_orph06_nur_daheim_ist_auch_keine_loesung_erfurt-e1606818609467-870x489.jpg 870w, https:\/\/www.orpheus-magazin.de\/wp-content\/uploads\/2020\/11\/rezension_orph06_nur_daheim_ist_auch_keine_loesung_erfurt-e1606818609467-60x34.jpg 60w, https:\/\/www.orpheus-magazin.de\/wp-content\/uploads\/2020\/11\/rezension_orph06_nur_daheim_ist_auch_keine_loesung_erfurt-e1606818609467-600x338.jpg 600w, https:\/\/www.orpheus-magazin.de\/wp-content\/uploads\/2020\/11\/rezension_orph06_nur_daheim_ist_auch_keine_loesung_erfurt-e1606818609467.jpg 1024w\" sizes=\"(max-width: 300px) 100vw, 300px\" loading=\"eager\" \/><\/a><\/div><a class=\"wp-block-latest-posts__post-title\" href=\"https:\/\/www.orpheus-magazin.de\/de\/2020\/11\/01\/nur-daheim-ist-auch-keine-loesung\/\">Nur daheim ist auch keine L\u00f6sung\u00a0<\/a><div class=\"wp-block-latest-posts__post-excerpt\"><span class=\"location\">Erfurt \/ Theater Erfurt (September 2020)<\/span><br>\nSpielzeiter\u00f6ffnung mit einem faszinierenden \u201eDrunter und Dr\u00fcber\u201c<\/div><\/li>\n<li><div class=\"wp-block-latest-posts__featured-image alignleft\"><a href=\"https:\/\/www.orpheus-magazin.de\/de\/2020\/11\/01\/einsamkeitstheater-einer-virtuosin\/\" aria-label=\"Einsamkeitstheater einer Virtuosin\"><img decoding=\"async\" width=\"300\" height=\"169\" src=\"https:\/\/www.orpheus-magazin.de\/wp-content\/uploads\/2020\/11\/rezension_orph06_einsamkeitstheater_einer_virtuosin_berlin-e1606818853250-300x169.jpg\" class=\"attachment-medium size-medium wp-post-image\" alt=\"Foto Monika Rittershaus\" style=\"\" srcset=\"https:\/\/www.orpheus-magazin.de\/wp-content\/uploads\/2020\/11\/rezension_orph06_einsamkeitstheater_einer_virtuosin_berlin-e1606818853250-300x169.jpg 300w, https:\/\/www.orpheus-magazin.de\/wp-content\/uploads\/2020\/11\/rezension_orph06_einsamkeitstheater_einer_virtuosin_berlin-e1606818853250-768x432.jpg 768w, https:\/\/www.orpheus-magazin.de\/wp-content\/uploads\/2020\/11\/rezension_orph06_einsamkeitstheater_einer_virtuosin_berlin-e1606818853250-18x10.jpg 18w, https:\/\/www.orpheus-magazin.de\/wp-content\/uploads\/2020\/11\/rezension_orph06_einsamkeitstheater_einer_virtuosin_berlin-e1606818853250-870x489.jpg 870w, https:\/\/www.orpheus-magazin.de\/wp-content\/uploads\/2020\/11\/rezension_orph06_einsamkeitstheater_einer_virtuosin_berlin-e1606818853250-60x34.jpg 60w, https:\/\/www.orpheus-magazin.de\/wp-content\/uploads\/2020\/11\/rezension_orph06_einsamkeitstheater_einer_virtuosin_berlin-e1606818853250-600x338.jpg 600w, https:\/\/www.orpheus-magazin.de\/wp-content\/uploads\/2020\/11\/rezension_orph06_einsamkeitstheater_einer_virtuosin_berlin-e1606818853250.jpg 1024w\" sizes=\"(max-width: 300px) 100vw, 300px\" loading=\"eager\" \/><\/a><\/div><a class=\"wp-block-latest-posts__post-title\" href=\"https:\/\/www.orpheus-magazin.de\/de\/2020\/11\/01\/einsamkeitstheater-einer-virtuosin\/\">Einsamkeitstheater einer Virtuosin<\/a><div class=\"wp-block-latest-posts__post-excerpt\"><span class=\"location\">Berlin \/ Komische Oper Berlin (September 2020)<\/span><\/br>\nDagmar Manzel in symbolistischer Parforce-Tour \u201ePierrot Lunaire\u201c<\/div><\/li>\n<li><div class=\"wp-block-latest-posts__featured-image alignleft\"><a href=\"https:\/\/www.orpheus-magazin.de\/de\/2020\/11\/01\/auf-dem-nebengleis\/\" aria-label=\"Auf dem Nebengleis\"><img decoding=\"async\" width=\"1200\" height=\"674\" src=\"https:\/\/www.orpheus-magazin.de\/wp-content\/uploads\/2021\/01\/FSG_Berlin_Die-Walkuere-Berlin-DOB-Walkuere-3-c-Bernd-Uhlig-e1609583940540-1200x674.jpg\" class=\"attachment-medium size-medium wp-post-image\" alt=\"\" style=\"\" srcset=\"https:\/\/www.orpheus-magazin.de\/wp-content\/uploads\/2021\/01\/FSG_Berlin_Die-Walkuere-Berlin-DOB-Walkuere-3-c-Bernd-Uhlig-e1609583940540-1200x674.jpg 1200w, https:\/\/www.orpheus-magazin.de\/wp-content\/uploads\/2021\/01\/FSG_Berlin_Die-Walkuere-Berlin-DOB-Walkuere-3-c-Bernd-Uhlig-e1609583940540-600x337.jpg 600w, https:\/\/www.orpheus-magazin.de\/wp-content\/uploads\/2021\/01\/FSG_Berlin_Die-Walkuere-Berlin-DOB-Walkuere-3-c-Bernd-Uhlig-e1609583940540-768x432.jpg 768w, https:\/\/www.orpheus-magazin.de\/wp-content\/uploads\/2021\/01\/FSG_Berlin_Die-Walkuere-Berlin-DOB-Walkuere-3-c-Bernd-Uhlig-e1609583940540-1024x575.jpg 1024w, https:\/\/www.orpheus-magazin.de\/wp-content\/uploads\/2021\/01\/FSG_Berlin_Die-Walkuere-Berlin-DOB-Walkuere-3-c-Bernd-Uhlig-e1609583940540-18x10.jpg 18w, https:\/\/www.orpheus-magazin.de\/wp-content\/uploads\/2021\/01\/FSG_Berlin_Die-Walkuere-Berlin-DOB-Walkuere-3-c-Bernd-Uhlig-e1609583940540-870x489.jpg 870w, https:\/\/www.orpheus-magazin.de\/wp-content\/uploads\/2021\/01\/FSG_Berlin_Die-Walkuere-Berlin-DOB-Walkuere-3-c-Bernd-Uhlig-e1609583940540-60x34.jpg 60w, https:\/\/www.orpheus-magazin.de\/wp-content\/uploads\/2021\/01\/FSG_Berlin_Die-Walkuere-Berlin-DOB-Walkuere-3-c-Bernd-Uhlig-e1609583940540.jpg 1500w\" sizes=\"(max-width: 1200px) 100vw, 1200px\" loading=\"eager\" \/><\/a><\/div><a class=\"wp-block-latest-posts__post-title\" href=\"https:\/\/www.orpheus-magazin.de\/de\/2020\/11\/01\/auf-dem-nebengleis\/\">Auf dem Nebengleis<\/a><div class=\"wp-block-latest-posts__post-excerpt\"><span class=\"location\">Berlin \/ Deutsche Oper Berlin (September 2020)<\/span><\/br>Stefan Herheim kapriziert sich in der \u201eWalk\u00fcre\u201c auf Sekund\u00e4res<\/div><\/li>\n<li><div class=\"wp-block-latest-posts__featured-image alignleft\"><a href=\"https:\/\/www.orpheus-magazin.de\/de\/2020\/11\/01\/neuer-stern-am-barockhimmel\/\" aria-label=\"Neuer Stern am Barockhimmel\"><img decoding=\"async\" width=\"300\" height=\"169\" src=\"https:\/\/www.orpheus-magazin.de\/wp-content\/uploads\/2020\/11\/rezension_orph06_neuer_stern_am_barockhimmel_bayreuth-e1606818896579-300x169.jpg\" class=\"attachment-medium size-medium wp-post-image\" alt=\"Foto Falk von Traubenberg\" style=\"\" srcset=\"https:\/\/www.orpheus-magazin.de\/wp-content\/uploads\/2020\/11\/rezension_orph06_neuer_stern_am_barockhimmel_bayreuth-e1606818896579-300x169.jpg 300w, https:\/\/www.orpheus-magazin.de\/wp-content\/uploads\/2020\/11\/rezension_orph06_neuer_stern_am_barockhimmel_bayreuth-e1606818896579-768x432.jpg 768w, https:\/\/www.orpheus-magazin.de\/wp-content\/uploads\/2020\/11\/rezension_orph06_neuer_stern_am_barockhimmel_bayreuth-e1606818896579-18x10.jpg 18w, https:\/\/www.orpheus-magazin.de\/wp-content\/uploads\/2020\/11\/rezension_orph06_neuer_stern_am_barockhimmel_bayreuth-e1606818896579-870x489.jpg 870w, https:\/\/www.orpheus-magazin.de\/wp-content\/uploads\/2020\/11\/rezension_orph06_neuer_stern_am_barockhimmel_bayreuth-e1606818896579-60x34.jpg 60w, https:\/\/www.orpheus-magazin.de\/wp-content\/uploads\/2020\/11\/rezension_orph06_neuer_stern_am_barockhimmel_bayreuth-e1606818896579-600x338.jpg 600w, https:\/\/www.orpheus-magazin.de\/wp-content\/uploads\/2020\/11\/rezension_orph06_neuer_stern_am_barockhimmel_bayreuth-e1606818896579.jpg 1024w\" sizes=\"(max-width: 300px) 100vw, 300px\" loading=\"eager\" \/><\/a><\/div><a class=\"wp-block-latest-posts__post-title\" href=\"https:\/\/www.orpheus-magazin.de\/de\/2020\/11\/01\/neuer-stern-am-barockhimmel\/\">Neuer Stern am Barockhimmel<\/a><div class=\"wp-block-latest-posts__post-excerpt\"><span class=\"location\">Bayreuth \/ Bayreuth Baroque Opera Festival (September 2020)<\/span><\/br>Fulminanter Einstand mit Porpora-Rarit\u00e4t \u201eCarlo il Calvo\u201c<\/div><\/li>\n<li><div class=\"wp-block-latest-posts__featured-image alignleft\"><a href=\"https:\/\/www.orpheus-magazin.de\/de\/2020\/11\/01\/gut-gestylt\/\" aria-label=\"Gut gestylt\"><img decoding=\"async\" width=\"300\" height=\"169\" src=\"https:\/\/www.orpheus-magazin.de\/wp-content\/uploads\/2020\/11\/rezension_orph06_git_gestyled_chemnitz-e1606818662731-300x169.jpg\" class=\"attachment-medium size-medium wp-post-image\" alt=\"Foto Nasser Hashemi\" style=\"\" srcset=\"https:\/\/www.orpheus-magazin.de\/wp-content\/uploads\/2020\/11\/rezension_orph06_git_gestyled_chemnitz-e1606818662731-300x169.jpg 300w, https:\/\/www.orpheus-magazin.de\/wp-content\/uploads\/2020\/11\/rezension_orph06_git_gestyled_chemnitz-e1606818662731-768x432.jpg 768w, https:\/\/www.orpheus-magazin.de\/wp-content\/uploads\/2020\/11\/rezension_orph06_git_gestyled_chemnitz-e1606818662731-18x10.jpg 18w, https:\/\/www.orpheus-magazin.de\/wp-content\/uploads\/2020\/11\/rezension_orph06_git_gestyled_chemnitz-e1606818662731-870x489.jpg 870w, https:\/\/www.orpheus-magazin.de\/wp-content\/uploads\/2020\/11\/rezension_orph06_git_gestyled_chemnitz-e1606818662731-60x34.jpg 60w, https:\/\/www.orpheus-magazin.de\/wp-content\/uploads\/2020\/11\/rezension_orph06_git_gestyled_chemnitz-e1606818662731-600x338.jpg 600w, https:\/\/www.orpheus-magazin.de\/wp-content\/uploads\/2020\/11\/rezension_orph06_git_gestyled_chemnitz-e1606818662731.jpg 1024w\" sizes=\"(max-width: 300px) 100vw, 300px\" loading=\"eager\" \/><\/a><\/div><a class=\"wp-block-latest-posts__post-title\" href=\"https:\/\/www.orpheus-magazin.de\/de\/2020\/11\/01\/gut-gestylt\/\">Gut gestylt<\/a><div class=\"wp-block-latest-posts__post-excerpt\"><span class=\"location\">Chemnitz \/ Theater Chemnitz (August 2020)<\/span><\/br>\nLove and Rock im unverw\u00fcstlichen Musical-Klassiker \u201eHair\u201c<\/div><\/li>\n<li><div class=\"wp-block-latest-posts__featured-image alignleft\"><a href=\"https:\/\/www.orpheus-magazin.de\/de\/2020\/11\/01\/mehr-als-ein-lebenszeichen\/\" aria-label=\"Mehr als ein Lebenszeichen\"><img decoding=\"async\" width=\"1200\" height=\"674\" src=\"https:\/\/www.orpheus-magazin.de\/wp-content\/uploads\/2021\/01\/FSG_Bregenz_Festtage-im-Festspielhaus-9286_306-c-Bregenzer-Festspiele-Karl-Forster-e1609605262172-1200x674.jpg\" class=\"attachment-medium size-medium wp-post-image\" alt=\"\" style=\"\" srcset=\"https:\/\/www.orpheus-magazin.de\/wp-content\/uploads\/2021\/01\/FSG_Bregenz_Festtage-im-Festspielhaus-9286_306-c-Bregenzer-Festspiele-Karl-Forster-e1609605262172-1200x674.jpg 1200w, https:\/\/www.orpheus-magazin.de\/wp-content\/uploads\/2021\/01\/FSG_Bregenz_Festtage-im-Festspielhaus-9286_306-c-Bregenzer-Festspiele-Karl-Forster-e1609605262172-18x10.jpg 18w, https:\/\/www.orpheus-magazin.de\/wp-content\/uploads\/2021\/01\/FSG_Bregenz_Festtage-im-Festspielhaus-9286_306-c-Bregenzer-Festspiele-Karl-Forster-e1609605262172-60x34.jpg 60w, https:\/\/www.orpheus-magazin.de\/wp-content\/uploads\/2021\/01\/FSG_Bregenz_Festtage-im-Festspielhaus-9286_306-c-Bregenzer-Festspiele-Karl-Forster-e1609605262172-768x432.jpg 768w, https:\/\/www.orpheus-magazin.de\/wp-content\/uploads\/2021\/01\/FSG_Bregenz_Festtage-im-Festspielhaus-9286_306-c-Bregenzer-Festspiele-Karl-Forster-e1609605262172-1024x575.jpg 1024w, https:\/\/www.orpheus-magazin.de\/wp-content\/uploads\/2021\/01\/FSG_Bregenz_Festtage-im-Festspielhaus-9286_306-c-Bregenzer-Festspiele-Karl-Forster-e1609605262172-870x489.jpg 870w, https:\/\/www.orpheus-magazin.de\/wp-content\/uploads\/2021\/01\/FSG_Bregenz_Festtage-im-Festspielhaus-9286_306-c-Bregenzer-Festspiele-Karl-Forster-e1609605262172-600x337.jpg 600w, https:\/\/www.orpheus-magazin.de\/wp-content\/uploads\/2021\/01\/FSG_Bregenz_Festtage-im-Festspielhaus-9286_306-c-Bregenzer-Festspiele-Karl-Forster-e1609605262172-500x281.jpg 500w, https:\/\/www.orpheus-magazin.de\/wp-content\/uploads\/2021\/01\/FSG_Bregenz_Festtage-im-Festspielhaus-9286_306-c-Bregenzer-Festspiele-Karl-Forster-e1609605262172-800x450.jpg 800w, https:\/\/www.orpheus-magazin.de\/wp-content\/uploads\/2021\/01\/FSG_Bregenz_Festtage-im-Festspielhaus-9286_306-c-Bregenzer-Festspiele-Karl-Forster-e1609605262172-1280x719.jpg 1280w, https:\/\/www.orpheus-magazin.de\/wp-content\/uploads\/2021\/01\/FSG_Bregenz_Festtage-im-Festspielhaus-9286_306-c-Bregenzer-Festspiele-Karl-Forster-e1609605262172.jpg 1500w\" sizes=\"(max-width: 1200px) 100vw, 1200px\" loading=\"eager\" \/><\/a><\/div><a class=\"wp-block-latest-posts__post-title\" href=\"https:\/\/www.orpheus-magazin.de\/de\/2020\/11\/01\/mehr-als-ein-lebenszeichen\/\">Mehr als ein Lebenszeichen<\/a><div class=\"wp-block-latest-posts__post-excerpt\"><span class=\"location\">Bregenz \/ Bregenzer Festspiele (August 2020)<\/span><\/br> Impressionen von den \u201eFesttagen im Festspielhaus\u201c<\/div><\/li>\n<\/ul>\n\n\n<div style=\"height:20px\" aria-hidden=\"true\" class=\"wp-block-spacer\"><\/div>","protected":false},"excerpt":{"rendered":"","protected":false},"author":14,"featured_media":0,"parent":0,"menu_order":0,"comment_status":"closed","ping_status":"closed","template":"","meta":{"tpgb_global_settings":"","_editorskit_title_hidden":true,"_editorskit_reading_time":1,"_editorskit_is_block_options_detached":false,"_editorskit_block_options_position":"{}","_eb_attr":"","footnotes":""},"class_list":["post-4003","page","type-page","status-publish","hentry"],"tpgb_featured_images":null,"tpgb_post_meta_info":{"get_date":"2. Januar 2021","get_modified_date":"2. Januar 2021","author_name":"Silvia Murauer","author_url":"https:\/\/www.orpheus-magazin.de\/de\/author\/mailsilviamurauer-de\/","author_email":"mail@silviamurauer.de","author_website":"","author_description":"","author_facebook":"","author_twitter":"","author_instagram":"","author_role":["administrator"],"author_firstname":"Silvia","author_lastname":"Murauer","user_login":"mail@silviamurauer.de","author_avatar":"<img alt='' src='https:\/\/secure.gravatar.com\/avatar\/f621fd74b09e85b40b2840fd83e82293b9a74c7122761b5607082e36ece1f9d0?s=200&#038;d=mm&#038;r=g' srcset='https:\/\/secure.gravatar.com\/avatar\/f621fd74b09e85b40b2840fd83e82293b9a74c7122761b5607082e36ece1f9d0?s=400&#038;d=mm&#038;r=g 2x' class='avatar avatar-200 photo' height='200' width='200' decoding='async'\/>","author_avatar_url":"https:\/\/secure.gravatar.com\/avatar\/f621fd74b09e85b40b2840fd83e82293b9a74c7122761b5607082e36ece1f9d0?s=96&d=mm&r=g","comment_count":0,"post_likes":0,"post_views":0},"tpgb_post_category":[],"_links":{"self":[{"href":"https:\/\/www.orpheus-magazin.de\/de\/wp-json\/wp\/v2\/pages\/4003","targetHints":{"allow":["GET"]}}],"collection":[{"href":"https:\/\/www.orpheus-magazin.de\/de\/wp-json\/wp\/v2\/pages"}],"about":[{"href":"https:\/\/www.orpheus-magazin.de\/de\/wp-json\/wp\/v2\/types\/page"}],"author":[{"embeddable":true,"href":"https:\/\/www.orpheus-magazin.de\/de\/wp-json\/wp\/v2\/users\/14"}],"replies":[{"embeddable":true,"href":"https:\/\/www.orpheus-magazin.de\/de\/wp-json\/wp\/v2\/comments?post=4003"}],"version-history":[{"count":0,"href":"https:\/\/www.orpheus-magazin.de\/de\/wp-json\/wp\/v2\/pages\/4003\/revisions"}],"wp:attachment":[{"href":"https:\/\/www.orpheus-magazin.de\/de\/wp-json\/wp\/v2\/media?parent=4003"}],"curies":[{"name":"wp","href":"https:\/\/api.w.org\/{rel}","templated":true}]}}