{"id":5275,"date":"2021-02-27T21:48:52","date_gmt":"2021-02-27T20:48:52","guid":{"rendered":"https:\/\/www.orpheus-magazin.de\/?page_id=5275"},"modified":"2021-12-20T23:34:43","modified_gmt":"2021-12-20T22:34:43","slug":"digitale-ausgabe-02-2021","status":"publish","type":"page","link":"https:\/\/www.orpheus-magazin.de\/de\/digitale-ausgabe-02-2021\/","title":{"rendered":"Digitale Ausgabe 02\/2021"},"content":{"rendered":"<h2 class=\"has-text-align-center font-montserrat-alternates wp-block-heading\" style=\"font-size:45px\">Digitale Ausgabe 02\/2021<\/h2>\n\n\n\n<div style=\"height:10px\" aria-hidden=\"true\" class=\"wp-block-spacer\"><\/div>\n\n\n\n<div class=\"wp-block-columns alignwide is-style-default is-layout-flex wp-container-core-columns-is-layout-9d6595d7 wp-block-columns-is-layout-flex\">\n<div class=\"wp-block-column is-layout-flow wp-block-column-is-layout-flow\" style=\"flex-basis:20%\">\n<p class=\"has-text-align-right has-light-gray-color has-text-color has-small-font-size\">___<br><\/p>\n<\/div>\n\n\n\n<div class=\"wp-block-column is-layout-flow wp-block-column-is-layout-flow\" style=\"flex-basis:50%\">\n<p class=\"has-regular-font-size\"><strong><strong><a href=\"https:\/\/www.orpheus-magazin.de\/de\/2021\/02\/28\/editorial-02-2021\/\" class=\"ek-link\">Editorial<\/a><\/strong><\/strong><\/p>\n\n\n\n<hr class=\"wp-block-separator is-style-wide\"\/>\n<\/div>\n\n\n\n<div class=\"wp-block-column is-layout-flow wp-block-column-is-layout-flow\" style=\"flex-basis:30%\">\n<p><\/p>\n<\/div>\n<\/div>\n\n\n\n<div class=\"wp-block-columns alignwide is-style-default is-layout-flex wp-container-core-columns-is-layout-9d6595d7 wp-block-columns-is-layout-flex\">\n<div class=\"wp-block-column is-layout-flow wp-block-column-is-layout-flow\" style=\"flex-basis:20%\">\n<p class=\"has-text-align-right has-light-gray-color has-text-color has-small-font-size\">___<br>Interview<\/p>\n<\/div>\n\n\n\n<div class=\"wp-block-column is-layout-flow wp-block-column-is-layout-flow\" style=\"flex-basis:50%\">\n<p class=\"has-regular-font-size\"><strong><strong><a href=\"https:\/\/www.orpheus-magazin.de\/de\/2021\/02\/28\/rebirth\/\" class=\"ek-link\">Rebirth<\/a><\/strong><\/strong><\/p>\n\n\n\n<p>Interview mit der bulgarischen Sopranistin Sonya Yoncheva<\/p>\n\n\n\n<p class=\"has-light-gray-color has-text-color\" style=\"font-size:14px\">(Foto Alexander Thompson)<\/p>\n\n\n\n<hr class=\"wp-block-separator is-style-wide\"\/>\n<\/div>\n\n\n\n<div class=\"wp-block-column is-layout-flow wp-block-column-is-layout-flow\" style=\"flex-basis:30%\">\n<figure class=\"wp-block-image size-large\"><img fetchpriority=\"high\" decoding=\"async\" width=\"1024\" height=\"576\" src=\"https:\/\/www.orpheus-magazin.de\/wp-content\/uploads\/2021\/02\/lr_Sonya-Yoncheva-20200822-AT904610-credit_Alexander-Thompson_Sony-Classical-scaled-1-e1614182107159-1024x576.jpg\" alt=\"\" class=\"wp-image-5095\" srcset=\"https:\/\/www.orpheus-magazin.de\/wp-content\/uploads\/2021\/02\/lr_Sonya-Yoncheva-20200822-AT904610-credit_Alexander-Thompson_Sony-Classical-scaled-1-e1614182107159-1024x576.jpg 1024w, https:\/\/www.orpheus-magazin.de\/wp-content\/uploads\/2021\/02\/lr_Sonya-Yoncheva-20200822-AT904610-credit_Alexander-Thompson_Sony-Classical-scaled-1-e1614182107159-1200x675.jpg 1200w, https:\/\/www.orpheus-magazin.de\/wp-content\/uploads\/2021\/02\/lr_Sonya-Yoncheva-20200822-AT904610-credit_Alexander-Thompson_Sony-Classical-scaled-1-e1614182107159-18x10.jpg 18w, https:\/\/www.orpheus-magazin.de\/wp-content\/uploads\/2021\/02\/lr_Sonya-Yoncheva-20200822-AT904610-credit_Alexander-Thompson_Sony-Classical-scaled-1-e1614182107159-60x34.jpg 60w, https:\/\/www.orpheus-magazin.de\/wp-content\/uploads\/2021\/02\/lr_Sonya-Yoncheva-20200822-AT904610-credit_Alexander-Thompson_Sony-Classical-scaled-1-e1614182107159-768x432.jpg 768w, https:\/\/www.orpheus-magazin.de\/wp-content\/uploads\/2021\/02\/lr_Sonya-Yoncheva-20200822-AT904610-credit_Alexander-Thompson_Sony-Classical-scaled-1-e1614182107159-1536x864.jpg 1536w, https:\/\/www.orpheus-magazin.de\/wp-content\/uploads\/2021\/02\/lr_Sonya-Yoncheva-20200822-AT904610-credit_Alexander-Thompson_Sony-Classical-scaled-1-e1614182107159-870x489.jpg 870w, https:\/\/www.orpheus-magazin.de\/wp-content\/uploads\/2021\/02\/lr_Sonya-Yoncheva-20200822-AT904610-credit_Alexander-Thompson_Sony-Classical-scaled-1-e1614182107159-1860x1046.jpg 1860w, https:\/\/www.orpheus-magazin.de\/wp-content\/uploads\/2021\/02\/lr_Sonya-Yoncheva-20200822-AT904610-credit_Alexander-Thompson_Sony-Classical-scaled-1-e1614182107159-600x338.jpg 600w, https:\/\/www.orpheus-magazin.de\/wp-content\/uploads\/2021\/02\/lr_Sonya-Yoncheva-20200822-AT904610-credit_Alexander-Thompson_Sony-Classical-scaled-1-e1614182107159-500x281.jpg 500w, https:\/\/www.orpheus-magazin.de\/wp-content\/uploads\/2021\/02\/lr_Sonya-Yoncheva-20200822-AT904610-credit_Alexander-Thompson_Sony-Classical-scaled-1-e1614182107159-800x450.jpg 800w, https:\/\/www.orpheus-magazin.de\/wp-content\/uploads\/2021\/02\/lr_Sonya-Yoncheva-20200822-AT904610-credit_Alexander-Thompson_Sony-Classical-scaled-1-e1614182107159-1280x720.jpg 1280w, https:\/\/www.orpheus-magazin.de\/wp-content\/uploads\/2021\/02\/lr_Sonya-Yoncheva-20200822-AT904610-credit_Alexander-Thompson_Sony-Classical-scaled-1-e1614182107159.jpg 1920w\" sizes=\"(max-width: 1024px) 100vw, 1024px\" \/><\/figure>\n\n\n\n<p><\/p>\n<\/div>\n<\/div>\n\n\n\n<div class=\"wp-block-columns alignwide is-style-default is-layout-flex wp-container-core-columns-is-layout-9d6595d7 wp-block-columns-is-layout-flex\">\n<div class=\"wp-block-column is-layout-flow wp-block-column-is-layout-flow\" style=\"flex-basis:20%\">\n<p class=\"has-text-align-right has-light-gray-color has-text-color has-small-font-size\">___<br>Aktuell<\/p>\n<\/div>\n\n\n\n<div class=\"wp-block-column is-layout-flow wp-block-column-is-layout-flow\" style=\"flex-basis:50%\">\n<p class=\"has-regular-font-size\"><strong><strong><a href=\"https:\/\/www.orpheus-magazin.de\/de\/2021\/02\/28\/momentaufnahme-in-echtzeit\/\" class=\"ek-link\">\u201eMomentaufnahme in Echtzeit\u201c<\/a><\/strong><\/strong><\/p>\n\n\n\n<p>Intendant Heribert Germeshausen \u00fcber Dortmunder (Theater-)Strategien im Corona-Jahr 2020<\/p>\n\n\n\n<p class=\"has-light-gray-color has-text-color\" style=\"font-size:14px\">(Foto Schmidt \/ www.bildautor.de)<\/p>\n\n\n\n<hr class=\"wp-block-separator is-style-wide\"\/>\n<\/div>\n\n\n\n<div class=\"wp-block-column is-layout-flow wp-block-column-is-layout-flow\" style=\"flex-basis:30%\">\n<figure class=\"wp-block-image size-large\"><img decoding=\"async\" src=\"https:\/\/www.orpheus-magazin.de\/wp-content\/uploads\/2021\/02\/Theater-Dortmund_Opernhaus_-e1614251188110-1024x576.jpg\" alt=\"\" class=\"wp-image-5126\"\/><\/figure>\n\n\n\n<p><\/p>\n<\/div>\n<\/div>\n\n\n\n<div class=\"wp-block-columns alignwide is-style-default is-layout-flex wp-container-core-columns-is-layout-9d6595d7 wp-block-columns-is-layout-flex\">\n<div class=\"wp-block-column is-layout-flow wp-block-column-is-layout-flow\" style=\"flex-basis:20%\">\n<p class=\"has-text-align-right has-light-gray-color has-text-color has-small-font-size\">___<br>Kulturpolitik<\/p>\n<\/div>\n\n\n\n<div class=\"wp-block-column is-layout-flow wp-block-column-is-layout-flow\" style=\"flex-basis:50%\">\n<p class=\"has-regular-font-size\"><strong><strong><a href=\"https:\/\/www.orpheus-magazin.de\/de\/2021\/02\/28\/jetzt-muss-schluss-sein\/\" class=\"ek-link\">Jetzt muss Schluss sein!<\/a><\/strong><\/strong><\/p>\n\n\n\n<p>Ein breites B\u00fcndnis namhafter Kunstschaffender fordert die sofortige \u00d6ffnung der Kulturst\u00e4tten<\/p>\n\n\n\n<p class=\"has-light-gray-color has-text-color\" style=\"font-size:14px\">(Foto Stephan Rumpf)<\/p>\n\n\n\n<hr class=\"wp-block-separator is-style-wide\"\/>\n<\/div>\n\n\n\n<div class=\"wp-block-column is-layout-flow wp-block-column-is-layout-flow\" style=\"flex-basis:30%\">\n<figure class=\"wp-block-image size-large\"><img decoding=\"async\" src=\"https:\/\/www.orpheus-magazin.de\/wp-content\/uploads\/2021\/02\/eilantrag48916-c-Stephan-Rumpf-scaled-e1614436059406-1024x576.jpg\" alt=\"\" class=\"wp-image-5254\"\/><\/figure>\n\n\n\n<p><\/p>\n<\/div>\n<\/div>\n\n\n\n<div class=\"wp-block-columns alignwide is-style-default is-layout-flex wp-container-core-columns-is-layout-9d6595d7 wp-block-columns-is-layout-flex\">\n<div class=\"wp-block-column is-layout-flow wp-block-column-is-layout-flow\" style=\"flex-basis:20%\">\n<p class=\"has-text-align-right has-light-gray-color has-text-color has-small-font-size\">___<br>Portrait<\/p>\n<\/div>\n\n\n\n<div class=\"wp-block-column is-layout-flow wp-block-column-is-layout-flow\" style=\"flex-basis:50%\">\n<p class=\"has-regular-font-size\"><strong><strong><a href=\"https:\/\/www.orpheus-magazin.de\/de\/2021\/02\/28\/weiblich-spritzig-jung\/\" class=\"ek-link\">Weiblich, spritzig, jung<\/a><\/strong><\/strong><\/p>\n\n\n\n<p>Regisseurin Ilaria Lanzino im Portrait<\/p>\n\n\n\n<p class=\"has-light-gray-color has-text-color\" style=\"font-size:14px\">(Foto Daniel Senzek)<\/p>\n\n\n\n<div style=\"height:10px\" aria-hidden=\"true\" class=\"wp-block-spacer\"><\/div>\n\n\n\n<hr class=\"wp-block-separator is-style-wide\"\/>\n<\/div>\n\n\n\n<div class=\"wp-block-column is-layout-flow wp-block-column-is-layout-flow\" style=\"flex-basis:30%\">\n<figure class=\"wp-block-image size-large\"><img decoding=\"async\" src=\"https:\/\/www.orpheus-magazin.de\/wp-content\/uploads\/2021\/02\/Sommerserie2020_IlariaLanzino_FOTO_DanielSenzek-scaled-e1614257723764-1024x576.jpg\" alt=\"\" class=\"wp-image-5154\"\/><\/figure>\n\n\n\n<p><\/p>\n<\/div>\n<\/div>\n\n\n\n<div class=\"wp-block-columns alignwide is-style-default is-layout-flex wp-container-core-columns-is-layout-9d6595d7 wp-block-columns-is-layout-flex\">\n<div class=\"wp-block-column is-layout-flow wp-block-column-is-layout-flow\" style=\"flex-basis:20%\">\n<p class=\"has-text-align-right has-light-gray-color has-text-color has-small-font-size\">___<br>Gro\u00dfe Stimmen<\/p>\n<\/div>\n\n\n\n<div class=\"wp-block-column is-layout-flow wp-block-column-is-layout-flow\" style=\"flex-basis:50%\">\n<p class=\"has-regular-font-size\"><strong><strong><a href=\"https:\/\/www.orpheus-magazin.de\/de\/2021\/02\/28\/die-letzte-primadonna\/\" class=\"ek-link\">Die letzte Primadonna<\/a><\/strong><\/strong><\/p>\n\n\n\n<p>Eine Hommage an Leonie Rysanek<\/p>\n\n\n\n<p class=\"has-light-gray-color has-text-color\" style=\"font-size:14px\">(Foto Trude Dietrich \/ \u00d6sterreichische Nationalbibliothek)<\/p>\n\n\n\n<div style=\"height:10px\" aria-hidden=\"true\" class=\"wp-block-spacer\"><\/div>\n\n\n\n<hr class=\"wp-block-separator is-style-wide\"\/>\n<\/div>\n\n\n\n<div class=\"wp-block-column is-layout-flow wp-block-column-is-layout-flow\" style=\"flex-basis:30%\">\n<figure class=\"wp-block-image size-large\"><img decoding=\"async\" width=\"1024\" height=\"576\" src=\"https:\/\/www.orpheus-magazin.de\/wp-content\/uploads\/2021\/02\/h_00265006_quer-1024x576.jpg\" alt=\"Leonie Rysanek\" class=\"wp-image-5210\" srcset=\"https:\/\/www.orpheus-magazin.de\/wp-content\/uploads\/2021\/02\/h_00265006_quer-1024x576.jpg 1024w, https:\/\/www.orpheus-magazin.de\/wp-content\/uploads\/2021\/02\/h_00265006_quer-1200x675.jpg 1200w, https:\/\/www.orpheus-magazin.de\/wp-content\/uploads\/2021\/02\/h_00265006_quer-18x10.jpg 18w, https:\/\/www.orpheus-magazin.de\/wp-content\/uploads\/2021\/02\/h_00265006_quer-60x34.jpg 60w, https:\/\/www.orpheus-magazin.de\/wp-content\/uploads\/2021\/02\/h_00265006_quer-768x432.jpg 768w, https:\/\/www.orpheus-magazin.de\/wp-content\/uploads\/2021\/02\/h_00265006_quer-1536x864.jpg 1536w, https:\/\/www.orpheus-magazin.de\/wp-content\/uploads\/2021\/02\/h_00265006_quer-870x489.jpg 870w, https:\/\/www.orpheus-magazin.de\/wp-content\/uploads\/2021\/02\/h_00265006_quer-1860x1046.jpg 1860w, https:\/\/www.orpheus-magazin.de\/wp-content\/uploads\/2021\/02\/h_00265006_quer-600x338.jpg 600w, https:\/\/www.orpheus-magazin.de\/wp-content\/uploads\/2021\/02\/h_00265006_quer-500x281.jpg 500w, https:\/\/www.orpheus-magazin.de\/wp-content\/uploads\/2021\/02\/h_00265006_quer-800x450.jpg 800w, https:\/\/www.orpheus-magazin.de\/wp-content\/uploads\/2021\/02\/h_00265006_quer-1280x720.jpg 1280w, https:\/\/www.orpheus-magazin.de\/wp-content\/uploads\/2021\/02\/h_00265006_quer.jpg 1920w\" sizes=\"(max-width: 1024px) 100vw, 1024px\" \/><\/figure>\n\n\n\n<p><\/p>\n<\/div>\n<\/div>\n\n\n\n<div class=\"wp-block-columns alignwide is-style-default is-layout-flex wp-container-core-columns-is-layout-9d6595d7 wp-block-columns-is-layout-flex\">\n<div class=\"wp-block-column is-layout-flow wp-block-column-is-layout-flow\" style=\"flex-basis:20%\">\n<p class=\"has-text-align-right has-light-gray-color has-text-color has-small-font-size\">___<br>Nachruf<\/p>\n<\/div>\n\n\n\n<div class=\"wp-block-column is-layout-flow wp-block-column-is-layout-flow\" style=\"flex-basis:50%\">\n<p class=\"has-regular-font-size\"><strong><strong><a href=\"https:\/\/www.orpheus-magazin.de\/de\/2021\/02\/28\/eigentlich-bin-ich-ja-konzertpianist\/\" class=\"ek-link\">\u201eEigentlich bin ich ja Konzertpianist\u201c<\/a><\/strong><\/strong><\/p>\n\n\n\n<p>Ein Nachruf auf Stefan Mickisch<\/p>\n\n\n\n<p class=\"has-light-gray-color has-text-color\" style=\"font-size:14px\">(Foto Helmut Pangerl)<\/p>\n\n\n\n<div style=\"height:10px\" aria-hidden=\"true\" class=\"wp-block-spacer\"><\/div>\n\n\n\n<hr class=\"wp-block-separator is-style-wide\"\/>\n<\/div>\n\n\n\n<div class=\"wp-block-column is-layout-flow wp-block-column-is-layout-flow\" style=\"flex-basis:30%\">\n<figure class=\"wp-block-image size-large\"><img decoding=\"async\" src=\"https:\/\/www.orpheus-magazin.de\/wp-content\/uploads\/2021\/02\/stefan-mikisch-c-Helmut-Pangerl-e1614421513537-1024x576.jpg\" alt=\"\" class=\"wp-image-5249\"\/><\/figure>\n\n\n\n<p><\/p>\n<\/div>\n<\/div>\n\n\n\n<div class=\"wp-block-columns alignwide is-style-default is-layout-flex wp-container-core-columns-is-layout-9d6595d7 wp-block-columns-is-layout-flex\">\n<div class=\"wp-block-column is-layout-flow wp-block-column-is-layout-flow\" style=\"flex-basis:20%\">\n<p class=\"has-text-align-right has-light-gray-color has-text-color has-small-font-size\">___<br>crossmedia<\/p>\n<\/div>\n\n\n\n<div class=\"wp-block-column is-layout-flow wp-block-column-is-layout-flow\" style=\"flex-basis:50%\">\n<p class=\"has-regular-font-size\"><strong>Digitale Welten<\/strong><\/p>\n\n\n\n<p>Mitten in der Pandemie gr\u00fcnden drei junge K\u00fcnstler die Kammeroper Salzburg und realisieren in kurzer Abfolge zwei \u201eDigital Operas\u201c mit tagesaktuellen Bez\u00fcgen. Die Zukunft des Musiktheaters? Gemeinsam mit unserem Kooperationspartner <a aria-label=\"RTS Salzburg (opens in a new tab)\" href=\"https:\/\/www.rts-salzburg.at\/\" target=\"_blank\" rel=\"noreferrer noopener\" class=\"ek-link\">RTS Salzburg<\/a> haben wir die beiden Urauff\u00fchrungen unter die Lupe genommen:<\/p>\n\n\n\n<ul class=\"wp-block-list\"><li><a href=\"https:\/\/www.orpheus-magazin.de\/de\/2021\/02\/28\/oper-reloaded\/\" target=\"_blank\" rel=\"noreferrer noopener\" class=\"ek-link\"><strong>Oper reloaded<\/strong><\/a> (\u201eorpheus\u201c-Artikel zu \u201eTag 47\u201c, Mai 2020)<\/li><li><a href=\"https:\/\/www.youtube.com\/watch?v=Md4TJoJgPuI\" target=\"_blank\" rel=\"noreferrer noopener\" class=\"ek-link\"><strong>Im endlosen Raum<\/strong><\/a> (RTS-Videobeitrag zu \u201eIm Westen nichts Neues. Im S\u00fcden aber auch nicht.\u201c, Februar 2021)<\/li><\/ul>\n\n\n\n<p class=\"has-light-gray-color has-text-color\" style=\"font-size:14px\"><br>(Foto Kammeroper Salzburg)<\/p>\n\n\n\n<hr class=\"wp-block-separator is-style-wide\"\/>\n<\/div>\n\n\n\n<div class=\"wp-block-column is-layout-flow wp-block-column-is-layout-flow\" style=\"flex-basis:30%\">\n<figure class=\"wp-block-image size-large\"><img decoding=\"async\" width=\"1024\" height=\"577\" src=\"https:\/\/www.orpheus-magazin.de\/wp-content\/uploads\/2021\/03\/image1-scaled-e1614767075484-1024x577.jpeg\" alt=\"\" class=\"wp-image-5372\" srcset=\"https:\/\/www.orpheus-magazin.de\/wp-content\/uploads\/2021\/03\/image1-scaled-e1614767075484-1024x577.jpeg 1024w, https:\/\/www.orpheus-magazin.de\/wp-content\/uploads\/2021\/03\/image1-scaled-e1614767075484-300x169.jpeg 300w, https:\/\/www.orpheus-magazin.de\/wp-content\/uploads\/2021\/03\/image1-scaled-e1614767075484-768x432.jpeg 768w, https:\/\/www.orpheus-magazin.de\/wp-content\/uploads\/2021\/03\/image1-scaled-e1614767075484-1536x865.jpeg 1536w, https:\/\/www.orpheus-magazin.de\/wp-content\/uploads\/2021\/03\/image1-scaled-e1614767075484-500x282.jpeg 500w, https:\/\/www.orpheus-magazin.de\/wp-content\/uploads\/2021\/03\/image1-scaled-e1614767075484-800x450.jpeg 800w, https:\/\/www.orpheus-magazin.de\/wp-content\/uploads\/2021\/03\/image1-scaled-e1614767075484-1280x721.jpeg 1280w, https:\/\/www.orpheus-magazin.de\/wp-content\/uploads\/2021\/03\/image1-scaled-e1614767075484-870x490.jpeg 870w, https:\/\/www.orpheus-magazin.de\/wp-content\/uploads\/2021\/03\/image1-scaled-e1614767075484-1860x1047.jpeg 1860w, https:\/\/www.orpheus-magazin.de\/wp-content\/uploads\/2021\/03\/image1-scaled-e1614767075484-600x338.jpeg 600w\" sizes=\"(max-width: 1024px) 100vw, 1024px\" \/><\/figure>\n<\/div>\n<\/div>\n\n\n\n<div class=\"wp-block-columns alignwide is-style-default is-layout-flex wp-container-core-columns-is-layout-9d6595d7 wp-block-columns-is-layout-flex\">\n<div class=\"wp-block-column is-layout-flow wp-block-column-is-layout-flow\" style=\"flex-basis:20%\">\n<p class=\"has-text-align-right has-light-gray-color has-text-color has-small-font-size\">___<br>Medien<\/p>\n<\/div>\n\n\n\n<div class=\"wp-block-column is-layout-flow wp-block-column-is-layout-flow\" style=\"flex-basis:50%\">\n<p class=\"has-regular-font-size\"><strong><strong><a href=\"https:\/\/www.orpheus-magazin.de\/de\/medien-02-2021\/\" class=\"ek-link\">Geh\u00f6rt, gesehen, gelesen<\/a><\/strong><\/strong><\/p>\n\n\n\n<p>Eine Auswahl an Lesens-, H\u00f6rens- und Sehenswertem: pandemiekonforme Kultur-Highlights f\u00fcr das heimische Wohnzimmer<\/p>\n\n\n\n<div style=\"height:10px\" aria-hidden=\"true\" class=\"wp-block-spacer\"><\/div>\n\n\n\n<hr class=\"wp-block-separator is-style-wide\"\/>\n<\/div>\n\n\n\n<div class=\"wp-block-column is-layout-flow wp-block-column-is-layout-flow\" style=\"flex-basis:30%\">\n<figure class=\"wp-block-image size-large\"><img loading=\"lazy\" decoding=\"async\" width=\"1024\" height=\"631\" src=\"https:\/\/www.orpheus-magazin.de\/wp-content\/uploads\/2021\/02\/CD_Kleopatra-1024x631.jpg\" alt=\"\" class=\"wp-image-5220\" srcset=\"https:\/\/www.orpheus-magazin.de\/wp-content\/uploads\/2021\/02\/CD_Kleopatra-1024x631.jpg 1024w, https:\/\/www.orpheus-magazin.de\/wp-content\/uploads\/2021\/02\/CD_Kleopatra-1200x739.jpg 1200w, https:\/\/www.orpheus-magazin.de\/wp-content\/uploads\/2021\/02\/CD_Kleopatra-18x12.jpg 18w, https:\/\/www.orpheus-magazin.de\/wp-content\/uploads\/2021\/02\/CD_Kleopatra-60x37.jpg 60w, https:\/\/www.orpheus-magazin.de\/wp-content\/uploads\/2021\/02\/CD_Kleopatra-768x473.jpg 768w, https:\/\/www.orpheus-magazin.de\/wp-content\/uploads\/2021\/02\/CD_Kleopatra-870x536.jpg 870w, https:\/\/www.orpheus-magazin.de\/wp-content\/uploads\/2021\/02\/CD_Kleopatra-600x370.jpg 600w, https:\/\/www.orpheus-magazin.de\/wp-content\/uploads\/2021\/02\/CD_Kleopatra-500x308.jpg 500w, https:\/\/www.orpheus-magazin.de\/wp-content\/uploads\/2021\/02\/CD_Kleopatra-800x493.jpg 800w, https:\/\/www.orpheus-magazin.de\/wp-content\/uploads\/2021\/02\/CD_Kleopatra-1280x788.jpg 1280w, https:\/\/www.orpheus-magazin.de\/wp-content\/uploads\/2021\/02\/CD_Kleopatra.jpg 1440w\" sizes=\"(max-width: 1024px) 100vw, 1024px\" \/><\/figure>\n\n\n\n<p><\/p>\n<\/div>\n<\/div>\n\n\n\n<div class=\"wp-block-columns alignwide is-style-default is-layout-flex wp-container-core-columns-is-layout-9d6595d7 wp-block-columns-is-layout-flex\">\n<div class=\"wp-block-column is-layout-flow wp-block-column-is-layout-flow\" style=\"flex-basis:20%\">\n<p class=\"has-text-align-right has-light-gray-color has-text-color has-small-font-size\">___<br>Rezensionen<\/p>\n<\/div>\n\n\n\n<div class=\"wp-block-column is-layout-flow wp-block-column-is-layout-flow\" style=\"flex-basis:50%\">\n<p class=\"has-regular-font-size\"><strong><a href=\"https:\/\/www.orpheus-magazin.de\/de\/rezensionen-02-2021\/\" class=\"ek-link\">F\u00fcr Sie gesehen<\/a><\/strong><\/p>\n\n\n\n<p>Neues und Spektakul\u00e4res von den (Opern-)B\u00fchnen in Deutschland und Europa<\/p>\n\n\n\n<p class=\"has-light-gray-color has-text-color\" style=\"font-size:14px\">(Foto Wiener Staatsoper \/ Michael P\u00f6hn)<\/p>\n\n\n\n<hr class=\"wp-block-separator is-style-wide\"\/>\n<\/div>\n\n\n\n<div class=\"wp-block-column is-layout-flow wp-block-column-is-layout-flow\" style=\"flex-basis:30%\">\n<figure class=\"wp-block-image size-large\"><img decoding=\"async\" src=\"https:\/\/www.orpheus-magazin.de\/wp-content\/uploads\/2021\/02\/FSG_Wien_Carmen_D850085_RACHVELISHVILI_BOECKER_ZAMECNIKOVA_BECZALA_VOEROES-c-Wiener-Staatsoper-Michael-Poehn-scaled-e1614085008615-1024x576.jpg\" alt=\"\" class=\"wp-image-5076\"\/><\/figure>\n\n\n\n<p><\/p>\n<\/div>\n<\/div>\n\n\n\n<div style=\"height:20px\" aria-hidden=\"true\" class=\"wp-block-spacer\"><\/div>\n\n\n<div style=\"width: 100vw; left: 50%; transform: translateX(-50%); position: relative;\">\n<!-- Error, Advert is not available at this time due to schedule\/geolocation restrictions! -->\n<\/div>\n\n\n\n<div style=\"height:30px\" aria-hidden=\"true\" class=\"wp-block-spacer\"><\/div>","protected":false},"excerpt":{"rendered":"<p>Digitale Ausgabe 02\/2021 ___ Editorial ___Interview Rebirth Interview mit der bulgarischen Sopranistin Sonya Yoncheva (Foto Alexander Thompson) ___Aktuell \u201eMomentaufnahme in Echtzeit\u201c Intendant Heribert Germeshausen \u00fcber Dortmunder (Theater-)Strategien im Corona-Jahr 2020 (Foto Schmidt \/ www.bildautor.de) ___Kulturpolitik Jetzt muss Schluss sein! Ein breites B\u00fcndnis namhafter Kunstschaffender fordert die sofortige \u00d6ffnung der Kulturst\u00e4tten (Foto Stephan Rumpf) ___Portrait Weiblich, [&hellip;]<\/p>\n","protected":false},"author":14,"featured_media":5356,"parent":0,"menu_order":0,"comment_status":"closed","ping_status":"closed","template":"template-cover.php","meta":{"tpgb_global_settings":"","_editorskit_title_hidden":true,"_editorskit_reading_time":1,"_editorskit_is_block_options_detached":false,"_editorskit_block_options_position":"{}","_eb_attr":"","footnotes":""},"class_list":["post-5275","page","type-page","status-publish","has-post-thumbnail","hentry"],"tpgb_featured_images":{"full":["https:\/\/www.orpheus-magazin.de\/wp-content\/uploads\/2021\/03\/opergehtbaden_header3.jpg",1970,1150,false],"tp-image-grid":["https:\/\/www.orpheus-magazin.de\/wp-content\/uploads\/2021\/03\/opergehtbaden_header3.jpg",700,409,false],"thumbnail":["https:\/\/www.orpheus-magazin.de\/wp-content\/uploads\/2021\/03\/opergehtbaden_header3-150x150.jpg",150,150,true],"medium":["https:\/\/www.orpheus-magazin.de\/wp-content\/uploads\/2021\/03\/opergehtbaden_header3-300x175.jpg",300,175,true],"medium_large":["https:\/\/www.orpheus-magazin.de\/wp-content\/uploads\/2021\/03\/opergehtbaden_header3-768x448.jpg",600,350,true],"large":["https:\/\/www.orpheus-magazin.de\/wp-content\/uploads\/2021\/03\/opergehtbaden_header3-1024x598.jpg",600,350,true],"default":"https:\/\/www.orpheus-magazin.de\/wp-content\/plugins\/the-plus-addons-for-block-editor\/assets\/images\/tpgb-placeholder.jpg"},"tpgb_post_meta_info":{"get_date":"27. Februar 2021","get_modified_date":"20. Dezember 2021","author_name":"Silvia Murauer","author_url":"https:\/\/www.orpheus-magazin.de\/de\/author\/mailsilviamurauer-de\/","author_email":"mail@silviamurauer.de","author_website":"","author_description":"","author_facebook":"","author_twitter":"","author_instagram":"","author_role":["administrator"],"author_firstname":"Silvia","author_lastname":"Murauer","user_login":"mail@silviamurauer.de","author_avatar":"<img alt='' src='https:\/\/secure.gravatar.com\/avatar\/f621fd74b09e85b40b2840fd83e82293b9a74c7122761b5607082e36ece1f9d0?s=200&#038;d=mm&#038;r=g' srcset='https:\/\/secure.gravatar.com\/avatar\/f621fd74b09e85b40b2840fd83e82293b9a74c7122761b5607082e36ece1f9d0?s=400&#038;d=mm&#038;r=g 2x' class='avatar avatar-200 photo' height='200' width='200' decoding='async'\/>","author_avatar_url":"https:\/\/secure.gravatar.com\/avatar\/f621fd74b09e85b40b2840fd83e82293b9a74c7122761b5607082e36ece1f9d0?s=96&d=mm&r=g","comment_count":0,"post_likes":0,"post_views":0},"tpgb_post_category":[],"_links":{"self":[{"href":"https:\/\/www.orpheus-magazin.de\/de\/wp-json\/wp\/v2\/pages\/5275","targetHints":{"allow":["GET"]}}],"collection":[{"href":"https:\/\/www.orpheus-magazin.de\/de\/wp-json\/wp\/v2\/pages"}],"about":[{"href":"https:\/\/www.orpheus-magazin.de\/de\/wp-json\/wp\/v2\/types\/page"}],"author":[{"embeddable":true,"href":"https:\/\/www.orpheus-magazin.de\/de\/wp-json\/wp\/v2\/users\/14"}],"replies":[{"embeddable":true,"href":"https:\/\/www.orpheus-magazin.de\/de\/wp-json\/wp\/v2\/comments?post=5275"}],"version-history":[{"count":0,"href":"https:\/\/www.orpheus-magazin.de\/de\/wp-json\/wp\/v2\/pages\/5275\/revisions"}],"wp:featuredmedia":[{"embeddable":true,"href":"https:\/\/www.orpheus-magazin.de\/de\/wp-json\/wp\/v2\/media\/5356"}],"wp:attachment":[{"href":"https:\/\/www.orpheus-magazin.de\/de\/wp-json\/wp\/v2\/media?parent=5275"}],"curies":[{"name":"wp","href":"https:\/\/api.w.org\/{rel}","templated":true}]}}