{"id":5309,"date":"2021-02-28T18:55:00","date_gmt":"2021-02-28T17:55:00","guid":{"rendered":"https:\/\/www.orpheus-magazin.de\/?page_id=5309"},"modified":"2021-02-28T00:20:04","modified_gmt":"2021-02-27T23:20:04","slug":"rezensionen-02-2021","status":"publish","type":"page","link":"https:\/\/www.orpheus-magazin.de\/de\/rezensionen-02-2021\/","title":{"rendered":"Rezensionen 02\/2021"},"content":{"rendered":"<ul class=\"wp-block-latest-posts__list alignwide wp-block-latest-posts\"><li><div class=\"wp-block-latest-posts__featured-image alignleft\"><a href=\"https:\/\/www.orpheus-magazin.de\/de\/2021\/02\/28\/klassischer-verdi-auf-den-kanaren\/\" aria-label=\"Klassischer Verdi auf den Kanaren\"><img fetchpriority=\"high\" decoding=\"async\" width=\"300\" height=\"169\" src=\"https:\/\/www.orpheus-magazin.de\/wp-content\/uploads\/2021\/02\/FSG_Las-Palmas-de-Gran-Canaria_-Il-trovatore-TROVATORE-82-c-Nacho-Gonzalez-Oramas-ACO-2021-e1614524700185-300x169.jpeg\" class=\"attachment-medium size-medium wp-post-image\" alt=\"\" style=\"\" srcset=\"https:\/\/www.orpheus-magazin.de\/wp-content\/uploads\/2021\/02\/FSG_Las-Palmas-de-Gran-Canaria_-Il-trovatore-TROVATORE-82-c-Nacho-Gonzalez-Oramas-ACO-2021-e1614524700185-300x169.jpeg 300w, https:\/\/www.orpheus-magazin.de\/wp-content\/uploads\/2021\/02\/FSG_Las-Palmas-de-Gran-Canaria_-Il-trovatore-TROVATORE-82-c-Nacho-Gonzalez-Oramas-ACO-2021-e1614524700185-500x281.jpeg 500w, https:\/\/www.orpheus-magazin.de\/wp-content\/uploads\/2021\/02\/FSG_Las-Palmas-de-Gran-Canaria_-Il-trovatore-TROVATORE-82-c-Nacho-Gonzalez-Oramas-ACO-2021-e1614524700185-600x338.jpeg 600w, https:\/\/www.orpheus-magazin.de\/wp-content\/uploads\/2021\/02\/FSG_Las-Palmas-de-Gran-Canaria_-Il-trovatore-TROVATORE-82-c-Nacho-Gonzalez-Oramas-ACO-2021-e1614524700185.jpeg 640w\" sizes=\"(max-width: 300px) 100vw, 300px\" loading=\"eager\" \/><\/a><\/div><a class=\"wp-block-latest-posts__post-title\" href=\"https:\/\/www.orpheus-magazin.de\/de\/2021\/02\/28\/klassischer-verdi-auf-den-kanaren\/\">Klassischer Verdi auf den Kanaren<\/a><div class=\"wp-block-latest-posts__post-excerpt\"><span class=\"location\">Las Palmas de Gran Canaria \/ \u00d3pera Las Palmas (Februar 2021)<\/span><\/br>\n\u201eIl trovatore\u201c bei den Amigos Canarios de la \u00d3pera<\/div><\/li>\n<li><div class=\"wp-block-latest-posts__featured-image alignleft\"><a href=\"https:\/\/www.orpheus-magazin.de\/de\/2021\/02\/25\/next-level-regietheater\/\" aria-label=\"Next Level Regietheater\"><img decoding=\"async\" width=\"1200\" height=\"800\" src=\"https:\/\/www.orpheus-magazin.de\/wp-content\/uploads\/2021\/02\/FSG_Dijon_Il-palazzo-incantato-L1290388-Le-Palais-enchante-\u00a9-Gilles-Abegg-Opera-de-Dijon-scaled.jpg\" class=\"attachment-medium size-medium wp-post-image\" alt=\"\" style=\"\" loading=\"eager\" \/><\/a><\/div><a class=\"wp-block-latest-posts__post-title\" href=\"https:\/\/www.orpheus-magazin.de\/de\/2021\/02\/25\/next-level-regietheater\/\">Next Level Regietheater<\/a><div class=\"wp-block-latest-posts__post-excerpt\"><span class=\"location\">Dijon \/ Op\u00e9ra de Dijon (Februar 2021)<\/span><\/br>\nLuigi Rossis 380 Jahre vergessene Oper \u201eIl palazzo incantato\u201c erwacht in aktualisierter Aufmachung zu neuem Leben<\/div><\/li>\n<li><div class=\"wp-block-latest-posts__featured-image alignleft\"><a href=\"https:\/\/www.orpheus-magazin.de\/de\/2021\/02\/23\/im-trostlosen-brutalen-grenzgebiet\/\" aria-label=\"Im trostlosen, brutalen Grenzgebiet\"><img decoding=\"async\" width=\"1200\" height=\"1170\" src=\"https:\/\/www.orpheus-magazin.de\/wp-content\/uploads\/2021\/02\/FSG_Wien_Carmen_D850085_RACHVELISHVILI_BOECKER_ZAMECNIKOVA_BECZALA_VOEROES-c-Wiener-Staatsoper-Michael-Poehn-scaled.jpg\" class=\"attachment-medium size-medium wp-post-image\" alt=\"\" style=\"\" loading=\"eager\" \/><\/a><\/div><a class=\"wp-block-latest-posts__post-title\" href=\"https:\/\/www.orpheus-magazin.de\/de\/2021\/02\/23\/im-trostlosen-brutalen-grenzgebiet\/\">Im trostlosen, brutalen Grenzgebiet<\/a><div class=\"wp-block-latest-posts__post-excerpt\"><span class=\"location\">Wien \/ Wiener Staatsoper (Februar 2021)<\/span><\/br>\nHerausragendes \u201eCarmen\u201c-Ensemble \u00fcberzeugt restlos<\/div><\/li>\n<li><div class=\"wp-block-latest-posts__featured-image alignleft\"><a href=\"https:\/\/www.orpheus-magazin.de\/de\/2021\/02\/23\/revolte-der-phantasie\/\" aria-label=\"Revolte der Phantasie\"><img decoding=\"async\" width=\"1200\" height=\"1814\" src=\"https:\/\/www.orpheus-magazin.de\/wp-content\/uploads\/2021\/02\/FSG_Stuttgart_Verzauberte-Welt-25341_verzauberte_welt__c_matthias_baus_2-1200x1814.jpg\" class=\"attachment-medium size-medium wp-post-image\" alt=\"\" style=\"\" srcset=\"https:\/\/www.orpheus-magazin.de\/wp-content\/uploads\/2021\/02\/FSG_Stuttgart_Verzauberte-Welt-25341_verzauberte_welt__c_matthias_baus_2-1200x1814.jpg 1200w, https:\/\/www.orpheus-magazin.de\/wp-content\/uploads\/2021\/02\/FSG_Stuttgart_Verzauberte-Welt-25341_verzauberte_welt__c_matthias_baus_2-768x1161.jpg 768w, https:\/\/www.orpheus-magazin.de\/wp-content\/uploads\/2021\/02\/FSG_Stuttgart_Verzauberte-Welt-25341_verzauberte_welt__c_matthias_baus_2-scaled.jpg 1694w\" sizes=\"(max-width: 1200px) 100vw, 1200px\" loading=\"eager\" \/><\/a><\/div><a class=\"wp-block-latest-posts__post-title\" href=\"https:\/\/www.orpheus-magazin.de\/de\/2021\/02\/23\/revolte-der-phantasie\/\">Revolte der Phantasie<\/a><div class=\"wp-block-latest-posts__post-excerpt\"><span class=\"location\">Stuttgart \/ Staatsoper Stuttgart (Februar 2021)<\/span><\/br>\nSchorsch Kamerun zaubert mit zwei St\u00fccken von Maurice Ravel \u2013 und spielt auch gleich selbst mit<\/div><\/li>\n<li><div class=\"wp-block-latest-posts__featured-image alignleft\"><a href=\"https:\/\/www.orpheus-magazin.de\/de\/2021\/02\/22\/gesellschaftspolitische-attacke\/\" aria-label=\"Gesellschaftspolitische Attacke\"><img decoding=\"async\" width=\"1200\" height=\"800\" src=\"https:\/\/www.orpheus-magazin.de\/wp-content\/uploads\/2021\/02\/FSG_Genf_La-clemenza-di-Tito-La_Clemence_de_Titus_c_CaroleParodi_02-1200x800.jpg\" class=\"attachment-medium size-medium wp-post-image\" alt=\"\" style=\"\" srcset=\"https:\/\/www.orpheus-magazin.de\/wp-content\/uploads\/2021\/02\/FSG_Genf_La-clemenza-di-Tito-La_Clemence_de_Titus_c_CaroleParodi_02-1200x800.jpg 1200w, https:\/\/www.orpheus-magazin.de\/wp-content\/uploads\/2021\/02\/FSG_Genf_La-clemenza-di-Tito-La_Clemence_de_Titus_c_CaroleParodi_02-1920x1280.jpg 1920w, https:\/\/www.orpheus-magazin.de\/wp-content\/uploads\/2021\/02\/FSG_Genf_La-clemenza-di-Tito-La_Clemence_de_Titus_c_CaroleParodi_02-768x512.jpg 768w\" sizes=\"(max-width: 1200px) 100vw, 1200px\" loading=\"eager\" \/><\/a><\/div><a class=\"wp-block-latest-posts__post-title\" href=\"https:\/\/www.orpheus-magazin.de\/de\/2021\/02\/22\/gesellschaftspolitische-attacke\/\">Gesellschaftspolitische Attacke<\/a><div class=\"wp-block-latest-posts__post-excerpt\"><span class=\"location\">Genf \/ Grand Th\u00e9\u00e2tre de Gen\u00e8ve (Februar 2021)<\/span><\/br>\nMilo Raus erste Opernregie: Dystopische Sicht auf Mozarts \u201eLa clemenza di Tito\u201c<\/div><\/li>\n<li><div class=\"wp-block-latest-posts__featured-image alignleft\"><a href=\"https:\/\/www.orpheus-magazin.de\/de\/2021\/02\/18\/zarzuela-begeisterung-im-weichen-lockdown-von-madrid\/\" aria-label=\"Zarzuela-Begeisterung im weichen Lockdown von Madrid\"><img decoding=\"async\" width=\"1200\" height=\"847\" src=\"https:\/\/www.orpheus-magazin.de\/wp-content\/uploads\/2021\/02\/FSG_Madrid_Luisa-Fernanda-InShot_20210215_084459677-c-Javier-del-Real-1200x847.jpg\" class=\"attachment-medium size-medium wp-post-image\" alt=\"\" style=\"\" srcset=\"https:\/\/www.orpheus-magazin.de\/wp-content\/uploads\/2021\/02\/FSG_Madrid_Luisa-Fernanda-InShot_20210215_084459677-c-Javier-del-Real-1200x847.jpg 1200w, https:\/\/www.orpheus-magazin.de\/wp-content\/uploads\/2021\/02\/FSG_Madrid_Luisa-Fernanda-InShot_20210215_084459677-c-Javier-del-Real-1920x1355.jpg 1920w, https:\/\/www.orpheus-magazin.de\/wp-content\/uploads\/2021\/02\/FSG_Madrid_Luisa-Fernanda-InShot_20210215_084459677-c-Javier-del-Real-768x542.jpg 768w, https:\/\/www.orpheus-magazin.de\/wp-content\/uploads\/2021\/02\/FSG_Madrid_Luisa-Fernanda-InShot_20210215_084459677-c-Javier-del-Real-1536x1084.jpg 1536w, https:\/\/www.orpheus-magazin.de\/wp-content\/uploads\/2021\/02\/FSG_Madrid_Luisa-Fernanda-InShot_20210215_084459677-c-Javier-del-Real-2048x1446.jpg 2048w, https:\/\/www.orpheus-magazin.de\/wp-content\/uploads\/2021\/02\/FSG_Madrid_Luisa-Fernanda-InShot_20210215_084459677-c-Javier-del-Real-18x12.jpg 18w, https:\/\/www.orpheus-magazin.de\/wp-content\/uploads\/2021\/02\/FSG_Madrid_Luisa-Fernanda-InShot_20210215_084459677-c-Javier-del-Real-870x614.jpg 870w, https:\/\/www.orpheus-magazin.de\/wp-content\/uploads\/2021\/02\/FSG_Madrid_Luisa-Fernanda-InShot_20210215_084459677-c-Javier-del-Real-1860x1313.jpg 1860w, https:\/\/www.orpheus-magazin.de\/wp-content\/uploads\/2021\/02\/FSG_Madrid_Luisa-Fernanda-InShot_20210215_084459677-c-Javier-del-Real-60x42.jpg 60w, https:\/\/www.orpheus-magazin.de\/wp-content\/uploads\/2021\/02\/FSG_Madrid_Luisa-Fernanda-InShot_20210215_084459677-c-Javier-del-Real-600x424.jpg 600w, https:\/\/www.orpheus-magazin.de\/wp-content\/uploads\/2021\/02\/FSG_Madrid_Luisa-Fernanda-InShot_20210215_084459677-c-Javier-del-Real-500x353.jpg 500w, https:\/\/www.orpheus-magazin.de\/wp-content\/uploads\/2021\/02\/FSG_Madrid_Luisa-Fernanda-InShot_20210215_084459677-c-Javier-del-Real-800x565.jpg 800w, https:\/\/www.orpheus-magazin.de\/wp-content\/uploads\/2021\/02\/FSG_Madrid_Luisa-Fernanda-InShot_20210215_084459677-c-Javier-del-Real-1280x904.jpg 1280w\" sizes=\"(max-width: 1200px) 100vw, 1200px\" loading=\"eager\" \/><\/a><\/div><a class=\"wp-block-latest-posts__post-title\" href=\"https:\/\/www.orpheus-magazin.de\/de\/2021\/02\/18\/zarzuela-begeisterung-im-weichen-lockdown-von-madrid\/\">Zarzuela-Begeisterung im weichen Lockdown von Madrid<\/a><div class=\"wp-block-latest-posts__post-excerpt\"><span class=\"location\">Madrid \/ Teatro de la Zarzuela (Februar 2021)<\/span><\/br>\nBeste Unterhaltung mit \u201eLuisa Fernanda\u201c<\/div><\/li>\n<li><div class=\"wp-block-latest-posts__featured-image alignleft\"><a href=\"https:\/\/www.orpheus-magazin.de\/de\/2021\/02\/16\/eisige-zeiten\/\" aria-label=\"Eisige Zeiten\"><img decoding=\"async\" width=\"1200\" height=\"800\" src=\"https:\/\/www.orpheus-magazin.de\/wp-content\/uploads\/2021\/02\/FSG_Berlin_Jenufa_62-c-Bernd-Uhlig-scaled.jpg\" class=\"attachment-medium size-medium wp-post-image\" alt=\"\" style=\"\" loading=\"eager\" \/><\/a><\/div><a class=\"wp-block-latest-posts__post-title\" href=\"https:\/\/www.orpheus-magazin.de\/de\/2021\/02\/16\/eisige-zeiten\/\">Eisige Zeiten<\/a><div class=\"wp-block-latest-posts__post-excerpt\"><span class=\"location\">Berlin \/ Staatsoper Unter den Linden (Februar 2021)<\/span><\/br>\nEine packende \u201eJen\u016ffa\u201c bietet Jan\u00e1\u010dek de luxe<\/div><\/li>\n<li><div class=\"wp-block-latest-posts__featured-image alignleft\"><a href=\"https:\/\/www.orpheus-magazin.de\/de\/2021\/02\/16\/nuancenreiches-welttheater\/\" aria-label=\"Nuancenreiches Welttheater\"><img decoding=\"async\" width=\"1200\" height=\"800\" src=\"https:\/\/www.orpheus-magazin.de\/wp-content\/uploads\/2021\/02\/FSG_Muenchen_Die-Geschichte-vom-Soldaten-Montagsstueck_XIV_A._Merkuri__C._Bastos_c__Hoesl__2_-c-Wilfried-Hoesl-1200x800.jpg\" class=\"attachment-medium size-medium wp-post-image\" alt=\"\" style=\"\" srcset=\"https:\/\/www.orpheus-magazin.de\/wp-content\/uploads\/2021\/02\/FSG_Muenchen_Die-Geschichte-vom-Soldaten-Montagsstueck_XIV_A._Merkuri__C._Bastos_c__Hoesl__2_-c-Wilfried-Hoesl-1200x800.jpg 1200w, https:\/\/www.orpheus-magazin.de\/wp-content\/uploads\/2021\/02\/FSG_Muenchen_Die-Geschichte-vom-Soldaten-Montagsstueck_XIV_A._Merkuri__C._Bastos_c__Hoesl__2_-c-Wilfried-Hoesl-1920x1280.jpg 1920w, https:\/\/www.orpheus-magazin.de\/wp-content\/uploads\/2021\/02\/FSG_Muenchen_Die-Geschichte-vom-Soldaten-Montagsstueck_XIV_A._Merkuri__C._Bastos_c__Hoesl__2_-c-Wilfried-Hoesl-768x512.jpg 768w, https:\/\/www.orpheus-magazin.de\/wp-content\/uploads\/2021\/02\/FSG_Muenchen_Die-Geschichte-vom-Soldaten-Montagsstueck_XIV_A._Merkuri__C._Bastos_c__Hoesl__2_-c-Wilfried-Hoesl-1536x1024.jpg 1536w, https:\/\/www.orpheus-magazin.de\/wp-content\/uploads\/2021\/02\/FSG_Muenchen_Die-Geschichte-vom-Soldaten-Montagsstueck_XIV_A._Merkuri__C._Bastos_c__Hoesl__2_-c-Wilfried-Hoesl-2048x1365.jpg 2048w, https:\/\/www.orpheus-magazin.de\/wp-content\/uploads\/2021\/02\/FSG_Muenchen_Die-Geschichte-vom-Soldaten-Montagsstueck_XIV_A._Merkuri__C._Bastos_c__Hoesl__2_-c-Wilfried-Hoesl-18x12.jpg 18w, https:\/\/www.orpheus-magazin.de\/wp-content\/uploads\/2021\/02\/FSG_Muenchen_Die-Geschichte-vom-Soldaten-Montagsstueck_XIV_A._Merkuri__C._Bastos_c__Hoesl__2_-c-Wilfried-Hoesl-870x580.jpg 870w, https:\/\/www.orpheus-magazin.de\/wp-content\/uploads\/2021\/02\/FSG_Muenchen_Die-Geschichte-vom-Soldaten-Montagsstueck_XIV_A._Merkuri__C._Bastos_c__Hoesl__2_-c-Wilfried-Hoesl-1860x1240.jpg 1860w, https:\/\/www.orpheus-magazin.de\/wp-content\/uploads\/2021\/02\/FSG_Muenchen_Die-Geschichte-vom-Soldaten-Montagsstueck_XIV_A._Merkuri__C._Bastos_c__Hoesl__2_-c-Wilfried-Hoesl-60x40.jpg 60w, https:\/\/www.orpheus-magazin.de\/wp-content\/uploads\/2021\/02\/FSG_Muenchen_Die-Geschichte-vom-Soldaten-Montagsstueck_XIV_A._Merkuri__C._Bastos_c__Hoesl__2_-c-Wilfried-Hoesl-600x400.jpg 600w, https:\/\/www.orpheus-magazin.de\/wp-content\/uploads\/2021\/02\/FSG_Muenchen_Die-Geschichte-vom-Soldaten-Montagsstueck_XIV_A._Merkuri__C._Bastos_c__Hoesl__2_-c-Wilfried-Hoesl-500x333.jpg 500w, https:\/\/www.orpheus-magazin.de\/wp-content\/uploads\/2021\/02\/FSG_Muenchen_Die-Geschichte-vom-Soldaten-Montagsstueck_XIV_A._Merkuri__C._Bastos_c__Hoesl__2_-c-Wilfried-Hoesl-800x533.jpg 800w, https:\/\/www.orpheus-magazin.de\/wp-content\/uploads\/2021\/02\/FSG_Muenchen_Die-Geschichte-vom-Soldaten-Montagsstueck_XIV_A._Merkuri__C._Bastos_c__Hoesl__2_-c-Wilfried-Hoesl-1280x853.jpg 1280w\" sizes=\"(max-width: 1200px) 100vw, 1200px\" loading=\"eager\" \/><\/a><\/div><a class=\"wp-block-latest-posts__post-title\" href=\"https:\/\/www.orpheus-magazin.de\/de\/2021\/02\/16\/nuancenreiches-welttheater\/\">Nuancenreiches Welttheater<\/a><div class=\"wp-block-latest-posts__post-excerpt\"><span class=\"location\">M\u00fcnchen \/ Bayerische Staatsoper (Februar 2021)<\/span><\/br>\nStrawinskys \u201eGeschichte vom Soldaten\u201c mit faszinierender Sprechk\u00fcnstlerin<\/div><\/li>\n<li><div class=\"wp-block-latest-posts__featured-image alignleft\"><a href=\"https:\/\/www.orpheus-magazin.de\/de\/2021\/02\/14\/heillos-inkonsequentes-gegen-romantik\/\" aria-label=\"Heillos Inkonsequentes gegen Romantik\"><img decoding=\"async\" width=\"1200\" height=\"1825\" src=\"https:\/\/www.orpheus-magazin.de\/wp-content\/uploads\/2021\/02\/FSG_Muenchen_Der-Freischuetz-Freischuetz_c_W_Hoesl__19_-c-Wilfried-Hoesl-1200x1825.jpg\" class=\"attachment-medium size-medium wp-post-image\" alt=\"\" style=\"\" srcset=\"https:\/\/www.orpheus-magazin.de\/wp-content\/uploads\/2021\/02\/FSG_Muenchen_Der-Freischuetz-Freischuetz_c_W_Hoesl__19_-c-Wilfried-Hoesl-1200x1825.jpg 1200w, https:\/\/www.orpheus-magazin.de\/wp-content\/uploads\/2021\/02\/FSG_Muenchen_Der-Freischuetz-Freischuetz_c_W_Hoesl__19_-c-Wilfried-Hoesl-768x1168.jpg 768w, https:\/\/www.orpheus-magazin.de\/wp-content\/uploads\/2021\/02\/FSG_Muenchen_Der-Freischuetz-Freischuetz_c_W_Hoesl__19_-c-Wilfried-Hoesl-1010x1536.jpg 1010w, https:\/\/www.orpheus-magazin.de\/wp-content\/uploads\/2021\/02\/FSG_Muenchen_Der-Freischuetz-Freischuetz_c_W_Hoesl__19_-c-Wilfried-Hoesl-8x12.jpg 8w, https:\/\/www.orpheus-magazin.de\/wp-content\/uploads\/2021\/02\/FSG_Muenchen_Der-Freischuetz-Freischuetz_c_W_Hoesl__19_-c-Wilfried-Hoesl-870x1323.jpg 870w, https:\/\/www.orpheus-magazin.de\/wp-content\/uploads\/2021\/02\/FSG_Muenchen_Der-Freischuetz-Freischuetz_c_W_Hoesl__19_-c-Wilfried-Hoesl-60x91.jpg 60w, https:\/\/www.orpheus-magazin.de\/wp-content\/uploads\/2021\/02\/FSG_Muenchen_Der-Freischuetz-Freischuetz_c_W_Hoesl__19_-c-Wilfried-Hoesl-600x912.jpg 600w, https:\/\/www.orpheus-magazin.de\/wp-content\/uploads\/2021\/02\/FSG_Muenchen_Der-Freischuetz-Freischuetz_c_W_Hoesl__19_-c-Wilfried-Hoesl-500x760.jpg 500w, https:\/\/www.orpheus-magazin.de\/wp-content\/uploads\/2021\/02\/FSG_Muenchen_Der-Freischuetz-Freischuetz_c_W_Hoesl__19_-c-Wilfried-Hoesl-800x1217.jpg 800w, https:\/\/www.orpheus-magazin.de\/wp-content\/uploads\/2021\/02\/FSG_Muenchen_Der-Freischuetz-Freischuetz_c_W_Hoesl__19_-c-Wilfried-Hoesl-1280x1946.jpg 1280w, https:\/\/www.orpheus-magazin.de\/wp-content\/uploads\/2021\/02\/FSG_Muenchen_Der-Freischuetz-Freischuetz_c_W_Hoesl__19_-c-Wilfried-Hoesl-1347x2048.jpg 1347w, https:\/\/www.orpheus-magazin.de\/wp-content\/uploads\/2021\/02\/FSG_Muenchen_Der-Freischuetz-Freischuetz_c_W_Hoesl__19_-c-Wilfried-Hoesl-scaled.jpg 1684w\" sizes=\"(max-width: 1200px) 100vw, 1200px\" loading=\"eager\" \/><\/a><\/div><a class=\"wp-block-latest-posts__post-title\" href=\"https:\/\/www.orpheus-magazin.de\/de\/2021\/02\/14\/heillos-inkonsequentes-gegen-romantik\/\">Heillos Inkonsequentes gegen Romantik<\/a><div class=\"wp-block-latest-posts__post-excerpt\"><span class=\"location\">M\u00fcnchen \/ Bayerische Staatsoper (Februar 2021)<\/span><\/br>\n\u201eFreisch\u00fctz\u201c-Neuproduktion \u00fcberzeugt nur musikalisch<\/div><\/li>\n<li><div class=\"wp-block-latest-posts__featured-image alignleft\"><a href=\"https:\/\/www.orpheus-magazin.de\/de\/2021\/02\/12\/leichtsinn-mit-folgen\/\" aria-label=\"Leichtsinn mit Folgen\"><img decoding=\"async\" width=\"1200\" height=\"800\" src=\"https:\/\/www.orpheus-magazin.de\/wp-content\/uploads\/2021\/02\/FSG_Hamburg_Manon-HSO_Manon_2021_c-Brinkhoff-Moegenburg_17-scaled.jpg\" class=\"attachment-medium size-medium wp-post-image\" alt=\"\" style=\"\" loading=\"eager\" \/><\/a><\/div><a class=\"wp-block-latest-posts__post-title\" href=\"https:\/\/www.orpheus-magazin.de\/de\/2021\/02\/12\/leichtsinn-mit-folgen\/\">Leichtsinn mit Folgen<\/a><div class=\"wp-block-latest-posts__post-excerpt\"><span class=\"location\">Hamburg \/ Staatsoper Hamburg (Januar 2021)<\/span><\/br>\nMassenets \u201eManon\u201c mit Elsa Dreisig im Stream<\/div><\/li>\n<li><div class=\"wp-block-latest-posts__featured-image alignleft\"><a href=\"https:\/\/www.orpheus-magazin.de\/de\/2021\/01\/28\/spanien-machts-moeglich\/\" aria-label=\"Spanien macht\u2019s m\u00f6glich\"><img decoding=\"async\" width=\"1200\" height=\"701\" src=\"https:\/\/www.orpheus-magazin.de\/wp-content\/uploads\/2021\/01\/FSG_Barcelona_Les-contes-dHoffmann-T21-Hoffman_d2_075-c-David-Ruano-1200x701.jpg\" class=\"attachment-medium size-medium wp-post-image\" alt=\"\" style=\"\" srcset=\"https:\/\/www.orpheus-magazin.de\/wp-content\/uploads\/2021\/01\/FSG_Barcelona_Les-contes-dHoffmann-T21-Hoffman_d2_075-c-David-Ruano-1200x701.jpg 1200w, https:\/\/www.orpheus-magazin.de\/wp-content\/uploads\/2021\/01\/FSG_Barcelona_Les-contes-dHoffmann-T21-Hoffman_d2_075-c-David-Ruano-1920x1122.jpg 1920w, https:\/\/www.orpheus-magazin.de\/wp-content\/uploads\/2021\/01\/FSG_Barcelona_Les-contes-dHoffmann-T21-Hoffman_d2_075-c-David-Ruano-768x449.jpg 768w\" sizes=\"(max-width: 1200px) 100vw, 1200px\" loading=\"eager\" \/><\/a><\/div><a class=\"wp-block-latest-posts__post-title\" href=\"https:\/\/www.orpheus-magazin.de\/de\/2021\/01\/28\/spanien-machts-moeglich\/\">Spanien macht\u2019s m\u00f6glich<\/a><div class=\"wp-block-latest-posts__post-excerpt\"><span class=\"location\">Barcelona \/ Gran Teatre del Liceu (Januar 2021)<\/span><\/br>\nOpern-Romantik im Lockdown mit \u201eLes contes d\u2019Hoffmann\u201c<\/div><\/li>\n<\/ul>\n\n\n<div style=\"height:70px\" aria-hidden=\"true\" class=\"wp-block-spacer\"><\/div>\n\n\n\n<p><\/p>","protected":false},"excerpt":{"rendered":"","protected":false},"author":14,"featured_media":0,"parent":0,"menu_order":0,"comment_status":"closed","ping_status":"closed","template":"","meta":{"tpgb_global_settings":"","_editorskit_title_hidden":true,"_editorskit_reading_time":1,"_editorskit_is_block_options_detached":false,"_editorskit_block_options_position":"{}","_eb_attr":"","footnotes":""},"class_list":["post-5309","page","type-page","status-publish","hentry"],"tpgb_featured_images":null,"tpgb_post_meta_info":{"get_date":"28. Februar 2021","get_modified_date":"28. Februar 2021","author_name":"Silvia Murauer","author_url":"https:\/\/www.orpheus-magazin.de\/de\/author\/mailsilviamurauer-de\/","author_email":"mail@silviamurauer.de","author_website":"","author_description":"","author_facebook":"","author_twitter":"","author_instagram":"","author_role":["administrator"],"author_firstname":"Silvia","author_lastname":"Murauer","user_login":"mail@silviamurauer.de","author_avatar":"<img alt='' src='https:\/\/secure.gravatar.com\/avatar\/f621fd74b09e85b40b2840fd83e82293b9a74c7122761b5607082e36ece1f9d0?s=200&#038;d=mm&#038;r=g' srcset='https:\/\/secure.gravatar.com\/avatar\/f621fd74b09e85b40b2840fd83e82293b9a74c7122761b5607082e36ece1f9d0?s=400&#038;d=mm&#038;r=g 2x' class='avatar avatar-200 photo' height='200' width='200' decoding='async'\/>","author_avatar_url":"https:\/\/secure.gravatar.com\/avatar\/f621fd74b09e85b40b2840fd83e82293b9a74c7122761b5607082e36ece1f9d0?s=96&d=mm&r=g","comment_count":0,"post_likes":0,"post_views":0},"tpgb_post_category":[],"_links":{"self":[{"href":"https:\/\/www.orpheus-magazin.de\/de\/wp-json\/wp\/v2\/pages\/5309","targetHints":{"allow":["GET"]}}],"collection":[{"href":"https:\/\/www.orpheus-magazin.de\/de\/wp-json\/wp\/v2\/pages"}],"about":[{"href":"https:\/\/www.orpheus-magazin.de\/de\/wp-json\/wp\/v2\/types\/page"}],"author":[{"embeddable":true,"href":"https:\/\/www.orpheus-magazin.de\/de\/wp-json\/wp\/v2\/users\/14"}],"replies":[{"embeddable":true,"href":"https:\/\/www.orpheus-magazin.de\/de\/wp-json\/wp\/v2\/comments?post=5309"}],"version-history":[{"count":0,"href":"https:\/\/www.orpheus-magazin.de\/de\/wp-json\/wp\/v2\/pages\/5309\/revisions"}],"wp:attachment":[{"href":"https:\/\/www.orpheus-magazin.de\/de\/wp-json\/wp\/v2\/media?parent=5309"}],"curies":[{"name":"wp","href":"https:\/\/api.w.org\/{rel}","templated":true}]}}