{"id":92,"date":"2020-07-29T14:19:12","date_gmt":"2020-07-29T12:19:12","guid":{"rendered":"https:\/\/www.orpheus-magazin.de\/?page_id=92"},"modified":"2025-12-01T12:32:29","modified_gmt":"2025-12-01T11:32:29","slug":"47-jahre-leidenschaft","status":"publish","type":"page","link":"https:\/\/www.orpheus-magazin.de\/de\/47-jahre-leidenschaft\/","title":{"rendered":"Startseite"},"content":{"rendered":"<div class=\"wp-block-columns alignwide is-layout-flex wp-container-core-columns-is-layout-9d6595d7 wp-block-columns-is-layout-flex\">\n<div class=\"wp-block-column is-layout-flow wp-block-column-is-layout-flow\" style=\"flex-basis:100%\">\n<h2 class=\"wp-block-heading font-montserrat-alternates\" id=\"liebe-orpheus-leserinnen-und-leser\" style=\"font-size:36px\"><strong><strong><strong><strong>Zwischen Bunker und B\u00fchne: <\/strong><\/strong><\/strong><\/strong><br><strong><strong><strong><strong>Wenn Kunst ins Wanken ger\u00e4t<\/strong><\/strong><\/strong><\/strong><\/h2>\n\n\n\n<p>Ein ehemaliger Weltkriegsbunker, der als lebendiger Kulturort dient, hat \u00adseine \u00f6ffentlichen Zusch\u00fcsse verloren. Ob dort k\u00fcnftig noch Kunst stattfinden kann, ist ungewiss \u2013 ein Symbol f\u00fcr die fragile Lage vieler Freir\u00e4ume. W\u00e4hrend in den USA die neue Met-Saison mit deutlichen politischen Signalen er\u00f6ffnet wurde, zeigt sich Kulturstaatsminister Wolfram Weimer im Gespr\u00e4ch (noch) vorwiegend zuversichtlich. Doch auch er macht deutlich: Die deutsche Kulturlandschaft steht an einem Wendepunkt \u2013 und ein Umdenken ist unvermeidlich.<\/p>\n\n\n\n<p>Das Titelportr\u00e4t widmet sich diesmal dem Bariton Johannes Martin Kr\u00e4nzle, dessen Karriere von gro\u00dfen pers\u00f6nlichen Herausforderungen gepr\u00e4gt ist. Er spricht mit R\u00fcdiger Heinze \u00fcber seine Aufnahme von Schuberts \u201eWinterreise\u201c, die unter besonderen Umst\u00e4nden entstand. Ein offensiver Ausdruck k\u00fcnstle\u00adrischer Existenz \u2013 und viel Mut.<\/p>\n\n\n\n<p>Antje R\u00f6\u00dfler nimmt uns mit in die spanische Opernmetropole Sevilla, Florian Maier unterhielt sich mit Julien Chavaz, der mit seiner schillernden Pers\u00f6nlichkeit und vielen kreativen Visionen in Magdeburg neue Akzente setzt. Die Bayerische Staatsoper wagt mit einem neuen Kinderpodcast mutige \u00adSchritte in die Zukunft der Kunstvermittlung. Und wer noch ein Weihnachtsgeschenk f\u00fcr Klassikfans sucht, sollte Lea Maria Unterseers Test des Brettspiels \u201eLacrimosa\u201c lesen, das Mozarts Leben spielerisch erlebbar macht.<\/p>\n\n\n\n<p>In einem Nachruf von Stefan Frey verneigen wir uns vor der beeindruckenden Lebensleistung Harald Serafins, der k\u00fcrzlich im Alter von 93 Jahren in Wien verstorben ist. Am Beginn einer vielversprechenden Karriere steht hingegen die junge polnische Sopranistin Justyna Khil: Mit dem erstmals verliehenen Clauspeter Koscielny Nachwuchspreis w\u00fcrdigen wir eine aufstrebende K\u00fcnstlerin, deren musikalischer Weg gerade erst beginnt.<\/p>\n\n\n\n<div class=\"wp-block-columns is-layout-flex wp-container-core-columns-is-layout-9d6595d7 wp-block-columns-is-layout-flex\">\n<div class=\"wp-block-column is-layout-flow wp-block-column-is-layout-flow\" style=\"flex-basis:80%\">\n<p>Diese Ausgabe l\u00e4dt ein, genau hinzusehen. Keine leichte Kost, gerade in der Vorweihnachtszeit. Wir w\u00fcnschen Ihnen eine anregende, vielleicht auch ber\u00fchrende Lekt\u00fcre. Feiern wir die Kunst \u2013 und verteidigen wir ihren Platz in unserer Zeit.<\/p>\n\n\n\n<p><br>Ihre<br><br><strong>Iris Steiner<\/strong><br>Chefredakteurin<\/p>\n\n\n\n<div style=\"height:10px\" aria-hidden=\"true\" class=\"wp-block-spacer\"><\/div>\n<\/div>\n\n\n\n<div class=\"wp-block-column is-layout-flow wp-block-column-is-layout-flow\" style=\"flex-basis:20%\">\n<figure class=\"wp-block-image size-full\"><img fetchpriority=\"high\" decoding=\"async\" width=\"390\" height=\"500\" src=\"https:\/\/www.orpheus-magazin.de\/wp-content\/uploads\/2025\/10\/Steiner_25-06_DanielBiskup.jpg\" alt=\"\" class=\"wp-image-11649\" srcset=\"https:\/\/www.orpheus-magazin.de\/wp-content\/uploads\/2025\/10\/Steiner_25-06_DanielBiskup.jpg 390w, https:\/\/www.orpheus-magazin.de\/wp-content\/uploads\/2025\/10\/Steiner_25-06_DanielBiskup-234x300.jpg 234w\" sizes=\"(max-width: 390px) 100vw, 390px\" \/><\/figure>\n<\/div>\n<\/div>\n<\/div>\n<\/div>\n\n\n\n<div style=\"height:50px\" aria-hidden=\"true\" class=\"wp-block-spacer\"><\/div>\n\n\n\n<div class=\"wp-block-media-text alignwide is-vertically-aligned-center is-stacked-on-mobile has-background\" style=\"background-color:#f6f6f6;grid-template-columns:27% auto\"><figure class=\"wp-block-media-text__media\"><img decoding=\"async\" width=\"850\" height=\"1000\" src=\"https:\/\/www.orpheus-magazin.de\/wp-content\/uploads\/2025\/10\/Heft_Bestellbox_2025-06_s.jpg\" alt=\"\" class=\"wp-image-11598 size-full\" srcset=\"https:\/\/www.orpheus-magazin.de\/wp-content\/uploads\/2025\/10\/Heft_Bestellbox_2025-06_s.jpg 850w, https:\/\/www.orpheus-magazin.de\/wp-content\/uploads\/2025\/10\/Heft_Bestellbox_2025-06_s-255x300.jpg 255w, https:\/\/www.orpheus-magazin.de\/wp-content\/uploads\/2025\/10\/Heft_Bestellbox_2025-06_s-768x904.jpg 768w, https:\/\/www.orpheus-magazin.de\/wp-content\/uploads\/2025\/10\/Heft_Bestellbox_2025-06_s-600x706.jpg 600w, https:\/\/www.orpheus-magazin.de\/wp-content\/uploads\/2025\/10\/Heft_Bestellbox_2025-06_s-500x588.jpg 500w, https:\/\/www.orpheus-magazin.de\/wp-content\/uploads\/2025\/10\/Heft_Bestellbox_2025-06_s-800x941.jpg 800w\" sizes=\"(max-width: 850px) 100vw, 850px\" \/><\/figure><div class=\"wp-block-media-text__content\">\n<div style=\"height:20px\" aria-hidden=\"true\" class=\"wp-block-spacer\"><\/div>\n\n\n\n<p style=\"font-size:24px\"><strong>50 Jahre Leidenschaft \u2026<\/strong><\/p>\n\n\n\n<p>Der \u201eorpheus\u201c versteht sich als \u201eStimme\u201c der Musiktheaterwelt \u2013 als Medium f\u00fcr Opern-, Operetten- und Musicalfans und nicht zuletzt als hochwertiges Magazin mit einer eigenen Meinung, das mit spannenden und gut lesbaren Inhalten unterh\u00e4lt und informiert.<\/p>\n\n\n\n<p class=\"has-regular-font-size\"><strong>Unsere aktuelle Ausgabe November\/Dezember 2025<\/strong> <strong>online bestellen:<\/strong> <br><strong><strong><a href=\"https:\/\/www.orpheus-magazin.de\/de\/product\/print-ausgabe-06-2025\/\" target=\"_blank\" rel=\"noreferrer noopener\">Print-Ausgabe<\/a> <\/strong><\/strong>|<strong><strong> <a href=\"https:\/\/www.orpheus-magazin.de\/de\/product\/pdf-ausgabe-06-2025\/\" target=\"_blank\" rel=\"noreferrer noopener\">PDF-Ausgabe<\/a><\/strong><\/strong><\/p>\n<\/div><\/div>\n\n\n\n<div style=\"height:20px\" aria-hidden=\"true\" class=\"wp-block-spacer\"><\/div>\n\n\n\n<h2 class=\"wp-block-heading font-montserrat-alternates\" id=\"aktuell\" style=\"font-size:45px\">Aktuell<\/h2>\n\n\n<ul class=\"wp-block-latest-posts__list is-grid columns-3 has-dates alignwide wp-block-latest-posts\"><li><div class=\"wp-block-latest-posts__featured-image\"><a href=\"https:\/\/www.orpheus-magazin.de\/de\/2025\/10\/31\/die-altmeister-des-komischen\/\" aria-label=\"Die Altmeister des Komischen\"><img decoding=\"async\" width=\"600\" height=\"338\" src=\"https:\/\/www.orpheus-magazin.de\/wp-content\/uploads\/2025\/10\/Altmeister_Header-1024x576.jpg\" class=\"attachment-large size-large wp-post-image\" alt=\"\" style=\"max-width:300px;max-height:200px;\" srcset=\"https:\/\/www.orpheus-magazin.de\/wp-content\/uploads\/2025\/10\/Altmeister_Header-1024x576.jpg 1024w, https:\/\/www.orpheus-magazin.de\/wp-content\/uploads\/2025\/10\/Altmeister_Header-300x169.jpg 300w, https:\/\/www.orpheus-magazin.de\/wp-content\/uploads\/2025\/10\/Altmeister_Header-768x432.jpg 768w, https:\/\/www.orpheus-magazin.de\/wp-content\/uploads\/2025\/10\/Altmeister_Header-870x490.jpg 870w, https:\/\/www.orpheus-magazin.de\/wp-content\/uploads\/2025\/10\/Altmeister_Header-600x338.jpg 600w, https:\/\/www.orpheus-magazin.de\/wp-content\/uploads\/2025\/10\/Altmeister_Header-500x281.jpg 500w, https:\/\/www.orpheus-magazin.de\/wp-content\/uploads\/2025\/10\/Altmeister_Header-800x450.jpg 800w, https:\/\/www.orpheus-magazin.de\/wp-content\/uploads\/2025\/10\/Altmeister_Header-1280x720.jpg 1280w, https:\/\/www.orpheus-magazin.de\/wp-content\/uploads\/2025\/10\/Altmeister_Header.jpg 1500w\" sizes=\"(max-width: 600px) 100vw, 600px\" loading=\"eager\" \/><\/a><\/div><a class=\"wp-block-latest-posts__post-title\" href=\"https:\/\/www.orpheus-magazin.de\/de\/2025\/10\/31\/die-altmeister-des-komischen\/\">Die Altmeister des Komischen<\/a><time datetime=\"2025-10-31T16:36:36+01:00\" class=\"wp-block-latest-posts__post-date\">31. Oktober 2025<\/time><div class=\"wp-block-latest-posts__post-excerpt\">Einst viel gespielt, heute fast vergessen: Gedanken zur Geschichte des heiteren Musiktheaters <\/div><\/li>\n<li><div class=\"wp-block-latest-posts__featured-image\"><a href=\"https:\/\/www.orpheus-magazin.de\/de\/2025\/08\/29\/barbara-hannigan\/\" aria-label=\"\u201eIch muss nichts mehr beweisen\u201c\"><img decoding=\"async\" width=\"600\" height=\"338\" src=\"https:\/\/www.orpheus-magazin.de\/wp-content\/uploads\/2025\/08\/Barbara-Hannigan-1-c-MarcoBorggreve_kl-1024x576.jpg\" class=\"attachment-large size-large wp-post-image\" alt=\"\" style=\"max-width:300px;max-height:200px;\" srcset=\"https:\/\/www.orpheus-magazin.de\/wp-content\/uploads\/2025\/08\/Barbara-Hannigan-1-c-MarcoBorggreve_kl-1024x576.jpg 1024w, https:\/\/www.orpheus-magazin.de\/wp-content\/uploads\/2025\/08\/Barbara-Hannigan-1-c-MarcoBorggreve_kl-300x169.jpg 300w, https:\/\/www.orpheus-magazin.de\/wp-content\/uploads\/2025\/08\/Barbara-Hannigan-1-c-MarcoBorggreve_kl-768x432.jpg 768w, https:\/\/www.orpheus-magazin.de\/wp-content\/uploads\/2025\/08\/Barbara-Hannigan-1-c-MarcoBorggreve_kl-870x490.jpg 870w, https:\/\/www.orpheus-magazin.de\/wp-content\/uploads\/2025\/08\/Barbara-Hannigan-1-c-MarcoBorggreve_kl-600x338.jpg 600w, https:\/\/www.orpheus-magazin.de\/wp-content\/uploads\/2025\/08\/Barbara-Hannigan-1-c-MarcoBorggreve_kl-500x281.jpg 500w, https:\/\/www.orpheus-magazin.de\/wp-content\/uploads\/2025\/08\/Barbara-Hannigan-1-c-MarcoBorggreve_kl-800x450.jpg 800w, https:\/\/www.orpheus-magazin.de\/wp-content\/uploads\/2025\/08\/Barbara-Hannigan-1-c-MarcoBorggreve_kl-1280x720.jpg 1280w, https:\/\/www.orpheus-magazin.de\/wp-content\/uploads\/2025\/08\/Barbara-Hannigan-1-c-MarcoBorggreve_kl.jpg 1500w\" sizes=\"(max-width: 600px) 100vw, 600px\" loading=\"eager\" \/><\/a><\/div><a class=\"wp-block-latest-posts__post-title\" href=\"https:\/\/www.orpheus-magazin.de\/de\/2025\/08\/29\/barbara-hannigan\/\">\u201eIch muss nichts mehr beweisen\u201c<\/a><time datetime=\"2025-08-29T12:00:00+02:00\" class=\"wp-block-latest-posts__post-date\">29. August 2025<\/time><div class=\"wp-block-latest-posts__post-excerpt\">Im Gespr\u00e4ch mit Barbara Hannigan<\/div><\/li>\n<li><div class=\"wp-block-latest-posts__featured-image\"><a href=\"https:\/\/www.orpheus-magazin.de\/de\/2025\/06\/30\/jenny-erpenbeck-rummelplatz\/\" aria-label=\"\u201eDie N\u00e4he des Todes hat viel mit Oper zu tun\u201c\"><img decoding=\"async\" width=\"600\" height=\"338\" src=\"https:\/\/www.orpheus-magazin.de\/wp-content\/uploads\/2025\/06\/Erpenbeck_privat-1024x576.jpg\" class=\"attachment-large size-large wp-post-image\" alt=\"\" style=\"max-width:300px;max-height:200px;\" srcset=\"https:\/\/www.orpheus-magazin.de\/wp-content\/uploads\/2025\/06\/Erpenbeck_privat-1024x576.jpg 1024w, https:\/\/www.orpheus-magazin.de\/wp-content\/uploads\/2025\/06\/Erpenbeck_privat-300x169.jpg 300w, https:\/\/www.orpheus-magazin.de\/wp-content\/uploads\/2025\/06\/Erpenbeck_privat-768x432.jpg 768w, https:\/\/www.orpheus-magazin.de\/wp-content\/uploads\/2025\/06\/Erpenbeck_privat-500x281.jpg 500w, https:\/\/www.orpheus-magazin.de\/wp-content\/uploads\/2025\/06\/Erpenbeck_privat-800x450.jpg 800w, https:\/\/www.orpheus-magazin.de\/wp-content\/uploads\/2025\/06\/Erpenbeck_privat-1280x720.jpg 1280w, https:\/\/www.orpheus-magazin.de\/wp-content\/uploads\/2025\/06\/Erpenbeck_privat-870x490.jpg 870w, https:\/\/www.orpheus-magazin.de\/wp-content\/uploads\/2025\/06\/Erpenbeck_privat-600x338.jpg 600w, https:\/\/www.orpheus-magazin.de\/wp-content\/uploads\/2025\/06\/Erpenbeck_privat.jpg 1500w\" sizes=\"(max-width: 600px) 100vw, 600px\" loading=\"eager\" \/><\/a><\/div><a class=\"wp-block-latest-posts__post-title\" href=\"https:\/\/www.orpheus-magazin.de\/de\/2025\/06\/30\/jenny-erpenbeck-rummelplatz\/\">\u201eDie N\u00e4he des Todes hat viel mit Oper zu tun\u201c<\/a><time datetime=\"2025-06-30T19:00:00+02:00\" class=\"wp-block-latest-posts__post-date\">30. Juni 2025<\/time><div class=\"wp-block-latest-posts__post-excerpt\">In Chemnitz wird der DDR-Kultroman \u201eRummelplatz\u201c zur Oper<\/div><\/li>\n<\/ul>\n\n\n<div style=\"height:50px\" aria-hidden=\"true\" class=\"wp-block-spacer\"><\/div>\n\n\n\n<figure class=\"wp-block-image size-full\"><a href=\"https:\/\/bru-zane.com\/en\/pubblicazione\/psyche\/?utm_source=Orpheus&amp;utm_medium=Banner&amp;utm_camp\u2026\" target=\"_blank\" rel=\" noreferrer noopener\"><img decoding=\"async\" width=\"970\" height=\"650\" src=\"https:\/\/www.orpheus-magazin.de\/wp-content\/uploads\/2025\/12\/orpheus_BruZane_banner.jpg\" alt=\"\" class=\"wp-image-11818\" srcset=\"https:\/\/www.orpheus-magazin.de\/wp-content\/uploads\/2025\/12\/orpheus_BruZane_banner.jpg 970w, https:\/\/www.orpheus-magazin.de\/wp-content\/uploads\/2025\/12\/orpheus_BruZane_banner-300x201.jpg 300w, https:\/\/www.orpheus-magazin.de\/wp-content\/uploads\/2025\/12\/orpheus_BruZane_banner-768x515.jpg 768w, https:\/\/www.orpheus-magazin.de\/wp-content\/uploads\/2025\/12\/orpheus_BruZane_banner-18x12.jpg 18w, https:\/\/www.orpheus-magazin.de\/wp-content\/uploads\/2025\/12\/orpheus_BruZane_banner-870x583.jpg 870w, https:\/\/www.orpheus-magazin.de\/wp-content\/uploads\/2025\/12\/orpheus_BruZane_banner-60x40.jpg 60w, https:\/\/www.orpheus-magazin.de\/wp-content\/uploads\/2025\/12\/orpheus_BruZane_banner-600x402.jpg 600w, https:\/\/www.orpheus-magazin.de\/wp-content\/uploads\/2025\/12\/orpheus_BruZane_banner-500x335.jpg 500w, https:\/\/www.orpheus-magazin.de\/wp-content\/uploads\/2025\/12\/orpheus_BruZane_banner-800x536.jpg 800w\" sizes=\"(max-width: 970px) 100vw, 970px\" \/><\/a><\/figure>\n\n\n\n<h2 class=\"wp-block-heading font-montserrat-alternates\" id=\"rezensionen\" style=\"font-size:45px\">Rezensionen<\/h2>\n\n\n<ul class=\"wp-block-latest-posts__list is-grid columns-3 has-dates alignwide wp-block-latest-posts\"><li><div class=\"wp-block-latest-posts__featured-image\"><a href=\"https:\/\/www.orpheus-magazin.de\/de\/2026\/04\/28\/freiburg-im-breisgau-europa\/\" aria-label=\"Wagner und Werw\u00f6lfe\"><img decoding=\"async\" width=\"600\" height=\"400\" src=\"https:\/\/www.orpheus-magazin.de\/wp-content\/uploads\/2026\/04\/Theater-Freiburg_Europa-c-Eike-Walkenhorst.jpg\" class=\"attachment-large size-large wp-post-image\" alt=\"Wem ist noch zu trauen? (Foto Eike Walkenhorst)\" style=\"max-width:300px;max-height:200px;\" srcset=\"https:\/\/www.orpheus-magazin.de\/wp-content\/uploads\/2026\/04\/Theater-Freiburg_Europa-c-Eike-Walkenhorst.jpg 1500w, https:\/\/www.orpheus-magazin.de\/wp-content\/uploads\/2026\/04\/Theater-Freiburg_Europa-c-Eike-Walkenhorst-1200x800.jpg 1200w, https:\/\/www.orpheus-magazin.de\/wp-content\/uploads\/2026\/04\/Theater-Freiburg_Europa-c-Eike-Walkenhorst-768x512.jpg 768w, https:\/\/www.orpheus-magazin.de\/wp-content\/uploads\/2026\/04\/Theater-Freiburg_Europa-c-Eike-Walkenhorst-18x12.jpg 18w, https:\/\/www.orpheus-magazin.de\/wp-content\/uploads\/2026\/04\/Theater-Freiburg_Europa-c-Eike-Walkenhorst-870x580.jpg 870w, https:\/\/www.orpheus-magazin.de\/wp-content\/uploads\/2026\/04\/Theater-Freiburg_Europa-c-Eike-Walkenhorst-60x40.jpg 60w, https:\/\/www.orpheus-magazin.de\/wp-content\/uploads\/2026\/04\/Theater-Freiburg_Europa-c-Eike-Walkenhorst-320x213.jpg 320w, https:\/\/www.orpheus-magazin.de\/wp-content\/uploads\/2026\/04\/Theater-Freiburg_Europa-c-Eike-Walkenhorst-600x400.jpg 600w\" sizes=\"(max-width: 600px) 100vw, 600px\" loading=\"eager\" \/><\/a><\/div><a class=\"wp-block-latest-posts__post-title\" href=\"https:\/\/www.orpheus-magazin.de\/de\/2026\/04\/28\/freiburg-im-breisgau-europa\/\">Wagner und Werw\u00f6lfe<\/a><time datetime=\"2026-04-28T14:32:02+02:00\" class=\"wp-block-latest-posts__post-date\">28. April 2026<\/time><div class=\"wp-block-latest-posts__post-excerpt\"><span class=\"location\"> Theater Freiburg \u2022 Europa<\/span><\/br> Eine musikdramatische Selbstbetrachtung nach Lars von Triers Film<\/div><\/li>\n<li><div class=\"wp-block-latest-posts__featured-image\"><a href=\"https:\/\/www.orpheus-magazin.de\/de\/2026\/04\/28\/linz-katja-kabanowa\/\" aria-label=\"\u201eWo wart ihr, als ich noch lebte?\u201c\"><img decoding=\"async\" width=\"600\" height=\"400\" src=\"https:\/\/www.orpheus-magazin.de\/wp-content\/uploads\/2026\/04\/Landestheater-Linz_Kata-Kabanova-c-Reinhard-Winkler.jpg\" class=\"attachment-large size-large wp-post-image\" alt=\"Matja\u017e Stopin\u0161ek (Boris) und Carina Tybjerg Madsen (K\u00e1\u0165a) (Foto Reinhard Winkler)\" style=\"max-width:300px;max-height:200px;\" srcset=\"https:\/\/www.orpheus-magazin.de\/wp-content\/uploads\/2026\/04\/Landestheater-Linz_Kata-Kabanova-c-Reinhard-Winkler.jpg 1500w, https:\/\/www.orpheus-magazin.de\/wp-content\/uploads\/2026\/04\/Landestheater-Linz_Kata-Kabanova-c-Reinhard-Winkler-1200x800.jpg 1200w, https:\/\/www.orpheus-magazin.de\/wp-content\/uploads\/2026\/04\/Landestheater-Linz_Kata-Kabanova-c-Reinhard-Winkler-768x512.jpg 768w, https:\/\/www.orpheus-magazin.de\/wp-content\/uploads\/2026\/04\/Landestheater-Linz_Kata-Kabanova-c-Reinhard-Winkler-18x12.jpg 18w, https:\/\/www.orpheus-magazin.de\/wp-content\/uploads\/2026\/04\/Landestheater-Linz_Kata-Kabanova-c-Reinhard-Winkler-870x580.jpg 870w, https:\/\/www.orpheus-magazin.de\/wp-content\/uploads\/2026\/04\/Landestheater-Linz_Kata-Kabanova-c-Reinhard-Winkler-60x40.jpg 60w, https:\/\/www.orpheus-magazin.de\/wp-content\/uploads\/2026\/04\/Landestheater-Linz_Kata-Kabanova-c-Reinhard-Winkler-320x213.jpg 320w, https:\/\/www.orpheus-magazin.de\/wp-content\/uploads\/2026\/04\/Landestheater-Linz_Kata-Kabanova-c-Reinhard-Winkler-600x400.jpg 600w\" sizes=\"(max-width: 600px) 100vw, 600px\" loading=\"eager\" \/><\/a><\/div><a class=\"wp-block-latest-posts__post-title\" href=\"https:\/\/www.orpheus-magazin.de\/de\/2026\/04\/28\/linz-katja-kabanowa\/\">\u201eWo wart ihr, als ich noch lebte?\u201c<\/a><time datetime=\"2026-04-28T13:32:41+02:00\" class=\"wp-block-latest-posts__post-date\">28. April 2026<\/time><div class=\"wp-block-latest-posts__post-excerpt\"><span class=\"location\"> Landestheater Linz \u2022 K\u00e1\u0165a Kabanov\u00e1<\/span><\/br> Jan\u00e1\u010deks Oper ger\u00e4t zum beklemmenden Portr\u00e4t einer Frau ohne Ausweg<\/div><\/li>\n<li><div class=\"wp-block-latest-posts__featured-image\"><a href=\"https:\/\/www.orpheus-magazin.de\/de\/2026\/04\/28\/luebeck-wozzeck\/\" aria-label=\"Abgrund Mensch\"><img decoding=\"async\" width=\"600\" height=\"399\" src=\"https:\/\/www.orpheus-magazin.de\/wp-content\/uploads\/2026\/04\/Theater-Luebeck_Wozzeck-c-Olaf-Malzahn.jpg\" class=\"attachment-large size-large wp-post-image\" alt=\"Bo Skovhus in der Titelrolle (Foto Olaf Malzahn\/Theater L\u00fcbeck)\" style=\"max-width:300px;max-height:200px;\" srcset=\"https:\/\/www.orpheus-magazin.de\/wp-content\/uploads\/2026\/04\/Theater-Luebeck_Wozzeck-c-Olaf-Malzahn.jpg 1500w, https:\/\/www.orpheus-magazin.de\/wp-content\/uploads\/2026\/04\/Theater-Luebeck_Wozzeck-c-Olaf-Malzahn-1200x798.jpg 1200w, https:\/\/www.orpheus-magazin.de\/wp-content\/uploads\/2026\/04\/Theater-Luebeck_Wozzeck-c-Olaf-Malzahn-768x511.jpg 768w, https:\/\/www.orpheus-magazin.de\/wp-content\/uploads\/2026\/04\/Theater-Luebeck_Wozzeck-c-Olaf-Malzahn-18x12.jpg 18w, https:\/\/www.orpheus-magazin.de\/wp-content\/uploads\/2026\/04\/Theater-Luebeck_Wozzeck-c-Olaf-Malzahn-870x579.jpg 870w, https:\/\/www.orpheus-magazin.de\/wp-content\/uploads\/2026\/04\/Theater-Luebeck_Wozzeck-c-Olaf-Malzahn-60x40.jpg 60w, https:\/\/www.orpheus-magazin.de\/wp-content\/uploads\/2026\/04\/Theater-Luebeck_Wozzeck-c-Olaf-Malzahn-320x213.jpg 320w, https:\/\/www.orpheus-magazin.de\/wp-content\/uploads\/2026\/04\/Theater-Luebeck_Wozzeck-c-Olaf-Malzahn-600x399.jpg 600w\" sizes=\"(max-width: 600px) 100vw, 600px\" loading=\"eager\" \/><\/a><\/div><a class=\"wp-block-latest-posts__post-title\" href=\"https:\/\/www.orpheus-magazin.de\/de\/2026\/04\/28\/luebeck-wozzeck\/\">Abgrund Mensch<\/a><time datetime=\"2026-04-28T09:20:53+02:00\" class=\"wp-block-latest-posts__post-date\">28. April 2026<\/time><div class=\"wp-block-latest-posts__post-excerpt\"><span class=\"location\"> Theater L\u00fcbeck \u2022 Wozzeck<\/span><\/br> Bergs Oper mutiert zu einer feinst gezeichneten Psychoanalyse<\/div><\/li>\n<li><div class=\"wp-block-latest-posts__featured-image\"><a href=\"https:\/\/www.orpheus-magazin.de\/de\/2026\/04\/28\/schwetzingen-malina\/\" aria-label=\"\u201eEs war Mord.\u201c\"><img decoding=\"async\" width=\"600\" height=\"400\" src=\"https:\/\/www.orpheus-magazin.de\/wp-content\/uploads\/2026\/04\/Schwetzinger-SWR-Festspiele_Malina-c-Fernando-Fath.jpg\" class=\"attachment-large size-large wp-post-image\" alt=\"Larisa Akbari als namenlose Ich-Erz\u00e4hlerin (Foto Fernando Fath)\" style=\"max-width:300px;max-height:200px;\" srcset=\"https:\/\/www.orpheus-magazin.de\/wp-content\/uploads\/2026\/04\/Schwetzinger-SWR-Festspiele_Malina-c-Fernando-Fath.jpg 1500w, https:\/\/www.orpheus-magazin.de\/wp-content\/uploads\/2026\/04\/Schwetzinger-SWR-Festspiele_Malina-c-Fernando-Fath-1200x800.jpg 1200w, https:\/\/www.orpheus-magazin.de\/wp-content\/uploads\/2026\/04\/Schwetzinger-SWR-Festspiele_Malina-c-Fernando-Fath-768x512.jpg 768w, https:\/\/www.orpheus-magazin.de\/wp-content\/uploads\/2026\/04\/Schwetzinger-SWR-Festspiele_Malina-c-Fernando-Fath-18x12.jpg 18w, https:\/\/www.orpheus-magazin.de\/wp-content\/uploads\/2026\/04\/Schwetzinger-SWR-Festspiele_Malina-c-Fernando-Fath-870x580.jpg 870w, https:\/\/www.orpheus-magazin.de\/wp-content\/uploads\/2026\/04\/Schwetzinger-SWR-Festspiele_Malina-c-Fernando-Fath-60x40.jpg 60w, https:\/\/www.orpheus-magazin.de\/wp-content\/uploads\/2026\/04\/Schwetzinger-SWR-Festspiele_Malina-c-Fernando-Fath-320x213.jpg 320w, https:\/\/www.orpheus-magazin.de\/wp-content\/uploads\/2026\/04\/Schwetzinger-SWR-Festspiele_Malina-c-Fernando-Fath-600x400.jpg 600w\" sizes=\"(max-width: 600px) 100vw, 600px\" loading=\"eager\" \/><\/a><\/div><a class=\"wp-block-latest-posts__post-title\" href=\"https:\/\/www.orpheus-magazin.de\/de\/2026\/04\/28\/schwetzingen-malina\/\">\u201eEs war Mord.\u201c<\/a><time datetime=\"2026-04-28T00:06:07+02:00\" class=\"wp-block-latest-posts__post-date\">28. April 2026<\/time><div class=\"wp-block-latest-posts__post-excerpt\"><span class=\"location\"> Schwetzinger SWR Festspiele \u2022 Malina<\/span><\/br> Atmosph\u00e4risch dicht, melodi\u00f6s, r\u00e4tselhaft: eine Ingeborg-Bachmann-Vertonung zum 100. <\/div><\/li>\n<li><div class=\"wp-block-latest-posts__featured-image\"><a href=\"https:\/\/www.orpheus-magazin.de\/de\/2026\/04\/27\/leipzig-regina\/\" aria-label=\"Liebe und Revolution\"><img decoding=\"async\" width=\"600\" height=\"400\" src=\"https:\/\/www.orpheus-magazin.de\/wp-content\/uploads\/2026\/04\/Oper-Leipzig_Regina-c-Tom-Schulze.jpg\" class=\"attachment-large size-large wp-post-image\" alt=\"Geladene Atmosph\u00e4re in unruhigen Zeiten (Foto Tom Schulze)\" style=\"max-width:300px;max-height:200px;\" srcset=\"https:\/\/www.orpheus-magazin.de\/wp-content\/uploads\/2026\/04\/Oper-Leipzig_Regina-c-Tom-Schulze.jpg 1500w, https:\/\/www.orpheus-magazin.de\/wp-content\/uploads\/2026\/04\/Oper-Leipzig_Regina-c-Tom-Schulze-1200x800.jpg 1200w, https:\/\/www.orpheus-magazin.de\/wp-content\/uploads\/2026\/04\/Oper-Leipzig_Regina-c-Tom-Schulze-768x512.jpg 768w, https:\/\/www.orpheus-magazin.de\/wp-content\/uploads\/2026\/04\/Oper-Leipzig_Regina-c-Tom-Schulze-18x12.jpg 18w, https:\/\/www.orpheus-magazin.de\/wp-content\/uploads\/2026\/04\/Oper-Leipzig_Regina-c-Tom-Schulze-870x580.jpg 870w, https:\/\/www.orpheus-magazin.de\/wp-content\/uploads\/2026\/04\/Oper-Leipzig_Regina-c-Tom-Schulze-60x40.jpg 60w, https:\/\/www.orpheus-magazin.de\/wp-content\/uploads\/2026\/04\/Oper-Leipzig_Regina-c-Tom-Schulze-320x213.jpg 320w, https:\/\/www.orpheus-magazin.de\/wp-content\/uploads\/2026\/04\/Oper-Leipzig_Regina-c-Tom-Schulze-600x400.jpg 600w\" sizes=\"(max-width: 600px) 100vw, 600px\" loading=\"eager\" \/><\/a><\/div><a class=\"wp-block-latest-posts__post-title\" href=\"https:\/\/www.orpheus-magazin.de\/de\/2026\/04\/27\/leipzig-regina\/\">Liebe und Revolution<\/a><time datetime=\"2026-04-27T23:14:47+02:00\" class=\"wp-block-latest-posts__post-date\">27. April 2026<\/time><div class=\"wp-block-latest-posts__post-excerpt\"><span class=\"location\"> Oper Leipzig \u2022 Regina<\/span><\/br> Lortzings \u201eRegina\u201c r\u00fcckt an die Gegenwart heran<\/div><\/li>\n<li><div class=\"wp-block-latest-posts__featured-image\"><a href=\"https:\/\/www.orpheus-magazin.de\/de\/2026\/04\/27\/leipzig-der-waffenschmied\/\" aria-label=\"Spieloper ohne Biedermeier-Mief\"><img decoding=\"async\" width=\"600\" height=\"399\" src=\"https:\/\/www.orpheus-magazin.de\/wp-content\/uploads\/2026\/04\/Oper-Leipzig_Der-Waffenschmied-c-Kirsten_Nijhof.jpg\" class=\"attachment-large size-large wp-post-image\" alt=\"Betagte Komik, frisch geputzt (Foto Kirsten Nijhof)\" style=\"max-width:300px;max-height:200px;\" srcset=\"https:\/\/www.orpheus-magazin.de\/wp-content\/uploads\/2026\/04\/Oper-Leipzig_Der-Waffenschmied-c-Kirsten_Nijhof.jpg 1500w, https:\/\/www.orpheus-magazin.de\/wp-content\/uploads\/2026\/04\/Oper-Leipzig_Der-Waffenschmied-c-Kirsten_Nijhof-1200x798.jpg 1200w, https:\/\/www.orpheus-magazin.de\/wp-content\/uploads\/2026\/04\/Oper-Leipzig_Der-Waffenschmied-c-Kirsten_Nijhof-768x511.jpg 768w, https:\/\/www.orpheus-magazin.de\/wp-content\/uploads\/2026\/04\/Oper-Leipzig_Der-Waffenschmied-c-Kirsten_Nijhof-18x12.jpg 18w, https:\/\/www.orpheus-magazin.de\/wp-content\/uploads\/2026\/04\/Oper-Leipzig_Der-Waffenschmied-c-Kirsten_Nijhof-870x579.jpg 870w, https:\/\/www.orpheus-magazin.de\/wp-content\/uploads\/2026\/04\/Oper-Leipzig_Der-Waffenschmied-c-Kirsten_Nijhof-60x40.jpg 60w, https:\/\/www.orpheus-magazin.de\/wp-content\/uploads\/2026\/04\/Oper-Leipzig_Der-Waffenschmied-c-Kirsten_Nijhof-320x213.jpg 320w, https:\/\/www.orpheus-magazin.de\/wp-content\/uploads\/2026\/04\/Oper-Leipzig_Der-Waffenschmied-c-Kirsten_Nijhof-600x399.jpg 600w\" sizes=\"(max-width: 600px) 100vw, 600px\" loading=\"eager\" \/><\/a><\/div><a class=\"wp-block-latest-posts__post-title\" href=\"https:\/\/www.orpheus-magazin.de\/de\/2026\/04\/27\/leipzig-der-waffenschmied\/\">Spieloper ohne Biedermeier-Mief<\/a><time datetime=\"2026-04-27T22:24:32+02:00\" class=\"wp-block-latest-posts__post-date\">27. April 2026<\/time><div class=\"wp-block-latest-posts__post-excerpt\"><span class=\"location\"> Oper Leipzig (Musikalische Kom\u00f6die) \u2022 Der Waffenschmied<\/span><\/br> Lortzing auf dem kom\u00f6diantischen Siedepunkt<\/div><\/li>\n<\/ul>\n\n\n<div style=\"height:50px\" aria-hidden=\"true\" class=\"wp-block-spacer\"><\/div>\n\n\n<div class=\"g g-6\"><div class=\"g-dyn a-46 c-1\"><a class=\"gofollow\" data-track=\"NDYsNiw2MA==\" href=\"https:\/\/www.metimkino.de\/start\" target=\"_blank\" rel=\" noreferrer noopener sponsored\"><img decoding=\"async\" style=\"left: 50%;position: relative;transform: translateX(-50%);display: block;\" src=\"https:\/\/www.orpheus-magazin.de\/wp-content\/uploads\/2026\/03\/7_Clasart_EugenOnegin_970x250px.jpg\" \/><\/a><\/div><div class=\"g-dyn a-67 c-2\"><a class=\"gofollow\" data-track=\"NjcsNiw2MA==\" href=\"https:\/\/www.arte.tv\/de\/videos\/130536-000-A\/richard-wagner-lohengrin\" target=\"_blank\" rel=\" noreferrer noopener sponsored\"><img decoding=\"async\" style=\"left: 50%;position: relative;transform: translateX(-50%);display: block;\" src=\"https:\/\/www.orpheus-magazin.de\/wp-content\/uploads\/2026\/04\/Lohengrin-3.4.jpg\" \/><\/a><\/div><\/div>\n\n\n\n<div style=\"height:80px\" aria-hidden=\"true\" class=\"wp-block-spacer\"><\/div>","protected":false},"excerpt":{"rendered":"<p>Zwischen Bunker und B\u00fchne: Wenn Kunst ins Wanken ger\u00e4t Ein ehemaliger Weltkriegsbunker, der als lebendiger Kulturort dient, hat \u00adseine \u00f6ffentlichen Zusch\u00fcsse verloren. Ob dort k\u00fcnftig noch Kunst stattfinden kann, ist ungewiss \u2013 ein Symbol f\u00fcr die fragile Lage vieler Freir\u00e4ume. W\u00e4hrend in den USA die neue Met-Saison mit deutlichen politischen Signalen er\u00f6ffnet wurde, zeigt sich [&hellip;]<\/p>\n","protected":false},"author":0,"featured_media":0,"parent":0,"menu_order":0,"comment_status":"closed","ping_status":"closed","template":"","meta":{"tpgb_global_settings":"","_editorskit_title_hidden":true,"_editorskit_reading_time":1,"_editorskit_is_block_options_detached":false,"_editorskit_block_options_position":"{}","_eb_attr":"","footnotes":""},"class_list":["post-92","page","type-page","status-publish","hentry"],"tpgb_featured_images":null,"tpgb_post_meta_info":{"get_date":"29. Juli 2020","get_modified_date":"1. Dezember 2025","comment_count":0,"post_likes":0,"post_views":0},"tpgb_post_category":[],"_links":{"self":[{"href":"https:\/\/www.orpheus-magazin.de\/de\/wp-json\/wp\/v2\/pages\/92","targetHints":{"allow":["GET"]}}],"collection":[{"href":"https:\/\/www.orpheus-magazin.de\/de\/wp-json\/wp\/v2\/pages"}],"about":[{"href":"https:\/\/www.orpheus-magazin.de\/de\/wp-json\/wp\/v2\/types\/page"}],"replies":[{"embeddable":true,"href":"https:\/\/www.orpheus-magazin.de\/de\/wp-json\/wp\/v2\/comments?post=92"}],"version-history":[{"count":1,"href":"https:\/\/www.orpheus-magazin.de\/de\/wp-json\/wp\/v2\/pages\/92\/revisions"}],"predecessor-version":[{"id":11958,"href":"https:\/\/www.orpheus-magazin.de\/de\/wp-json\/wp\/v2\/pages\/92\/revisions\/11958"}],"wp:attachment":[{"href":"https:\/\/www.orpheus-magazin.de\/de\/wp-json\/wp\/v2\/media?parent=92"}],"curies":[{"name":"wp","href":"https:\/\/api.w.org\/{rel}","templated":true}]}}